{"id":12393,"date":"2024-11-19T12:12:44","date_gmt":"2024-11-19T11:12:44","guid":{"rendered":"https:\/\/www.ivanredaelli.it\/wedding-photographer-lake-como-and-lake-garda\/"},"modified":"2026-02-19T10:47:08","modified_gmt":"2026-02-19T09:47:08","slug":"wedding-photographer-lake-como-and-lake-garda","status":"publish","type":"page","link":"https:\/\/www.ivanredaelli.it\/en\/","title":{"rendered":"Lake Como wedding photographer"},"content":{"rendered":"\t\t<div data-elementor-type=\"wp-page\" data-elementor-id=\"12393\" class=\"elementor elementor-12393 elementor-12388\" data-elementor-post-type=\"page\">\n\t\t\t\t\t\t<section class=\"elementor-section elementor-top-section elementor-element elementor-element-4303f46 elementor-section-full_width elementor-section-height-default elementor-section-height-default\" data-id=\"4303f46\" data-element_type=\"section\" data-e-type=\"section\">\n\t\t\t\t\t\t<div class=\"elementor-container elementor-column-gap-default\">\n\t\t\t\t\t<div class=\"elementor-column elementor-col-100 elementor-top-column elementor-element elementor-element-d4f565b\" data-id=\"d4f565b\" data-element_type=\"column\" data-e-type=\"column\">\n\t\t\t<div class=\"elementor-widget-wrap elementor-element-populated\">\n\t\t\t\t\t\t<div class=\"elementor-element elementor-element-adc330e elementor-invisible elementor-widget elementor-widget-image\" data-id=\"adc330e\" data-element_type=\"widget\" data-e-type=\"widget\" data-settings=\"{&quot;_animation&quot;:&quot;fadeIn&quot;}\" data-widget_type=\"image.default\">\n\t\t\t\t\t\t\t\t\t\t\t\t\t\t\t<img fetchpriority=\"high\" decoding=\"async\" width=\"2000\" height=\"1125\" src=\"https:\/\/www.ivanredaelli.it\/wp-content\/uploads\/2023\/04\/Fotografo-matrimonio-Como-Ivan-Redaelli-1.jpg\" class=\"attachment-full size-full wp-image-11899\" alt=\"Lake Como wedding photographer\" srcset=\"https:\/\/www.ivanredaelli.it\/wp-content\/uploads\/2023\/04\/Fotografo-matrimonio-Como-Ivan-Redaelli-1.jpg 2000w, https:\/\/www.ivanredaelli.it\/wp-content\/uploads\/2023\/04\/Fotografo-matrimonio-Como-Ivan-Redaelli-1-300x169.jpg 300w, https:\/\/www.ivanredaelli.it\/wp-content\/uploads\/2023\/04\/Fotografo-matrimonio-Como-Ivan-Redaelli-1-1024x576.jpg 1024w, https:\/\/www.ivanredaelli.it\/wp-content\/uploads\/2023\/04\/Fotografo-matrimonio-Como-Ivan-Redaelli-1-768x432.jpg 768w, https:\/\/www.ivanredaelli.it\/wp-content\/uploads\/2023\/04\/Fotografo-matrimonio-Como-Ivan-Redaelli-1-1536x864.jpg 1536w\" sizes=\"(max-width: 2000px) 100vw, 2000px\" title=\"\">\t\t\t\t\t\t\t\t\t\t\t\t\t\t\t<\/div>\n\t\t\t\t\t<\/div>\n\t\t<\/div>\n\t\t\t\t\t<\/div>\n\t\t<\/section>\n\t\t\t\t<section class=\"elementor-section elementor-top-section elementor-element elementor-element-23d4c866 elementor-section-content-middle elementor-section-full_width elementor-section-height-default elementor-section-height-default\" data-id=\"23d4c866\" data-element_type=\"section\" data-e-type=\"section\" data-settings=\"{&quot;background_background&quot;:&quot;classic&quot;}\">\n\t\t\t\t\t\t<div class=\"elementor-container elementor-column-gap-no\">\n\t\t\t\t\t<div class=\"elementor-column elementor-col-50 elementor-top-column elementor-element elementor-element-219cbee\" data-id=\"219cbee\" data-element_type=\"column\" data-e-type=\"column\">\n\t\t\t<div class=\"elementor-widget-wrap elementor-element-populated\">\n\t\t\t\t\t\t<div class=\"elementor-element elementor-element-8f6ccb1 elementor-widget-tablet__width-initial elementor-widget elementor-widget-heading\" data-id=\"8f6ccb1\" data-element_type=\"widget\" data-e-type=\"widget\" data-widget_type=\"heading.default\">\n\t\t\t\t\t<h1 class=\"elementor-heading-title elementor-size-default\">Lake Como and lake garda wedding photographer<\/h1>\t\t\t\t<\/div>\n\t\t\t\t<div class=\"elementor-element elementor-element-0a6b7f2 elementor-hidden-mobile elementor-widget elementor-widget-image\" data-id=\"0a6b7f2\" data-element_type=\"widget\" data-e-type=\"widget\" data-widget_type=\"image.default\">\n\t\t\t\t\t\t\t\t\t\t\t\t\t\t\t<img decoding=\"async\" width=\"300\" height=\"300\" src=\"https:\/\/www.ivanredaelli.it\/wp-content\/uploads\/2023\/04\/I-300x300.png\" class=\"attachment-medium size-medium wp-image-12000\" alt=\"\" srcset=\"https:\/\/www.ivanredaelli.it\/wp-content\/uploads\/2023\/04\/I-300x300.png 300w, https:\/\/www.ivanredaelli.it\/wp-content\/uploads\/2023\/04\/I-150x150.png 150w, https:\/\/www.ivanredaelli.it\/wp-content\/uploads\/2023\/04\/I.png 512w\" sizes=\"(max-width: 300px) 100vw, 300px\" title=\"\">\t\t\t\t\t\t\t\t\t\t\t\t\t\t\t<\/div>\n\t\t\t\t\t<\/div>\n\t\t<\/div>\n\t\t\t\t<div class=\"elementor-column elementor-col-50 elementor-top-column elementor-element elementor-element-499e77a9\" data-id=\"499e77a9\" data-element_type=\"column\" data-e-type=\"column\">\n\t\t\t<div class=\"elementor-widget-wrap elementor-element-populated\">\n\t\t\t\t\t\t<div class=\"elementor-element elementor-element-1af8bba3 elementor-widget__width-initial elementor-widget-tablet__width-initial elementor-widget elementor-widget-text-editor\" data-id=\"1af8bba3\" data-element_type=\"widget\" data-e-type=\"widget\" data-widget_type=\"text-editor.default\">\n\t\t\t\t\t\t\t\t\t<p>Welcome, my name is Ivan Redaelli and I am a lake Como wedding photographer. I really like telling true stories and capturing sincere and unique emotions through my photographs. The main goal for me, as an event photographer, is to capture unique, spontaneous, unpredictable moments of the highlights that characterize the wedding day. I am into and completely inspired by the reportage style, without poses, looking for as much naturalness as possible in the photographs. I have always been fascinated by wedding and event photography and for this reason I have been shooting wedding stories for almost 20 years.<\/p><p>My photographic studio is located in the middle of the suggestive Lake Como. I have been working mainly between Lake Como and lake Garda but I am available for any location in Lombardy, Italy and abroad. I am also a portrait photographer with a professional photo studio and I am a photography and post-production teacher.<\/p><p><strong>If you think my bio match your expectation, do not hesitate to contact me.\u00a0<\/strong><\/p>\t\t\t\t\t\t\t\t<\/div>\n\t\t\t\t\t<\/div>\n\t\t<\/div>\n\t\t\t\t\t<\/div>\n\t\t<\/section>\n\t\t\t\t<section class=\"elementor-section elementor-top-section elementor-element elementor-element-ef1aa5f elementor-section-content-middle elementor-section-full_width elementor-section-height-default elementor-section-height-default\" data-id=\"ef1aa5f\" data-element_type=\"section\" data-e-type=\"section\" data-settings=\"{&quot;background_background&quot;:&quot;classic&quot;}\">\n\t\t\t\t\t\t<div class=\"elementor-container elementor-column-gap-no\">\n\t\t\t\t\t<div class=\"elementor-column elementor-col-50 elementor-top-column elementor-element elementor-element-36c2de3\" data-id=\"36c2de3\" data-element_type=\"column\" data-e-type=\"column\">\n\t\t\t<div class=\"elementor-widget-wrap elementor-element-populated\">\n\t\t\t\t\t\t<div class=\"elementor-element elementor-element-361377d elementor-widget-tablet__width-initial elementor-widget elementor-widget-heading\" data-id=\"361377d\" data-element_type=\"widget\" data-e-type=\"widget\" data-widget_type=\"heading.default\">\n\t\t\t\t\t<h3 class=\"elementor-heading-title elementor-size-default\">My goal as a wedding photographer<\/h3>\t\t\t\t<\/div>\n\t\t\t\t<div class=\"elementor-element elementor-element-e9e9ea2 elementor-hidden-mobile elementor-widget elementor-widget-image\" data-id=\"e9e9ea2\" data-element_type=\"widget\" data-e-type=\"widget\" data-widget_type=\"image.default\">\n\t\t\t\t\t\t\t\t\t\t\t\t\t\t\t<img decoding=\"async\" width=\"300\" height=\"300\" src=\"https:\/\/www.ivanredaelli.it\/wp-content\/uploads\/2023\/04\/R-300x300.png\" class=\"attachment-medium size-medium wp-image-12001\" alt=\"\" srcset=\"https:\/\/www.ivanredaelli.it\/wp-content\/uploads\/2023\/04\/R-300x300.png 300w, https:\/\/www.ivanredaelli.it\/wp-content\/uploads\/2023\/04\/R-150x150.png 150w, https:\/\/www.ivanredaelli.it\/wp-content\/uploads\/2023\/04\/R.png 512w\" sizes=\"(max-width: 300px) 100vw, 300px\" title=\"\">\t\t\t\t\t\t\t\t\t\t\t\t\t\t\t<\/div>\n\t\t\t\t\t<\/div>\n\t\t<\/div>\n\t\t\t\t<div class=\"elementor-column elementor-col-50 elementor-top-column elementor-element elementor-element-abff995\" data-id=\"abff995\" data-element_type=\"column\" data-e-type=\"column\">\n\t\t\t<div class=\"elementor-widget-wrap elementor-element-populated\">\n\t\t\t\t\t\t<div class=\"elementor-element elementor-element-9bd2560 elementor-widget elementor-widget-text-editor\" data-id=\"9bd2560\" data-element_type=\"widget\" data-e-type=\"widget\" data-widget_type=\"text-editor.default\">\n\t\t\t\t\t\t\t\t\t<p>How to capture true, unique and natural images during the wedding day?<\/p>\t\t\t\t\t\t\t\t<\/div>\n\t\t\t\t<div class=\"elementor-element elementor-element-e29301a elementor-widget elementor-widget-text-editor\" data-id=\"e29301a\" data-element_type=\"widget\" data-e-type=\"widget\" data-widget_type=\"text-editor.default\">\n\t\t\t\t\t\t\t\t\t<p>The secret is actually simple: during the wedding day I try to stay behind the scenes, I never interrupt the normal course of events, I want to find the best point to film the scene. The speed of movement and my desire to catch the perfect shot are the key to everything. A spontaneous photograph, taken at the right moment, has always been my main objective since I am sure that the married couple, who have entrusted me with the photo shoot, will greatly appreciate having immortalized that instant so precious, unique and unrepeatable on their wedding day. So the purpose of the photo shoot is to document the entire wedding day realistically and from behind the scenes.<\/p>\n\t\t\t\t\t\t\t\t<\/div>\n\t\t\t\t\t<\/div>\n\t\t<\/div>\n\t\t\t\t\t<\/div>\n\t\t<\/section>\n\t\t\t\t<section class=\"elementor-section elementor-top-section elementor-element elementor-element-d6b3f87 elementor-section-full_width elementor-section-height-default elementor-section-height-default\" data-id=\"d6b3f87\" data-element_type=\"section\" data-e-type=\"section\">\n\t\t\t\t\t\t<div class=\"elementor-container elementor-column-gap-default\">\n\t\t\t\t\t<div class=\"elementor-column elementor-col-100 elementor-top-column elementor-element elementor-element-8a02f02\" data-id=\"8a02f02\" data-element_type=\"column\" data-e-type=\"column\">\n\t\t\t<div class=\"elementor-widget-wrap elementor-element-populated\">\n\t\t\t\t\t\t<div class=\"elementor-element elementor-element-c53bb98 elementor-invisible elementor-widget elementor-widget-image\" data-id=\"c53bb98\" data-element_type=\"widget\" data-e-type=\"widget\" data-settings=\"{&quot;_animation&quot;:&quot;fadeIn&quot;}\" data-widget_type=\"image.default\">\n\t\t\t\t\t\t\t\t\t\t\t\t\t\t\t<img loading=\"lazy\" decoding=\"async\" width=\"2000\" height=\"1125\" src=\"https:\/\/www.ivanredaelli.it\/wp-content\/uploads\/2026\/02\/Wedding-photographer-lake-como.jpg\" class=\"attachment-full size-full wp-image-18449\" alt=\"Wedding photoshoot lake Como\" srcset=\"https:\/\/www.ivanredaelli.it\/wp-content\/uploads\/2026\/02\/Wedding-photographer-lake-como.jpg 2000w, https:\/\/www.ivanredaelli.it\/wp-content\/uploads\/2026\/02\/Wedding-photographer-lake-como-300x169.jpg 300w, https:\/\/www.ivanredaelli.it\/wp-content\/uploads\/2026\/02\/Wedding-photographer-lake-como-1024x576.jpg 1024w, https:\/\/www.ivanredaelli.it\/wp-content\/uploads\/2026\/02\/Wedding-photographer-lake-como-768x432.jpg 768w, https:\/\/www.ivanredaelli.it\/wp-content\/uploads\/2026\/02\/Wedding-photographer-lake-como-1536x864.jpg 1536w\" sizes=\"(max-width: 2000px) 100vw, 2000px\" title=\"\">\t\t\t\t\t\t\t\t\t\t\t\t\t\t\t<\/div>\n\t\t\t\t\t<\/div>\n\t\t<\/div>\n\t\t\t\t\t<\/div>\n\t\t<\/section>\n\t\t\t\t<section class=\"elementor-section elementor-top-section elementor-element elementor-element-0b47721 elementor-section-boxed elementor-section-height-default elementor-section-height-default elementor-invisible\" data-id=\"0b47721\" data-element_type=\"section\" data-e-type=\"section\" data-settings=\"{&quot;animation&quot;:&quot;fadeInLeft&quot;}\">\n\t\t\t\t\t\t<div class=\"elementor-container elementor-column-gap-default\">\n\t\t\t\t\t<div class=\"elementor-column elementor-col-100 elementor-top-column elementor-element elementor-element-c3ad596\" data-id=\"c3ad596\" data-element_type=\"column\" data-e-type=\"column\">\n\t\t\t<div class=\"elementor-widget-wrap elementor-element-populated\">\n\t\t\t\t\t\t<div class=\"elementor-element elementor-element-8a6aeab elementor-widget elementor-widget-heading\" data-id=\"8a6aeab\" data-element_type=\"widget\" data-e-type=\"widget\" data-widget_type=\"heading.default\">\n\t\t\t\t\t<p class=\"elementor-heading-title elementor-size-default\">destination Wedding<\/p>\t\t\t\t<\/div>\n\t\t\t\t\t<\/div>\n\t\t<\/div>\n\t\t\t\t\t<\/div>\n\t\t<\/section>\n\t\t\t\t<section class=\"elementor-section elementor-top-section elementor-element elementor-element-859f8ba elementor-section-boxed elementor-section-height-default elementor-section-height-default elementor-invisible\" data-id=\"859f8ba\" data-element_type=\"section\" data-e-type=\"section\" data-settings=\"{&quot;animation&quot;:&quot;fadeInRight&quot;}\">\n\t\t\t\t\t\t<div class=\"elementor-container elementor-column-gap-default\">\n\t\t\t\t\t<div class=\"elementor-column elementor-col-100 elementor-top-column elementor-element elementor-element-49202e8\" data-id=\"49202e8\" data-element_type=\"column\" data-e-type=\"column\">\n\t\t\t<div class=\"elementor-widget-wrap elementor-element-populated\">\n\t\t\t\t\t\t<div class=\"elementor-element elementor-element-3914813 elementor-widget elementor-widget-heading\" data-id=\"3914813\" data-element_type=\"widget\" data-e-type=\"widget\" data-settings=\"{&quot;_animation&quot;:&quot;none&quot;}\" data-widget_type=\"heading.default\">\n\t\t\t\t\t<p class=\"elementor-heading-title elementor-size-default\">Italy<\/p>\t\t\t\t<\/div>\n\t\t\t\t\t<\/div>\n\t\t<\/div>\n\t\t\t\t\t<\/div>\n\t\t<\/section>\n\t\t\t\t<section class=\"elementor-section elementor-top-section elementor-element elementor-element-f0316b8 elementor-section-boxed elementor-section-height-default elementor-section-height-default\" data-id=\"f0316b8\" data-element_type=\"section\" data-e-type=\"section\">\n\t\t\t\t\t\t<div class=\"elementor-container elementor-column-gap-default\">\n\t\t\t\t\t<div class=\"elementor-column elementor-col-100 elementor-top-column elementor-element elementor-element-21bb9c8\" data-id=\"21bb9c8\" data-element_type=\"column\" data-e-type=\"column\">\n\t\t\t<div class=\"elementor-widget-wrap elementor-element-populated\">\n\t\t\t\t\t\t<div class=\"elementor-element elementor-element-1391418 animated-fast elementor-invisible elementor-widget elementor-widget-heading\" data-id=\"1391418\" data-element_type=\"widget\" data-e-type=\"widget\" data-settings=\"{&quot;_animation&quot;:&quot;fadeIn&quot;}\" data-widget_type=\"heading.default\">\n\t\t\t\t\t<h2 class=\"elementor-heading-title elementor-size-default\">Photo galleries of weddings on lake Como, lake Garda, lecco.<\/h2>\t\t\t\t<\/div>\n\t\t\t\t\t<\/div>\n\t\t<\/div>\n\t\t\t\t\t<\/div>\n\t\t<\/section>\n\t\t\t\t<section class=\"elementor-section elementor-top-section elementor-element elementor-element-6de10cc elementor-section-boxed elementor-section-height-default elementor-section-height-default\" data-id=\"6de10cc\" data-element_type=\"section\" data-e-type=\"section\">\n\t\t\t\t\t\t<div class=\"elementor-container elementor-column-gap-default\">\n\t\t\t\t\t<div class=\"elementor-column elementor-col-100 elementor-top-column elementor-element elementor-element-035b27c\" data-id=\"035b27c\" data-element_type=\"column\" data-e-type=\"column\">\n\t\t\t<div class=\"elementor-widget-wrap elementor-element-populated\">\n\t\t\t\t\t\t<div class=\"elementor-element elementor-element-97d215f elementor-widget elementor-widget-text-editor\" data-id=\"97d215f\" data-element_type=\"widget\" data-e-type=\"widget\" data-widget_type=\"text-editor.default\">\n\t\t\t\t\t\t\t\t\t<p>Below there are some photo galleries of weddings made in the most beautiful wedding locations in Lake Como and Lake Garda. The following wedding reportages are selections of photographs of some of the weddings made with a documentary style, seeking the spontaneity and naturalness of the married couple in the most significant moments that determine the wedding day. Click on the following images to enter the wedding stories.\u00a0<\/p>\t\t\t\t\t\t\t\t<\/div>\n\t\t\t\t\t<\/div>\n\t\t<\/div>\n\t\t\t\t\t<\/div>\n\t\t<\/section>\n\t\t\t\t<section class=\"elementor-section elementor-top-section elementor-element elementor-element-9fb4c63 elementor-section-boxed elementor-section-height-default elementor-section-height-default\" data-id=\"9fb4c63\" data-element_type=\"section\" data-e-type=\"section\" data-settings=\"{&quot;animation&quot;:&quot;none&quot;}\">\n\t\t\t\t\t\t<div class=\"elementor-container elementor-column-gap-default\">\n\t\t\t\t\t<div class=\"elementor-column elementor-col-100 elementor-top-column elementor-element elementor-element-19a5654\" data-id=\"19a5654\" data-element_type=\"column\" data-e-type=\"column\">\n\t\t\t<div class=\"elementor-widget-wrap elementor-element-populated\">\n\t\t\t\t\t\t<section class=\"elementor-section elementor-inner-section elementor-element elementor-element-3a82ea0 elementor-section-content-middle elementor-section-boxed elementor-section-height-default elementor-section-height-default\" data-id=\"3a82ea0\" data-element_type=\"section\" data-e-type=\"section\">\n\t\t\t\t\t\t<div class=\"elementor-container elementor-column-gap-default\">\n\t\t\t\t\t<div class=\"elementor-column elementor-col-33 elementor-inner-column elementor-element elementor-element-311239f\" data-id=\"311239f\" data-element_type=\"column\" data-e-type=\"column\" data-settings=\"{&quot;background_background&quot;:&quot;classic&quot;}\">\n\t\t\t<div class=\"elementor-widget-wrap elementor-element-populated\">\n\t\t\t\t\t\t<div class=\"elementor-element elementor-element-91a9f13 elementor-position-top elementor-widget elementor-widget-image-box\" data-id=\"91a9f13\" data-element_type=\"widget\" data-e-type=\"widget\" data-widget_type=\"image-box.default\">\n\t\t\t\t\t<div class=\"elementor-image-box-wrapper\"><figure class=\"elementor-image-box-img\"><a href=\"https:\/\/www.ivanredaelli.it\/en\/torre-san-marco-lake-garda\/\" tabindex=\"-1\"><img loading=\"lazy\" decoding=\"async\" width=\"700\" height=\"461\" src=\"https:\/\/www.ivanredaelli.it\/wp-content\/uploads\/2026\/01\/Copertina.jpg\" class=\"elementor-animation-shrink attachment-full size-full wp-image-13551\" alt=\"Matrimonio\" title=\"\" srcset=\"https:\/\/www.ivanredaelli.it\/wp-content\/uploads\/2026\/01\/Copertina.jpg 700w, https:\/\/www.ivanredaelli.it\/wp-content\/uploads\/2026\/01\/Copertina-300x198.jpg 300w\" sizes=\"(max-width: 700px) 100vw, 700px\" \/><\/a><\/figure><div class=\"elementor-image-box-content\"><p class=\"elementor-image-box-title\"><a href=\"https:\/\/www.ivanredaelli.it\/en\/torre-san-marco-lake-garda\/\">Amy e Noah<\/a><\/p><p class=\"elementor-image-box-description\">A beautiful wedding in a stunning location on Lake Garda in Torre San Marco.<\/p><\/div><\/div>\t\t\t\t<\/div>\n\t\t\t\t<div class=\"elementor-element elementor-element-e4f22c8 elementor-tablet-align-center elementor-align-center elementor-widget__width-initial animated-slow elementor-widget elementor-widget-button\" data-id=\"e4f22c8\" data-element_type=\"widget\" data-e-type=\"widget\" data-settings=\"{&quot;_animation&quot;:&quot;none&quot;}\" data-widget_type=\"button.default\">\n\t\t\t\t\t\t\t\t\t\t<a class=\"elementor-button elementor-button-link elementor-size-sm elementor-animation-shrink\" href=\"https:\/\/www.ivanredaelli.it\/en\/torre-san-marco-lake-garda\/\">\n\t\t\t\t\t\t<span class=\"elementor-button-content-wrapper\">\n\t\t\t\t\t\t\t\t\t<span class=\"elementor-button-text\">Click here<\/span>\n\t\t\t\t\t<\/span>\n\t\t\t\t\t<\/a>\n\t\t\t\t\t\t\t\t<\/div>\n\t\t\t\t\t<\/div>\n\t\t<\/div>\n\t\t\t\t<div class=\"elementor-column elementor-col-33 elementor-inner-column elementor-element elementor-element-b4f33b8\" data-id=\"b4f33b8\" data-element_type=\"column\" data-e-type=\"column\" data-settings=\"{&quot;background_background&quot;:&quot;classic&quot;}\">\n\t\t\t<div class=\"elementor-widget-wrap elementor-element-populated\">\n\t\t\t\t\t\t<div class=\"elementor-element elementor-element-f837b95 elementor-position-top elementor-widget elementor-widget-image-box\" data-id=\"f837b95\" data-element_type=\"widget\" data-e-type=\"widget\" data-widget_type=\"image-box.default\">\n\t\t\t\t\t<div class=\"elementor-image-box-wrapper\"><figure class=\"elementor-image-box-img\"><a href=\"https:\/\/www.ivanredaelli.it\/en\/la-madonnina-di-barni\/\" tabindex=\"-1\"><img loading=\"lazy\" decoding=\"async\" width=\"700\" height=\"467\" src=\"https:\/\/www.ivanredaelli.it\/wp-content\/uploads\/2026\/01\/DS-0433.jpg\" class=\"elementor-animation-shrink attachment-full size-full wp-image-13933\" alt=\"\" title=\"\" srcset=\"https:\/\/www.ivanredaelli.it\/wp-content\/uploads\/2026\/01\/DS-0433.jpg 700w, https:\/\/www.ivanredaelli.it\/wp-content\/uploads\/2026\/01\/DS-0433-300x200.jpg 300w\" sizes=\"(max-width: 700px) 100vw, 700px\" \/><\/a><\/figure><div class=\"elementor-image-box-content\"><p class=\"elementor-image-box-title\"><a href=\"https:\/\/www.ivanredaelli.it\/en\/la-madonnina-di-barni\/\">Daria e Sameer<\/a><\/p><p class=\"elementor-image-box-description\">Wedding at La Madonnina di Barni, Lake Como. A truly fantastic couple!<\/p><\/div><\/div>\t\t\t\t<\/div>\n\t\t\t\t<div class=\"elementor-element elementor-element-1ca9eaa elementor-tablet-align-center elementor-align-center elementor-widget__width-initial animated-slow elementor-widget elementor-widget-button\" data-id=\"1ca9eaa\" data-element_type=\"widget\" data-e-type=\"widget\" data-settings=\"{&quot;_animation&quot;:&quot;none&quot;}\" data-widget_type=\"button.default\">\n\t\t\t\t\t\t\t\t\t\t<a class=\"elementor-button elementor-button-link elementor-size-sm elementor-animation-shrink\" href=\"https:\/\/www.ivanredaelli.it\/en\/la-madonnina-di-barni\/\">\n\t\t\t\t\t\t<span class=\"elementor-button-content-wrapper\">\n\t\t\t\t\t\t\t\t\t<span class=\"elementor-button-text\">Click here<\/span>\n\t\t\t\t\t<\/span>\n\t\t\t\t\t<\/a>\n\t\t\t\t\t\t\t\t<\/div>\n\t\t\t\t\t<\/div>\n\t\t<\/div>\n\t\t\t\t<div class=\"elementor-column elementor-col-33 elementor-inner-column elementor-element elementor-element-670f760\" data-id=\"670f760\" data-element_type=\"column\" data-e-type=\"column\" data-settings=\"{&quot;background_background&quot;:&quot;classic&quot;}\">\n\t\t\t<div class=\"elementor-widget-wrap elementor-element-populated\">\n\t\t\t\t\t\t<div class=\"elementor-element elementor-element-cd31286 elementor-position-top elementor-widget elementor-widget-image-box\" data-id=\"cd31286\" data-element_type=\"widget\" data-e-type=\"widget\" data-widget_type=\"image-box.default\">\n\t\t\t\t\t<div class=\"elementor-image-box-wrapper\"><figure class=\"elementor-image-box-img\"><a href=\"https:\/\/www.ivanredaelli.it\/en\/wedding-at-the-madonnina-di-barni-lake-como\/\" tabindex=\"-1\"><img loading=\"lazy\" decoding=\"async\" width=\"750\" height=\"500\" src=\"https:\/\/www.ivanredaelli.it\/wp-content\/uploads\/2023\/04\/MC-0638.jpg\" class=\"elementor-animation-shrink attachment-full size-full wp-image-11880\" alt=\"\" title=\"\" srcset=\"https:\/\/www.ivanredaelli.it\/wp-content\/uploads\/2023\/04\/MC-0638.jpg 750w, https:\/\/www.ivanredaelli.it\/wp-content\/uploads\/2023\/04\/MC-0638-300x200.jpg 300w\" sizes=\"(max-width: 750px) 100vw, 750px\" \/><\/a><\/figure><div class=\"elementor-image-box-content\"><p class=\"elementor-image-box-title\"><a href=\"https:\/\/www.ivanredaelli.it\/en\/wedding-at-the-madonnina-di-barni-lake-como\/\">Michy e Chrissy<\/a><\/p><p class=\"elementor-image-box-description\">A wedding full of emotions at the Madonnina di Barni, Bellagio, Lake Como.<\/p><\/div><\/div>\t\t\t\t<\/div>\n\t\t\t\t<div class=\"elementor-element elementor-element-9182067 elementor-tablet-align-center elementor-align-center elementor-widget__width-initial animated-slow elementor-widget elementor-widget-button\" data-id=\"9182067\" data-element_type=\"widget\" data-e-type=\"widget\" data-settings=\"{&quot;_animation&quot;:&quot;none&quot;}\" data-widget_type=\"button.default\">\n\t\t\t\t\t\t\t\t\t\t<a class=\"elementor-button elementor-button-link elementor-size-sm elementor-animation-shrink\" href=\"https:\/\/www.ivanredaelli.it\/en\/wedding-at-the-madonnina-di-barni-lake-como\/\">\n\t\t\t\t\t\t<span class=\"elementor-button-content-wrapper\">\n\t\t\t\t\t\t\t\t\t<span class=\"elementor-button-text\">Click here<\/span>\n\t\t\t\t\t<\/span>\n\t\t\t\t\t<\/a>\n\t\t\t\t\t\t\t\t<\/div>\n\t\t\t\t\t<\/div>\n\t\t<\/div>\n\t\t\t\t\t<\/div>\n\t\t<\/section>\n\t\t\t\t<section class=\"elementor-section elementor-inner-section elementor-element elementor-element-17df872 elementor-section-content-middle elementor-section-boxed elementor-section-height-default elementor-section-height-default\" data-id=\"17df872\" data-element_type=\"section\" data-e-type=\"section\">\n\t\t\t\t\t\t<div class=\"elementor-container elementor-column-gap-default\">\n\t\t\t\t\t<div class=\"elementor-column elementor-col-33 elementor-inner-column elementor-element elementor-element-a258a7f\" data-id=\"a258a7f\" data-element_type=\"column\" data-e-type=\"column\" data-settings=\"{&quot;background_background&quot;:&quot;classic&quot;}\">\n\t\t\t<div class=\"elementor-widget-wrap elementor-element-populated\">\n\t\t\t\t\t\t<div class=\"elementor-element elementor-element-d50f15c elementor-position-top elementor-widget elementor-widget-image-box\" data-id=\"d50f15c\" data-element_type=\"widget\" data-e-type=\"widget\" data-widget_type=\"image-box.default\">\n\t\t\t\t\t<div class=\"elementor-image-box-wrapper\"><figure class=\"elementor-image-box-img\"><a href=\"https:\/\/www.ivanredaelli.it\/en\/wedding-at-villa-del-balbianello-on-lake-como-dana-e-kevin\/\" tabindex=\"-1\"><img loading=\"lazy\" decoding=\"async\" width=\"750\" height=\"500\" src=\"https:\/\/www.ivanredaelli.it\/wp-content\/uploads\/2023\/04\/Photo-0470-1.jpg\" class=\"elementor-animation-shrink attachment-full size-full wp-image-11882\" alt=\"\" title=\"\" srcset=\"https:\/\/www.ivanredaelli.it\/wp-content\/uploads\/2023\/04\/Photo-0470-1.jpg 750w, https:\/\/www.ivanredaelli.it\/wp-content\/uploads\/2023\/04\/Photo-0470-1-300x200.jpg 300w\" sizes=\"(max-width: 750px) 100vw, 750px\" \/><\/a><\/figure><div class=\"elementor-image-box-content\"><p class=\"elementor-image-box-title\"><a href=\"https:\/\/www.ivanredaelli.it\/en\/wedding-at-villa-del-balbianello-on-lake-como-dana-e-kevin\/\">Dana e Kevin<\/a><\/p><p class=\"elementor-image-box-description\">Wedding at Villa del Balbianello on Lake Como, a fantastic Canadian couple.\u200b<\/p><\/div><\/div>\t\t\t\t<\/div>\n\t\t\t\t<div class=\"elementor-element elementor-element-2a1dcab elementor-tablet-align-center elementor-align-center elementor-widget__width-initial animated-slow elementor-widget elementor-widget-button\" data-id=\"2a1dcab\" data-element_type=\"widget\" data-e-type=\"widget\" data-settings=\"{&quot;_animation&quot;:&quot;none&quot;}\" data-widget_type=\"button.default\">\n\t\t\t\t\t\t\t\t\t\t<a class=\"elementor-button elementor-button-link elementor-size-sm elementor-animation-shrink\" href=\"https:\/\/www.ivanredaelli.it\/en\/wedding-at-villa-del-balbianello-on-lake-como-dana-e-kevin\/\">\n\t\t\t\t\t\t<span class=\"elementor-button-content-wrapper\">\n\t\t\t\t\t\t\t\t\t<span class=\"elementor-button-text\">Click here<\/span>\n\t\t\t\t\t<\/span>\n\t\t\t\t\t<\/a>\n\t\t\t\t\t\t\t\t<\/div>\n\t\t\t\t\t<\/div>\n\t\t<\/div>\n\t\t\t\t<div class=\"elementor-column elementor-col-33 elementor-inner-column elementor-element elementor-element-9391c88\" data-id=\"9391c88\" data-element_type=\"column\" data-e-type=\"column\" data-settings=\"{&quot;background_background&quot;:&quot;classic&quot;}\">\n\t\t\t<div class=\"elementor-widget-wrap elementor-element-populated\">\n\t\t\t\t\t\t<div class=\"elementor-element elementor-element-d5a7cd7 elementor-position-top elementor-widget elementor-widget-image-box\" data-id=\"d5a7cd7\" data-element_type=\"widget\" data-e-type=\"widget\" data-widget_type=\"image-box.default\">\n\t\t\t\t\t<div class=\"elementor-image-box-wrapper\"><figure class=\"elementor-image-box-img\"><a href=\"https:\/\/www.ivanredaelli.it\/en\/wedding-at-grand-hotel-tremezzo\/\" tabindex=\"-1\"><img loading=\"lazy\" decoding=\"async\" width=\"700\" height=\"467\" src=\"https:\/\/www.ivanredaelli.it\/wp-content\/uploads\/2026\/01\/Copertina-1.jpg\" class=\"elementor-animation-shrink attachment-full size-full wp-image-18312\" alt=\"\" title=\"\" srcset=\"https:\/\/www.ivanredaelli.it\/wp-content\/uploads\/2026\/01\/Copertina-1.jpg 700w, https:\/\/www.ivanredaelli.it\/wp-content\/uploads\/2026\/01\/Copertina-1-300x200.jpg 300w\" sizes=\"(max-width: 700px) 100vw, 700px\" \/><\/a><\/figure><div class=\"elementor-image-box-content\"><p class=\"elementor-image-box-title\"><a href=\"https:\/\/www.ivanredaelli.it\/en\/wedding-at-grand-hotel-tremezzo\/\">Alexandra e John<\/a><\/p><p class=\"elementor-image-box-description\">Wedding at the Grand Hotel Tremezzo with a private boat tour on Lake Como.<\/p><\/div><\/div>\t\t\t\t<\/div>\n\t\t\t\t<div class=\"elementor-element elementor-element-552e702 elementor-tablet-align-center elementor-align-center elementor-widget__width-initial animated-slow elementor-widget elementor-widget-button\" data-id=\"552e702\" data-element_type=\"widget\" data-e-type=\"widget\" data-settings=\"{&quot;_animation&quot;:&quot;none&quot;}\" data-widget_type=\"button.default\">\n\t\t\t\t\t\t\t\t\t\t<a class=\"elementor-button elementor-button-link elementor-size-sm elementor-animation-shrink\" href=\"https:\/\/www.ivanredaelli.it\/en\/wedding-at-grand-hotel-tremezzo\/\">\n\t\t\t\t\t\t<span class=\"elementor-button-content-wrapper\">\n\t\t\t\t\t\t\t\t\t<span class=\"elementor-button-text\">Click here<\/span>\n\t\t\t\t\t<\/span>\n\t\t\t\t\t<\/a>\n\t\t\t\t\t\t\t\t<\/div>\n\t\t\t\t\t<\/div>\n\t\t<\/div>\n\t\t\t\t<div class=\"elementor-column elementor-col-33 elementor-inner-column elementor-element elementor-element-d0b9d1b\" data-id=\"d0b9d1b\" data-element_type=\"column\" data-e-type=\"column\" data-settings=\"{&quot;background_background&quot;:&quot;classic&quot;}\">\n\t\t\t<div class=\"elementor-widget-wrap elementor-element-populated\">\n\t\t\t\t\t\t<div class=\"elementor-element elementor-element-a9a31ad elementor-position-top elementor-widget elementor-widget-image-box\" data-id=\"a9a31ad\" data-element_type=\"widget\" data-e-type=\"widget\" data-widget_type=\"image-box.default\">\n\t\t\t\t\t<div class=\"elementor-image-box-wrapper\"><figure class=\"elementor-image-box-img\"><a href=\"https:\/\/www.ivanredaelli.it\/en\/lake-garda-wedding-torre-san-marco\/\" tabindex=\"-1\"><img loading=\"lazy\" decoding=\"async\" width=\"1000\" height=\"667\" src=\"https:\/\/www.ivanredaelli.it\/wp-content\/uploads\/2023\/06\/Wedding-lake-Garda-1.jpg\" class=\"elementor-animation-shrink attachment-full size-full wp-image-12136\" alt=\"Photo\" title=\"\" srcset=\"https:\/\/www.ivanredaelli.it\/wp-content\/uploads\/2023\/06\/Wedding-lake-Garda-1.jpg 1000w, https:\/\/www.ivanredaelli.it\/wp-content\/uploads\/2023\/06\/Wedding-lake-Garda-1-300x200.jpg 300w, https:\/\/www.ivanredaelli.it\/wp-content\/uploads\/2023\/06\/Wedding-lake-Garda-1-768x512.jpg 768w\" sizes=\"(max-width: 1000px) 100vw, 1000px\" \/><\/a><\/figure><div class=\"elementor-image-box-content\"><p class=\"elementor-image-box-title\"><a href=\"https:\/\/www.ivanredaelli.it\/en\/lake-garda-wedding-torre-san-marco\/\">Jes e Olan<\/a><\/p><p class=\"elementor-image-box-description\">Beautiful wedding at Torre San Marco. A gorgeous location in Sal\u00f2 on Lake Garda.<\/p><\/div><\/div>\t\t\t\t<\/div>\n\t\t\t\t<div class=\"elementor-element elementor-element-47937e7 elementor-tablet-align-center elementor-align-center elementor-widget__width-initial animated-slow elementor-widget elementor-widget-button\" data-id=\"47937e7\" data-element_type=\"widget\" data-e-type=\"widget\" data-settings=\"{&quot;_animation&quot;:&quot;none&quot;}\" data-widget_type=\"button.default\">\n\t\t\t\t\t\t\t\t\t\t<a class=\"elementor-button elementor-button-link elementor-size-sm elementor-animation-shrink\" href=\"https:\/\/www.ivanredaelli.it\/en\/lake-garda-wedding-torre-san-marco\/\">\n\t\t\t\t\t\t<span class=\"elementor-button-content-wrapper\">\n\t\t\t\t\t\t\t\t\t<span class=\"elementor-button-text\">Click here<\/span>\n\t\t\t\t\t<\/span>\n\t\t\t\t\t<\/a>\n\t\t\t\t\t\t\t\t<\/div>\n\t\t\t\t\t<\/div>\n\t\t<\/div>\n\t\t\t\t\t<\/div>\n\t\t<\/section>\n\t\t\t\t<section class=\"elementor-section elementor-inner-section elementor-element elementor-element-9354567 elementor-section-content-middle elementor-section-boxed elementor-section-height-default elementor-section-height-default\" data-id=\"9354567\" data-element_type=\"section\" data-e-type=\"section\">\n\t\t\t\t\t\t<div class=\"elementor-container elementor-column-gap-default\">\n\t\t\t\t\t<div class=\"elementor-column elementor-col-33 elementor-inner-column elementor-element elementor-element-d3f3f6f\" data-id=\"d3f3f6f\" data-element_type=\"column\" data-e-type=\"column\" data-settings=\"{&quot;background_background&quot;:&quot;classic&quot;}\">\n\t\t\t<div class=\"elementor-widget-wrap elementor-element-populated\">\n\t\t\t\t\t\t<div class=\"elementor-element elementor-element-bf63b21 elementor-position-top elementor-widget elementor-widget-image-box\" data-id=\"bf63b21\" data-element_type=\"widget\" data-e-type=\"widget\" data-widget_type=\"image-box.default\">\n\t\t\t\t\t<div class=\"elementor-image-box-wrapper\"><figure class=\"elementor-image-box-img\"><a href=\"https:\/\/www.ivanredaelli.it\/en\/wedding-tenuta-carretta\/\" tabindex=\"-1\"><img loading=\"lazy\" decoding=\"async\" width=\"700\" height=\"467\" src=\"https:\/\/www.ivanredaelli.it\/wp-content\/uploads\/2026\/01\/Copertina_.jpg\" class=\"elementor-animation-shrink attachment-full size-full wp-image-18305\" alt=\"\" title=\"\" srcset=\"https:\/\/www.ivanredaelli.it\/wp-content\/uploads\/2026\/01\/Copertina_.jpg 700w, https:\/\/www.ivanredaelli.it\/wp-content\/uploads\/2026\/01\/Copertina_-300x200.jpg 300w\" sizes=\"(max-width: 700px) 100vw, 700px\" \/><\/a><\/figure><div class=\"elementor-image-box-content\"><p class=\"elementor-image-box-title\"><a href=\"https:\/\/www.ivanredaelli.it\/en\/wedding-tenuta-carretta\/\">Sunnita e Fabrizio<\/a><\/p><p class=\"elementor-image-box-description\">Italian-Indian wedding at Tenuta Carretta, in the Langhe, Piedmont.<\/p><\/div><\/div>\t\t\t\t<\/div>\n\t\t\t\t<div class=\"elementor-element elementor-element-898a09c elementor-tablet-align-center elementor-align-center elementor-widget__width-initial animated-slow elementor-widget elementor-widget-button\" data-id=\"898a09c\" data-element_type=\"widget\" data-e-type=\"widget\" data-settings=\"{&quot;_animation&quot;:&quot;none&quot;}\" data-widget_type=\"button.default\">\n\t\t\t\t\t\t\t\t\t\t<a class=\"elementor-button elementor-button-link elementor-size-sm elementor-animation-shrink\" href=\"https:\/\/www.ivanredaelli.it\/en\/wedding-tenuta-carretta\/\">\n\t\t\t\t\t\t<span class=\"elementor-button-content-wrapper\">\n\t\t\t\t\t\t\t\t\t<span class=\"elementor-button-text\">Click here<\/span>\n\t\t\t\t\t<\/span>\n\t\t\t\t\t<\/a>\n\t\t\t\t\t\t\t\t<\/div>\n\t\t\t\t\t<\/div>\n\t\t<\/div>\n\t\t\t\t<div class=\"elementor-column elementor-col-33 elementor-inner-column elementor-element elementor-element-505cfa8\" data-id=\"505cfa8\" data-element_type=\"column\" data-e-type=\"column\" data-settings=\"{&quot;background_background&quot;:&quot;classic&quot;}\">\n\t\t\t<div class=\"elementor-widget-wrap elementor-element-populated\">\n\t\t\t\t\t\t<div class=\"elementor-element elementor-element-310c82f elementor-position-top elementor-widget elementor-widget-image-box\" data-id=\"310c82f\" data-element_type=\"widget\" data-e-type=\"widget\" data-widget_type=\"image-box.default\">\n\t\t\t\t\t<div class=\"elementor-image-box-wrapper\"><figure class=\"elementor-image-box-img\"><a href=\"https:\/\/www.ivanredaelli.it\/en\/wedding-at-villa-del-balbianello-on-lake-como\/\" tabindex=\"-1\"><img loading=\"lazy\" decoding=\"async\" width=\"750\" height=\"500\" src=\"https:\/\/www.ivanredaelli.it\/wp-content\/uploads\/2023\/04\/GC-0378.jpg\" class=\"elementor-animation-shrink attachment-full size-full wp-image-11883\" alt=\"\" title=\"\" srcset=\"https:\/\/www.ivanredaelli.it\/wp-content\/uploads\/2023\/04\/GC-0378.jpg 750w, https:\/\/www.ivanredaelli.it\/wp-content\/uploads\/2023\/04\/GC-0378-300x200.jpg 300w\" sizes=\"(max-width: 750px) 100vw, 750px\" \/><\/a><\/figure><div class=\"elementor-image-box-content\"><p class=\"elementor-image-box-title\"><a href=\"https:\/\/www.ivanredaelli.it\/en\/wedding-at-villa-del-balbianello-on-lake-como\/\">Gabby e Connor<\/a><\/p><p class=\"elementor-image-box-description\">Wedding at Villa del Balbianello on Lake Como. A gorgeous American couple.<\/p><\/div><\/div>\t\t\t\t<\/div>\n\t\t\t\t<div class=\"elementor-element elementor-element-3e90eeb elementor-tablet-align-center elementor-align-center elementor-widget__width-initial animated-slow elementor-widget elementor-widget-button\" data-id=\"3e90eeb\" data-element_type=\"widget\" data-e-type=\"widget\" data-settings=\"{&quot;_animation&quot;:&quot;none&quot;}\" data-widget_type=\"button.default\">\n\t\t\t\t\t\t\t\t\t\t<a class=\"elementor-button elementor-button-link elementor-size-sm elementor-animation-shrink\" href=\"https:\/\/www.ivanredaelli.it\/en\/wedding-at-villa-del-balbianello-on-lake-como\/\">\n\t\t\t\t\t\t<span class=\"elementor-button-content-wrapper\">\n\t\t\t\t\t\t\t\t\t<span class=\"elementor-button-text\">Click here<\/span>\n\t\t\t\t\t<\/span>\n\t\t\t\t\t<\/a>\n\t\t\t\t\t\t\t\t<\/div>\n\t\t\t\t\t<\/div>\n\t\t<\/div>\n\t\t\t\t<div class=\"elementor-column elementor-col-33 elementor-inner-column elementor-element elementor-element-cc87f04\" data-id=\"cc87f04\" data-element_type=\"column\" data-e-type=\"column\" data-settings=\"{&quot;background_background&quot;:&quot;classic&quot;}\">\n\t\t\t<div class=\"elementor-widget-wrap elementor-element-populated\">\n\t\t\t\t\t\t<div class=\"elementor-element elementor-element-43c8bf9 elementor-position-top elementor-widget elementor-widget-image-box\" data-id=\"43c8bf9\" data-element_type=\"widget\" data-e-type=\"widget\" data-widget_type=\"image-box.default\">\n\t\t\t\t\t<div class=\"elementor-image-box-wrapper\"><figure class=\"elementor-image-box-img\"><a href=\"https:\/\/www.ivanredaelli.it\/en\/wedding-at-villa-parravicini-revel-como\/\" tabindex=\"-1\"><img loading=\"lazy\" decoding=\"async\" width=\"700\" height=\"467\" src=\"https:\/\/www.ivanredaelli.it\/wp-content\/uploads\/2026\/01\/TM-0685.jpg\" class=\"elementor-animation-shrink attachment-full size-full wp-image-18387\" alt=\"\" title=\"\" srcset=\"https:\/\/www.ivanredaelli.it\/wp-content\/uploads\/2026\/01\/TM-0685.jpg 700w, https:\/\/www.ivanredaelli.it\/wp-content\/uploads\/2026\/01\/TM-0685-300x200.jpg 300w\" sizes=\"(max-width: 700px) 100vw, 700px\" \/><\/a><\/figure><div class=\"elementor-image-box-content\"><p class=\"elementor-image-box-title\"><a href=\"https:\/\/www.ivanredaelli.it\/en\/wedding-at-villa-parravicini-revel-como\/\">Tania e Madhi<\/a><\/p><p class=\"elementor-image-box-description\">Wedding at Villa Parravicini Revel, Como. A beautiful location on lake Como.<\/p><\/div><\/div>\t\t\t\t<\/div>\n\t\t\t\t<div class=\"elementor-element elementor-element-cdefd08 elementor-tablet-align-center elementor-align-center elementor-widget__width-initial animated-slow elementor-widget elementor-widget-button\" data-id=\"cdefd08\" data-element_type=\"widget\" data-e-type=\"widget\" data-settings=\"{&quot;_animation&quot;:&quot;none&quot;}\" data-widget_type=\"button.default\">\n\t\t\t\t\t\t\t\t\t\t<a class=\"elementor-button elementor-button-link elementor-size-sm elementor-animation-shrink\" href=\"https:\/\/www.ivanredaelli.it\/en\/wedding-at-villa-parravicini-revel-como\/\">\n\t\t\t\t\t\t<span class=\"elementor-button-content-wrapper\">\n\t\t\t\t\t\t\t\t\t<span class=\"elementor-button-text\">Click here<\/span>\n\t\t\t\t\t<\/span>\n\t\t\t\t\t<\/a>\n\t\t\t\t\t\t\t\t<\/div>\n\t\t\t\t\t<\/div>\n\t\t<\/div>\n\t\t\t\t\t<\/div>\n\t\t<\/section>\n\t\t\t\t<section class=\"elementor-section elementor-inner-section elementor-element elementor-element-f885ca0 elementor-section-content-middle elementor-section-boxed elementor-section-height-default elementor-section-height-default\" data-id=\"f885ca0\" data-element_type=\"section\" data-e-type=\"section\">\n\t\t\t\t\t\t<div class=\"elementor-container elementor-column-gap-no\">\n\t\t\t\t\t<div class=\"elementor-column elementor-col-33 elementor-inner-column elementor-element elementor-element-8200d56\" data-id=\"8200d56\" data-element_type=\"column\" data-e-type=\"column\" data-settings=\"{&quot;background_background&quot;:&quot;classic&quot;}\">\n\t\t\t<div class=\"elementor-widget-wrap elementor-element-populated\">\n\t\t\t\t\t\t<div class=\"elementor-element elementor-element-68819cc elementor-position-top elementor-widget elementor-widget-image-box\" data-id=\"68819cc\" data-element_type=\"widget\" data-e-type=\"widget\" data-widget_type=\"image-box.default\">\n\t\t\t\t\t<div class=\"elementor-image-box-wrapper\"><figure class=\"elementor-image-box-img\"><a href=\"https:\/\/www.ivanredaelli.it\/en\/wedding-at-villa-regina-teodolinda\/\" tabindex=\"-1\"><img loading=\"lazy\" decoding=\"async\" width=\"750\" height=\"500\" src=\"https:\/\/www.ivanredaelli.it\/wp-content\/uploads\/2023\/04\/CJ-0966.jpg\" class=\"elementor-animation-shrink attachment-full size-full wp-image-11884\" alt=\"\" title=\"\" srcset=\"https:\/\/www.ivanredaelli.it\/wp-content\/uploads\/2023\/04\/CJ-0966.jpg 750w, https:\/\/www.ivanredaelli.it\/wp-content\/uploads\/2023\/04\/CJ-0966-300x200.jpg 300w\" sizes=\"(max-width: 750px) 100vw, 750px\" \/><\/a><\/figure><div class=\"elementor-image-box-content\"><p class=\"elementor-image-box-title\"><a href=\"https:\/\/www.ivanredaelli.it\/en\/wedding-at-villa-regina-teodolinda\/\">Chiara e Jacopo<\/a><\/p><p class=\"elementor-image-box-description\">Wedding at Villa Regina Teodolinda, a beautiful location in Laglio, Lake Como.<\/p><\/div><\/div>\t\t\t\t<\/div>\n\t\t\t\t<div class=\"elementor-element elementor-element-c0b8425 elementor-tablet-align-center elementor-align-center elementor-widget__width-initial animated-slow elementor-widget elementor-widget-button\" data-id=\"c0b8425\" data-element_type=\"widget\" data-e-type=\"widget\" data-settings=\"{&quot;_animation&quot;:&quot;none&quot;}\" data-widget_type=\"button.default\">\n\t\t\t\t\t\t\t\t\t\t<a class=\"elementor-button elementor-button-link elementor-size-sm elementor-animation-shrink\" href=\"https:\/\/www.ivanredaelli.it\/en\/wedding-at-villa-regina-teodolinda\/\">\n\t\t\t\t\t\t<span class=\"elementor-button-content-wrapper\">\n\t\t\t\t\t\t\t\t\t<span class=\"elementor-button-text\">Click here<\/span>\n\t\t\t\t\t<\/span>\n\t\t\t\t\t<\/a>\n\t\t\t\t\t\t\t\t<\/div>\n\t\t\t\t\t<\/div>\n\t\t<\/div>\n\t\t\t\t<div class=\"elementor-column elementor-col-33 elementor-inner-column elementor-element elementor-element-f12b486\" data-id=\"f12b486\" data-element_type=\"column\" data-e-type=\"column\" data-settings=\"{&quot;background_background&quot;:&quot;classic&quot;}\">\n\t\t\t<div class=\"elementor-widget-wrap elementor-element-populated\">\n\t\t\t\t\t\t<div class=\"elementor-element elementor-element-585cbf5 elementor-position-top elementor-widget elementor-widget-image-box\" data-id=\"585cbf5\" data-element_type=\"widget\" data-e-type=\"widget\" data-widget_type=\"image-box.default\">\n\t\t\t\t\t<div class=\"elementor-image-box-wrapper\"><figure class=\"elementor-image-box-img\"><a href=\"https:\/\/www.ivanredaelli.it\/en\/wedding-lido-di-lenno-villa-del-balbianello\/\" tabindex=\"-1\"><img loading=\"lazy\" decoding=\"async\" width=\"800\" height=\"534\" src=\"https:\/\/www.ivanredaelli.it\/wp-content\/uploads\/2023\/04\/Wedding-Villa-del-Balbianello-Como.jpg\" class=\"elementor-animation-shrink attachment-full size-full wp-image-11889\" alt=\"\" title=\"\" srcset=\"https:\/\/www.ivanredaelli.it\/wp-content\/uploads\/2023\/04\/Wedding-Villa-del-Balbianello-Como.jpg 800w, https:\/\/www.ivanredaelli.it\/wp-content\/uploads\/2023\/04\/Wedding-Villa-del-Balbianello-Como-300x200.jpg 300w, https:\/\/www.ivanredaelli.it\/wp-content\/uploads\/2023\/04\/Wedding-Villa-del-Balbianello-Como-768x513.jpg 768w\" sizes=\"(max-width: 800px) 100vw, 800px\" \/><\/a><\/figure><div class=\"elementor-image-box-content\"><p class=\"elementor-image-box-title\"><a href=\"https:\/\/www.ivanredaelli.it\/en\/wedding-lido-di-lenno-villa-del-balbianello\/\">Aurelia e David<\/a><\/p><p class=\"elementor-image-box-description\">Wedding in Lido di Lenno, lake Como, and shooting at Villa del Balbianello.<\/p><\/div><\/div>\t\t\t\t<\/div>\n\t\t\t\t<div class=\"elementor-element elementor-element-b4beb63 elementor-tablet-align-center elementor-align-center elementor-widget__width-initial animated-slow elementor-widget elementor-widget-button\" data-id=\"b4beb63\" data-element_type=\"widget\" data-e-type=\"widget\" data-settings=\"{&quot;_animation&quot;:&quot;none&quot;}\" data-widget_type=\"button.default\">\n\t\t\t\t\t\t\t\t\t\t<a class=\"elementor-button elementor-button-link elementor-size-sm elementor-animation-shrink\" href=\"https:\/\/www.ivanredaelli.it\/en\/wedding-lido-di-lenno-villa-del-balbianello\/\">\n\t\t\t\t\t\t<span class=\"elementor-button-content-wrapper\">\n\t\t\t\t\t\t\t\t\t<span class=\"elementor-button-text\">Click here<\/span>\n\t\t\t\t\t<\/span>\n\t\t\t\t\t<\/a>\n\t\t\t\t\t\t\t\t<\/div>\n\t\t\t\t\t<\/div>\n\t\t<\/div>\n\t\t\t\t<div class=\"elementor-column elementor-col-33 elementor-inner-column elementor-element elementor-element-037cde1\" data-id=\"037cde1\" data-element_type=\"column\" data-e-type=\"column\" data-settings=\"{&quot;background_background&quot;:&quot;classic&quot;}\">\n\t\t\t<div class=\"elementor-widget-wrap elementor-element-populated\">\n\t\t\t\t\t\t<div class=\"elementor-element elementor-element-189db24 elementor-position-top elementor-widget elementor-widget-image-box\" data-id=\"189db24\" data-element_type=\"widget\" data-e-type=\"widget\" data-widget_type=\"image-box.default\">\n\t\t\t\t\t<div class=\"elementor-image-box-wrapper\"><figure class=\"elementor-image-box-img\"><a href=\"https:\/\/www.ivanredaelli.it\/en\/a-wedding-at-villa-giulia-in-valmadrera-lecco\/\" tabindex=\"-1\"><img loading=\"lazy\" decoding=\"async\" width=\"750\" height=\"500\" src=\"https:\/\/www.ivanredaelli.it\/wp-content\/uploads\/2023\/04\/Matrimonio-Como.jpg\" class=\"elementor-animation-shrink attachment-full size-full wp-image-11888\" alt=\"\" title=\"\" srcset=\"https:\/\/www.ivanredaelli.it\/wp-content\/uploads\/2023\/04\/Matrimonio-Como.jpg 750w, https:\/\/www.ivanredaelli.it\/wp-content\/uploads\/2023\/04\/Matrimonio-Como-300x200.jpg 300w\" sizes=\"(max-width: 750px) 100vw, 750px\" \/><\/a><\/figure><div class=\"elementor-image-box-content\"><p class=\"elementor-image-box-title\"><a href=\"https:\/\/www.ivanredaelli.it\/en\/a-wedding-at-villa-giulia-in-valmadrera-lecco\/\">Sasha e Alessio<\/a><\/p><p class=\"elementor-image-box-description\">A wedding at Villa Giulia in Valmadrera, lake Como. A beautiful married couple.<\/p><\/div><\/div>\t\t\t\t<\/div>\n\t\t\t\t<div class=\"elementor-element elementor-element-9818970 elementor-tablet-align-center elementor-align-center elementor-widget__width-initial animated-slow elementor-widget elementor-widget-button\" data-id=\"9818970\" data-element_type=\"widget\" data-e-type=\"widget\" data-settings=\"{&quot;_animation&quot;:&quot;none&quot;}\" data-widget_type=\"button.default\">\n\t\t\t\t\t\t\t\t\t\t<a class=\"elementor-button elementor-button-link elementor-size-sm elementor-animation-shrink\" href=\"https:\/\/www.ivanredaelli.it\/en\/a-wedding-at-villa-giulia-in-valmadrera-lecco\/\">\n\t\t\t\t\t\t<span class=\"elementor-button-content-wrapper\">\n\t\t\t\t\t\t\t\t\t<span class=\"elementor-button-text\">Click here<\/span>\n\t\t\t\t\t<\/span>\n\t\t\t\t\t<\/a>\n\t\t\t\t\t\t\t\t<\/div>\n\t\t\t\t\t<\/div>\n\t\t<\/div>\n\t\t\t\t\t<\/div>\n\t\t<\/section>\n\t\t\t\t<section class=\"elementor-section elementor-inner-section elementor-element elementor-element-0cb2571 elementor-section-content-middle elementor-section-boxed elementor-section-height-default elementor-section-height-default\" data-id=\"0cb2571\" data-element_type=\"section\" data-e-type=\"section\">\n\t\t\t\t\t\t<div class=\"elementor-container elementor-column-gap-no\">\n\t\t\t\t\t<div class=\"elementor-column elementor-col-33 elementor-inner-column elementor-element elementor-element-0f1e5d1\" data-id=\"0f1e5d1\" data-element_type=\"column\" data-e-type=\"column\" data-settings=\"{&quot;background_background&quot;:&quot;classic&quot;}\">\n\t\t\t<div class=\"elementor-widget-wrap elementor-element-populated\">\n\t\t\t\t\t\t<div class=\"elementor-element elementor-element-b0da75d elementor-position-top elementor-widget elementor-widget-image-box\" data-id=\"b0da75d\" data-element_type=\"widget\" data-e-type=\"widget\" data-widget_type=\"image-box.default\">\n\t\t\t\t\t<div class=\"elementor-image-box-wrapper\"><figure class=\"elementor-image-box-img\"><a href=\"https:\/\/www.ivanredaelli.it\/en\/wedding-at-durini-castle-alzate-brianza-como\/\" tabindex=\"-1\"><img loading=\"lazy\" decoding=\"async\" width=\"750\" height=\"500\" src=\"https:\/\/www.ivanredaelli.it\/wp-content\/uploads\/2023\/04\/Matrimonio-Castello-Durini-Ivan-Redaelli-45.jpg\" class=\"elementor-animation-shrink attachment-full size-full wp-image-11886\" alt=\"\" title=\"\" srcset=\"https:\/\/www.ivanredaelli.it\/wp-content\/uploads\/2023\/04\/Matrimonio-Castello-Durini-Ivan-Redaelli-45.jpg 750w, https:\/\/www.ivanredaelli.it\/wp-content\/uploads\/2023\/04\/Matrimonio-Castello-Durini-Ivan-Redaelli-45-300x200.jpg 300w\" sizes=\"(max-width: 750px) 100vw, 750px\" \/><\/a><\/figure><div class=\"elementor-image-box-content\"><p class=\"elementor-image-box-title\"><a href=\"https:\/\/www.ivanredaelli.it\/en\/wedding-at-durini-castle-alzate-brianza-como\/\">Silvia e Casper<\/a><\/p><p class=\"elementor-image-box-description\">Wedding at Durini Castle, Alzate Brianza. Beautiful couple from Denmark.\u200b<\/p><\/div><\/div>\t\t\t\t<\/div>\n\t\t\t\t<div class=\"elementor-element elementor-element-0f542d6 elementor-tablet-align-center elementor-align-center elementor-widget__width-initial animated-slow elementor-widget elementor-widget-button\" data-id=\"0f542d6\" data-element_type=\"widget\" data-e-type=\"widget\" data-settings=\"{&quot;_animation&quot;:&quot;none&quot;}\" data-widget_type=\"button.default\">\n\t\t\t\t\t\t\t\t\t\t<a class=\"elementor-button elementor-button-link elementor-size-sm elementor-animation-shrink\" href=\"https:\/\/www.ivanredaelli.it\/en\/wedding-at-durini-castle-alzate-brianza-como\/\">\n\t\t\t\t\t\t<span class=\"elementor-button-content-wrapper\">\n\t\t\t\t\t\t\t\t\t<span class=\"elementor-button-text\">Click here<\/span>\n\t\t\t\t\t<\/span>\n\t\t\t\t\t<\/a>\n\t\t\t\t\t\t\t\t<\/div>\n\t\t\t\t\t<\/div>\n\t\t<\/div>\n\t\t\t\t<div class=\"elementor-column elementor-col-33 elementor-inner-column elementor-element elementor-element-10b4b14\" data-id=\"10b4b14\" data-element_type=\"column\" data-e-type=\"column\" data-settings=\"{&quot;background_background&quot;:&quot;classic&quot;}\">\n\t\t\t<div class=\"elementor-widget-wrap elementor-element-populated\">\n\t\t\t\t\t\t<div class=\"elementor-element elementor-element-c65442e elementor-position-top elementor-widget elementor-widget-image-box\" data-id=\"c65442e\" data-element_type=\"widget\" data-e-type=\"widget\" data-widget_type=\"image-box.default\">\n\t\t\t\t\t<div class=\"elementor-image-box-wrapper\"><figure class=\"elementor-image-box-img\"><a href=\"https:\/\/www.ivanredaelli.it\/en\/wedding-in-norway\/\" tabindex=\"-1\"><img loading=\"lazy\" decoding=\"async\" width=\"750\" height=\"500\" src=\"https:\/\/www.ivanredaelli.it\/wp-content\/uploads\/2023\/04\/Fotografie-di-matrimonio-Ivan-redaelli.jpg\" class=\"elementor-animation-shrink attachment-full size-full wp-image-11887\" alt=\"\" title=\"\" srcset=\"https:\/\/www.ivanredaelli.it\/wp-content\/uploads\/2023\/04\/Fotografie-di-matrimonio-Ivan-redaelli.jpg 750w, https:\/\/www.ivanredaelli.it\/wp-content\/uploads\/2023\/04\/Fotografie-di-matrimonio-Ivan-redaelli-300x200.jpg 300w\" sizes=\"(max-width: 750px) 100vw, 750px\" \/><\/a><\/figure><div class=\"elementor-image-box-content\"><p class=\"elementor-image-box-title\"><a href=\"https:\/\/www.ivanredaelli.it\/en\/wedding-in-norway\/\">Philippe e Hilde<\/a><\/p><p class=\"elementor-image-box-description\">Wedding in Norway. Location on the Oslo fjords. Norwegian ceremony and traditions.<\/p><\/div><\/div>\t\t\t\t<\/div>\n\t\t\t\t<div class=\"elementor-element elementor-element-02865da elementor-tablet-align-center elementor-align-center elementor-widget__width-initial animated-slow elementor-widget elementor-widget-button\" data-id=\"02865da\" data-element_type=\"widget\" data-e-type=\"widget\" data-settings=\"{&quot;_animation&quot;:&quot;none&quot;}\" data-widget_type=\"button.default\">\n\t\t\t\t\t\t\t\t\t\t<a class=\"elementor-button elementor-button-link elementor-size-sm elementor-animation-shrink\" href=\"https:\/\/www.ivanredaelli.it\/en\/wedding-in-norway\/\">\n\t\t\t\t\t\t<span class=\"elementor-button-content-wrapper\">\n\t\t\t\t\t\t\t\t\t<span class=\"elementor-button-text\">Click here<\/span>\n\t\t\t\t\t<\/span>\n\t\t\t\t\t<\/a>\n\t\t\t\t\t\t\t\t<\/div>\n\t\t\t\t\t<\/div>\n\t\t<\/div>\n\t\t\t\t<div class=\"elementor-column elementor-col-33 elementor-inner-column elementor-element elementor-element-32fc4bb\" data-id=\"32fc4bb\" data-element_type=\"column\" data-e-type=\"column\" data-settings=\"{&quot;background_background&quot;:&quot;classic&quot;}\">\n\t\t\t<div class=\"elementor-widget-wrap elementor-element-populated\">\n\t\t\t\t\t\t<div class=\"elementor-element elementor-element-24aaf54 elementor-position-top elementor-widget elementor-widget-image-box\" data-id=\"24aaf54\" data-element_type=\"widget\" data-e-type=\"widget\" data-widget_type=\"image-box.default\">\n\t\t\t\t\t<div class=\"elementor-image-box-wrapper\"><figure class=\"elementor-image-box-img\"><a href=\"https:\/\/www.ivanredaelli.it\/en\/wedding-at-villa-deste\/\" tabindex=\"-1\"><img loading=\"lazy\" decoding=\"async\" width=\"800\" height=\"534\" src=\"https:\/\/www.ivanredaelli.it\/wp-content\/uploads\/2023\/04\/Fotografi-matrimonio-villa-deste-Como-Ivan-Redaelli.jpg\" class=\"elementor-animation-shrink attachment-full size-full wp-image-11890\" alt=\"\" title=\"\" srcset=\"https:\/\/www.ivanredaelli.it\/wp-content\/uploads\/2023\/04\/Fotografi-matrimonio-villa-deste-Como-Ivan-Redaelli.jpg 800w, https:\/\/www.ivanredaelli.it\/wp-content\/uploads\/2023\/04\/Fotografi-matrimonio-villa-deste-Como-Ivan-Redaelli-300x200.jpg 300w, https:\/\/www.ivanredaelli.it\/wp-content\/uploads\/2023\/04\/Fotografi-matrimonio-villa-deste-Como-Ivan-Redaelli-768x513.jpg 768w\" sizes=\"(max-width: 800px) 100vw, 800px\" \/><\/a><\/figure><div class=\"elementor-image-box-content\"><p class=\"elementor-image-box-title\"><a href=\"https:\/\/www.ivanredaelli.it\/en\/wedding-at-villa-deste\/\">Jessica e James<\/a><\/p><p class=\"elementor-image-box-description\">Wedding at Villa D'Este, Lake Como. American couple on tour in Italy.<\/p><\/div><\/div>\t\t\t\t<\/div>\n\t\t\t\t<div class=\"elementor-element elementor-element-4c570ab elementor-tablet-align-center elementor-align-center elementor-widget__width-initial animated-slow elementor-widget elementor-widget-button\" data-id=\"4c570ab\" data-element_type=\"widget\" data-e-type=\"widget\" data-settings=\"{&quot;_animation&quot;:&quot;none&quot;}\" data-widget_type=\"button.default\">\n\t\t\t\t\t\t\t\t\t\t<a class=\"elementor-button elementor-button-link elementor-size-sm elementor-animation-shrink\" href=\"https:\/\/www.ivanredaelli.it\/en\/wedding-at-villa-deste\/\">\n\t\t\t\t\t\t<span class=\"elementor-button-content-wrapper\">\n\t\t\t\t\t\t\t\t\t<span class=\"elementor-button-text\">Click here<\/span>\n\t\t\t\t\t<\/span>\n\t\t\t\t\t<\/a>\n\t\t\t\t\t\t\t\t<\/div>\n\t\t\t\t\t<\/div>\n\t\t<\/div>\n\t\t\t\t\t<\/div>\n\t\t<\/section>\n\t\t\t\t\t<\/div>\n\t\t<\/div>\n\t\t\t\t\t<\/div>\n\t\t<\/section>\n\t\t\t\t<section class=\"elementor-section elementor-top-section elementor-element elementor-element-fea764c elementor-hidden-desktop elementor-hidden-tablet elementor-section-boxed elementor-section-height-default elementor-section-height-default\" data-id=\"fea764c\" data-element_type=\"section\" data-e-type=\"section\">\n\t\t\t\t\t\t<div class=\"elementor-container elementor-column-gap-default\">\n\t\t\t\t\t<div class=\"elementor-column elementor-col-100 elementor-top-column elementor-element elementor-element-f41a8ab\" data-id=\"f41a8ab\" data-element_type=\"column\" data-e-type=\"column\">\n\t\t\t<div class=\"elementor-widget-wrap elementor-element-populated\">\n\t\t\t\t\t\t<div class=\"elementor-element elementor-element-4ff4328 elementor-hidden-desktop elementor-hidden-tablet elementor-widget elementor-widget-image\" data-id=\"4ff4328\" data-element_type=\"widget\" data-e-type=\"widget\" data-widget_type=\"image.default\">\n\t\t\t\t\t\t\t\t\t\t\t\t\t\t\t<img loading=\"lazy\" decoding=\"async\" width=\"350\" height=\"139\" src=\"https:\/\/www.ivanredaelli.it\/wp-content\/uploads\/2025\/05\/Div.jpg\" class=\"attachment-large size-large wp-image-13124\" alt=\"\" srcset=\"https:\/\/www.ivanredaelli.it\/wp-content\/uploads\/2025\/05\/Div.jpg 350w, https:\/\/www.ivanredaelli.it\/wp-content\/uploads\/2025\/05\/Div-300x119.jpg 300w\" sizes=\"(max-width: 350px) 100vw, 350px\" title=\"\">\t\t\t\t\t\t\t\t\t\t\t\t\t\t\t<\/div>\n\t\t\t\t\t<\/div>\n\t\t<\/div>\n\t\t\t\t\t<\/div>\n\t\t<\/section>\n\t\t\t\t<section class=\"elementor-section elementor-top-section elementor-element elementor-element-e76c716 elementor-hidden-desktop elementor-hidden-tablet elementor-section-boxed elementor-section-height-default elementor-section-height-default\" data-id=\"e76c716\" data-element_type=\"section\" data-e-type=\"section\">\n\t\t\t\t\t\t<div class=\"elementor-container elementor-column-gap-default\">\n\t\t\t\t\t<div class=\"elementor-column elementor-col-100 elementor-top-column elementor-element elementor-element-6964154\" data-id=\"6964154\" data-element_type=\"column\" data-e-type=\"column\">\n\t\t\t<div class=\"elementor-widget-wrap elementor-element-populated\">\n\t\t\t\t\t\t<div class=\"elementor-element elementor-element-ec6b04e elementor-widget elementor-widget-heading\" data-id=\"ec6b04e\" data-element_type=\"widget\" data-e-type=\"widget\" data-widget_type=\"heading.default\">\n\t\t\t\t\t<p class=\"elementor-heading-title elementor-size-default\">Instagram<\/p>\t\t\t\t<\/div>\n\t\t\t\t\t<\/div>\n\t\t<\/div>\n\t\t\t\t\t<\/div>\n\t\t<\/section>\n\t\t\t\t<section class=\"elementor-section elementor-top-section elementor-element elementor-element-376ab82 elementor-section-full_width elementor-hidden-desktop elementor-hidden-tablet elementor-section-height-default elementor-section-height-default\" data-id=\"376ab82\" data-element_type=\"section\" data-e-type=\"section\">\n\t\t\t\t\t\t<div class=\"elementor-container elementor-column-gap-default\">\n\t\t\t\t\t<div class=\"elementor-column elementor-col-100 elementor-top-column elementor-element elementor-element-714b217\" data-id=\"714b217\" data-element_type=\"column\" data-e-type=\"column\">\n\t\t\t<div class=\"elementor-widget-wrap elementor-element-populated\">\n\t\t\t\t\t\t<div class=\"elementor-element elementor-element-ed6e789 elementor-widget elementor-widget-text-editor\" data-id=\"ed6e789\" data-element_type=\"widget\" data-e-type=\"widget\" data-widget_type=\"text-editor.default\">\n\t\t\t\t\t\t\t\t\t<p>Follow my instagram page with the latest photographs taken in the most recent weddings on Lake Como and stay updated on the news:<\/p>\t\t\t\t\t\t\t\t<\/div>\n\t\t\t\t<div class=\"elementor-element elementor-element-d758357 elementor-widget elementor-widget-sbi-widget\" data-id=\"d758357\" data-element_type=\"widget\" data-e-type=\"widget\" data-widget_type=\"sbi-widget.default\">\n\t\t\t\t<div class=\"elementor-widget-container\">\n\t\t\t\t\t\n<div id=\"sb_instagram\"  class=\"sbi sbi_mob_col_4 sbi_tab_col_6 sbi_col_10 sbi_width_resp sbi_fixed_height sbi_palette_light\" style=\"padding-bottom: 4px; height: 290px;\"\t data-feedid=\"*1\"  data-res=\"medium\" data-cols=\"10\" data-colsmobile=\"4\" data-colstablet=\"6\" data-num=\"10\" data-nummobile=\"12\" data-item-padding=\"2\"\t data-shortcode-atts=\"{&quot;feed&quot;:&quot;1&quot;}\"  data-postid=\"12393\" data-locatornonce=\"28ca9a20fb\" data-imageaspectratio=\"1:1\" data-sbi-flags=\"favorLocal,gdpr\">\n\t\n\t<div id=\"sbi_images\"  style=\"gap: 4px;\">\n\t\t<div class=\"sbi_item sbi_type_carousel sbi_new sbi_transition\"\n\tid=\"sbi_18372222454167906\" data-date=\"1776958923\">\n\t<div class=\"sbi_photo_wrap\">\n\t\t<a class=\"sbi_photo\" href=\"https:\/\/www.instagram.com\/p\/DXesaUpAqjL\/\" target=\"_blank\" rel=\"noopener nofollow\" data-full-res=\"https:\/\/scontent-mxp1-1.cdninstagram.com\/v\/t51.82787-15\/675444643_18580706482038032_179131584116554368_n.webp?stp=dst-jpg_e35_tt6&#038;_nc_cat=103&#038;ccb=7-5&#038;_nc_sid=18de74&#038;efg=eyJlZmdfdGFnIjoiQ0FST1VTRUxfSVRFTS5iZXN0X2ltYWdlX3VybGdlbi5DMyJ9&#038;_nc_ohc=0_D31uIzzo4Q7kNvwFFtkr0&#038;_nc_oc=AdpjCqM1CRtTZKOud10GFrQpqzqirTgvcxb2i8bzSb17ARW7lhjQXY_aCCUpg973FWk&#038;_nc_zt=23&#038;_nc_ht=scontent-mxp1-1.cdninstagram.com&#038;edm=AM6HXa8EAAAA&#038;_nc_gid=m1wzdt77N8aeYJq08TxmNQ&#038;oh=00_Af4hG6bBS-Yg2BbJZxbrdb3fFqUwoIMvykhxkSMnMyhlfw&#038;oe=69FA628C\" data-img-src-set=\"{&quot;d&quot;:&quot;https:\\\/\\\/scontent-mxp1-1.cdninstagram.com\\\/v\\\/t51.82787-15\\\/675444643_18580706482038032_179131584116554368_n.webp?stp=dst-jpg_e35_tt6&amp;_nc_cat=103&amp;ccb=7-5&amp;_nc_sid=18de74&amp;efg=eyJlZmdfdGFnIjoiQ0FST1VTRUxfSVRFTS5iZXN0X2ltYWdlX3VybGdlbi5DMyJ9&amp;_nc_ohc=0_D31uIzzo4Q7kNvwFFtkr0&amp;_nc_oc=AdpjCqM1CRtTZKOud10GFrQpqzqirTgvcxb2i8bzSb17ARW7lhjQXY_aCCUpg973FWk&amp;_nc_zt=23&amp;_nc_ht=scontent-mxp1-1.cdninstagram.com&amp;edm=AM6HXa8EAAAA&amp;_nc_gid=m1wzdt77N8aeYJq08TxmNQ&amp;oh=00_Af4hG6bBS-Yg2BbJZxbrdb3fFqUwoIMvykhxkSMnMyhlfw&amp;oe=69FA628C&quot;,&quot;150&quot;:&quot;https:\\\/\\\/scontent-mxp1-1.cdninstagram.com\\\/v\\\/t51.82787-15\\\/675444643_18580706482038032_179131584116554368_n.webp?stp=dst-jpg_e35_tt6&amp;_nc_cat=103&amp;ccb=7-5&amp;_nc_sid=18de74&amp;efg=eyJlZmdfdGFnIjoiQ0FST1VTRUxfSVRFTS5iZXN0X2ltYWdlX3VybGdlbi5DMyJ9&amp;_nc_ohc=0_D31uIzzo4Q7kNvwFFtkr0&amp;_nc_oc=AdpjCqM1CRtTZKOud10GFrQpqzqirTgvcxb2i8bzSb17ARW7lhjQXY_aCCUpg973FWk&amp;_nc_zt=23&amp;_nc_ht=scontent-mxp1-1.cdninstagram.com&amp;edm=AM6HXa8EAAAA&amp;_nc_gid=m1wzdt77N8aeYJq08TxmNQ&amp;oh=00_Af4hG6bBS-Yg2BbJZxbrdb3fFqUwoIMvykhxkSMnMyhlfw&amp;oe=69FA628C&quot;,&quot;320&quot;:&quot;https:\\\/\\\/www.ivanredaelli.it\\\/wp-content\\\/uploads\\\/sb-instagram-feed-images\\\/675444643_18580706482038032_179131584116554368_nlow.webp&quot;,&quot;640&quot;:&quot;https:\\\/\\\/www.ivanredaelli.it\\\/wp-content\\\/uploads\\\/sb-instagram-feed-images\\\/675444643_18580706482038032_179131584116554368_nfull.webp&quot;}\">\n\t\t\t<span class=\"sbi-screenreader\">There\u2019s a magical silence that appears when the en<\/span>\n\t\t\t<svg class=\"svg-inline--fa fa-clone fa-w-16 sbi_lightbox_carousel_icon\" aria-hidden=\"true\" aria-label=\"Clone\" data-fa-pro\u0192cessed=\"\" data-prefix=\"far\" data-icon=\"clone\" role=\"img\" xmlns=\"http:\/\/www.w3.org\/2000\/svg\" viewBox=\"0 0 512 512\">\n                    <path fill=\"currentColor\" d=\"M464 0H144c-26.51 0-48 21.49-48 48v48H48c-26.51 0-48 21.49-48 48v320c0 26.51 21.49 48 48 48h320c26.51 0 48-21.49 48-48v-48h48c26.51 0 48-21.49 48-48V48c0-26.51-21.49-48-48-48zM362 464H54a6 6 0 0 1-6-6V150a6 6 0 0 1 6-6h42v224c0 26.51 21.49 48 48 48h224v42a6 6 0 0 1-6 6zm96-96H150a6 6 0 0 1-6-6V54a6 6 0 0 1 6-6h308a6 6 0 0 1 6 6v308a6 6 0 0 1-6 6z\"><\/path>\n                <\/svg>\t\t\t\t\t\t<img decoding=\"async\" src=\"https:\/\/www.ivanredaelli.it\/wp-content\/plugins\/instagram-feed\/img\/placeholder.png\" alt=\"There\u2019s a magical silence that appears when the engine stops and only the sound of the wind in the sails remains. \u2693\ufe0f\u2728\nLa dolce vita on Lake Como \u2014 slow, elegant, and suspended between water and mountains. \n\nOrganizing your wedding or a couple\u2019s shoot on a boat on Lake Como is not just an aesthetic choice \u2014 it\u2019s a sensory experience you\u2019ll carry in your heart forever. \n\nWant to escape the noise and live a dream? Write to us to design your Lake Como shooting. \ud83c\udf0a\ud83d\udcf8 \n\nPartnership:\n\nPhoto: @ivanredaelli_photographer\n\nVideo: @saveriodenittiswedding\n\nCoordination: @katya_seastarmilano\n\nBoat: @bellagiosailing\n\nDress: @whiteladysposa\n\nCouple: @kira.toussaint\n@rikscan\n\nFlowers: @fiorivalsecchi\n\nJewelery: @y5_jewelry_artist\n\n__\n\n#sailingphotoshoot #lakecomo  #lakecomophotoshoot #ElopeToItaly #ladolcevita\" aria-hidden=\"true\" title=\"\">\n\t\t<\/a>\n\t<\/div>\n<\/div><div class=\"sbi_item sbi_type_carousel sbi_new sbi_transition\"\n\tid=\"sbi_18421399294141427\" data-date=\"1772113650\">\n\t<div class=\"sbi_photo_wrap\">\n\t\t<a class=\"sbi_photo\" href=\"https:\/\/www.instagram.com\/p\/DVOSyYNgqrC\/\" target=\"_blank\" rel=\"noopener nofollow\" data-full-res=\"https:\/\/scontent-mxp2-1.cdninstagram.com\/v\/t51.82787-15\/641221591_18566499757038032_3211226960194346088_n.webp?stp=dst-jpg_e35_tt6&#038;_nc_cat=100&#038;ccb=7-5&#038;_nc_sid=18de74&#038;efg=eyJlZmdfdGFnIjoiQ0FST1VTRUxfSVRFTS5iZXN0X2ltYWdlX3VybGdlbi5DMyJ9&#038;_nc_ohc=BL5ldUIgWHUQ7kNvwEuPCrx&#038;_nc_oc=AdpmH7hHm-7bQj1DfDWOFUzG_WB2H4Tsdz5XMSimG1Cul3mrWyRVRJD0wd8zyxJptDk&#038;_nc_zt=23&#038;_nc_ht=scontent-mxp2-1.cdninstagram.com&#038;edm=AM6HXa8EAAAA&#038;_nc_gid=m1wzdt77N8aeYJq08TxmNQ&#038;oh=00_Af7KesBt-WsR265YK3iEJp4-rd2hZLuHH5SyBTCEXxOfEg&#038;oe=69FA75D0\" data-img-src-set=\"{&quot;d&quot;:&quot;https:\\\/\\\/scontent-mxp2-1.cdninstagram.com\\\/v\\\/t51.82787-15\\\/641221591_18566499757038032_3211226960194346088_n.webp?stp=dst-jpg_e35_tt6&amp;_nc_cat=100&amp;ccb=7-5&amp;_nc_sid=18de74&amp;efg=eyJlZmdfdGFnIjoiQ0FST1VTRUxfSVRFTS5iZXN0X2ltYWdlX3VybGdlbi5DMyJ9&amp;_nc_ohc=BL5ldUIgWHUQ7kNvwEuPCrx&amp;_nc_oc=AdpmH7hHm-7bQj1DfDWOFUzG_WB2H4Tsdz5XMSimG1Cul3mrWyRVRJD0wd8zyxJptDk&amp;_nc_zt=23&amp;_nc_ht=scontent-mxp2-1.cdninstagram.com&amp;edm=AM6HXa8EAAAA&amp;_nc_gid=m1wzdt77N8aeYJq08TxmNQ&amp;oh=00_Af7KesBt-WsR265YK3iEJp4-rd2hZLuHH5SyBTCEXxOfEg&amp;oe=69FA75D0&quot;,&quot;150&quot;:&quot;https:\\\/\\\/scontent-mxp2-1.cdninstagram.com\\\/v\\\/t51.82787-15\\\/641221591_18566499757038032_3211226960194346088_n.webp?stp=dst-jpg_e35_tt6&amp;_nc_cat=100&amp;ccb=7-5&amp;_nc_sid=18de74&amp;efg=eyJlZmdfdGFnIjoiQ0FST1VTRUxfSVRFTS5iZXN0X2ltYWdlX3VybGdlbi5DMyJ9&amp;_nc_ohc=BL5ldUIgWHUQ7kNvwEuPCrx&amp;_nc_oc=AdpmH7hHm-7bQj1DfDWOFUzG_WB2H4Tsdz5XMSimG1Cul3mrWyRVRJD0wd8zyxJptDk&amp;_nc_zt=23&amp;_nc_ht=scontent-mxp2-1.cdninstagram.com&amp;edm=AM6HXa8EAAAA&amp;_nc_gid=m1wzdt77N8aeYJq08TxmNQ&amp;oh=00_Af7KesBt-WsR265YK3iEJp4-rd2hZLuHH5SyBTCEXxOfEg&amp;oe=69FA75D0&quot;,&quot;320&quot;:&quot;https:\\\/\\\/www.ivanredaelli.it\\\/wp-content\\\/uploads\\\/sb-instagram-feed-images\\\/641221591_18566499757038032_3211226960194346088_nlow.webp&quot;,&quot;640&quot;:&quot;https:\\\/\\\/www.ivanredaelli.it\\\/wp-content\\\/uploads\\\/sb-instagram-feed-images\\\/641221591_18566499757038032_3211226960194346088_nfull.webp&quot;}\">\n\t\t\t<span class=\"sbi-screenreader\">Una coppia da slalom gigante... in tutti i sensi!\u26f7<\/span>\n\t\t\t<svg class=\"svg-inline--fa fa-clone fa-w-16 sbi_lightbox_carousel_icon\" aria-hidden=\"true\" aria-label=\"Clone\" data-fa-pro\u0192cessed=\"\" data-prefix=\"far\" data-icon=\"clone\" role=\"img\" xmlns=\"http:\/\/www.w3.org\/2000\/svg\" viewBox=\"0 0 512 512\">\n                    <path fill=\"currentColor\" d=\"M464 0H144c-26.51 0-48 21.49-48 48v48H48c-26.51 0-48 21.49-48 48v320c0 26.51 21.49 48 48 48h320c26.51 0 48-21.49 48-48v-48h48c26.51 0 48-21.49 48-48V48c0-26.51-21.49-48-48-48zM362 464H54a6 6 0 0 1-6-6V150a6 6 0 0 1 6-6h42v224c0 26.51 21.49 48 48 48h224v42a6 6 0 0 1-6 6zm96-96H150a6 6 0 0 1-6-6V54a6 6 0 0 1 6-6h308a6 6 0 0 1 6 6v308a6 6 0 0 1-6 6z\"><\/path>\n                <\/svg>\t\t\t\t\t\t<img decoding=\"async\" src=\"https:\/\/www.ivanredaelli.it\/wp-content\/plugins\/instagram-feed\/img\/placeholder.png\" alt=\"Una coppia da slalom gigante... in tutti i sensi!\u26f7\ufe0f\ud83d\udc70\ud83c\udffb\n\ud83d\udc4f\n\n#skiwedding #winterwedding #sposisullaneve #sposisuglisci \u200b#matrimonioinmontagna \n\nPart 2 \n\n@discovermadesimo\n@skiareavalchiavenna\n@valchiavennaturismo\n@teamadventuremadesimo\n@dirtybootsandmessyhair\n@junebugweddings\n@martinaborghiii\" aria-hidden=\"true\" title=\"\">\n\t\t<\/a>\n\t<\/div>\n<\/div><div class=\"sbi_item sbi_type_carousel sbi_new sbi_transition\"\n\tid=\"sbi_18378576757094963\" data-date=\"1772112887\">\n\t<div class=\"sbi_photo_wrap\">\n\t\t<a class=\"sbi_photo\" href=\"https:\/\/www.instagram.com\/p\/DVORVOkAqHG\/\" target=\"_blank\" rel=\"noopener nofollow\" data-full-res=\"https:\/\/scontent-mxp2-1.cdninstagram.com\/v\/t51.82787-15\/629766501_18566498383038032_319575162638021720_n.webp?stp=dst-jpg_e35_tt6&#038;_nc_cat=109&#038;ccb=7-5&#038;_nc_sid=18de74&#038;efg=eyJlZmdfdGFnIjoiQ0FST1VTRUxfSVRFTS5iZXN0X2ltYWdlX3VybGdlbi5DMyJ9&#038;_nc_ohc=jdRA9ARNUBAQ7kNvwFcOIEf&#038;_nc_oc=AdpvrTA6etstTF7Vfy0kwfTJM0igAYAz9T8_6QWwcwDTVOkUaM9uwoeO3S--Z96BXoM&#038;_nc_zt=23&#038;_nc_ht=scontent-mxp2-1.cdninstagram.com&#038;edm=AM6HXa8EAAAA&#038;_nc_gid=m1wzdt77N8aeYJq08TxmNQ&#038;oh=00_Af43bl-rWyQg_Hhe31nMqi0ABxuGN4MPeCFlDsDtmkHHtg&#038;oe=69FA67E8\" data-img-src-set=\"{&quot;d&quot;:&quot;https:\\\/\\\/scontent-mxp2-1.cdninstagram.com\\\/v\\\/t51.82787-15\\\/629766501_18566498383038032_319575162638021720_n.webp?stp=dst-jpg_e35_tt6&amp;_nc_cat=109&amp;ccb=7-5&amp;_nc_sid=18de74&amp;efg=eyJlZmdfdGFnIjoiQ0FST1VTRUxfSVRFTS5iZXN0X2ltYWdlX3VybGdlbi5DMyJ9&amp;_nc_ohc=jdRA9ARNUBAQ7kNvwFcOIEf&amp;_nc_oc=AdpvrTA6etstTF7Vfy0kwfTJM0igAYAz9T8_6QWwcwDTVOkUaM9uwoeO3S--Z96BXoM&amp;_nc_zt=23&amp;_nc_ht=scontent-mxp2-1.cdninstagram.com&amp;edm=AM6HXa8EAAAA&amp;_nc_gid=m1wzdt77N8aeYJq08TxmNQ&amp;oh=00_Af43bl-rWyQg_Hhe31nMqi0ABxuGN4MPeCFlDsDtmkHHtg&amp;oe=69FA67E8&quot;,&quot;150&quot;:&quot;https:\\\/\\\/scontent-mxp2-1.cdninstagram.com\\\/v\\\/t51.82787-15\\\/629766501_18566498383038032_319575162638021720_n.webp?stp=dst-jpg_e35_tt6&amp;_nc_cat=109&amp;ccb=7-5&amp;_nc_sid=18de74&amp;efg=eyJlZmdfdGFnIjoiQ0FST1VTRUxfSVRFTS5iZXN0X2ltYWdlX3VybGdlbi5DMyJ9&amp;_nc_ohc=jdRA9ARNUBAQ7kNvwFcOIEf&amp;_nc_oc=AdpvrTA6etstTF7Vfy0kwfTJM0igAYAz9T8_6QWwcwDTVOkUaM9uwoeO3S--Z96BXoM&amp;_nc_zt=23&amp;_nc_ht=scontent-mxp2-1.cdninstagram.com&amp;edm=AM6HXa8EAAAA&amp;_nc_gid=m1wzdt77N8aeYJq08TxmNQ&amp;oh=00_Af43bl-rWyQg_Hhe31nMqi0ABxuGN4MPeCFlDsDtmkHHtg&amp;oe=69FA67E8&quot;,&quot;320&quot;:&quot;https:\\\/\\\/www.ivanredaelli.it\\\/wp-content\\\/uploads\\\/sb-instagram-feed-images\\\/632640326_18566498311038032_416681173017815370_nlow.webp&quot;,&quot;640&quot;:&quot;https:\\\/\\\/www.ivanredaelli.it\\\/wp-content\\\/uploads\\\/sb-instagram-feed-images\\\/632640326_18566498311038032_416681173017815370_nfull.webp&quot;}\">\n\t\t\t<span class=\"sbi-screenreader\">Sposi in pista! \u26f7\ufe0f\ud83d\udc70 Chi l\u2019ha detto che l\u2019abito bia<\/span>\n\t\t\t<svg class=\"svg-inline--fa fa-clone fa-w-16 sbi_lightbox_carousel_icon\" aria-hidden=\"true\" aria-label=\"Clone\" data-fa-pro\u0192cessed=\"\" data-prefix=\"far\" data-icon=\"clone\" role=\"img\" xmlns=\"http:\/\/www.w3.org\/2000\/svg\" viewBox=\"0 0 512 512\">\n                    <path fill=\"currentColor\" d=\"M464 0H144c-26.51 0-48 21.49-48 48v48H48c-26.51 0-48 21.49-48 48v320c0 26.51 21.49 48 48 48h320c26.51 0 48-21.49 48-48v-48h48c26.51 0 48-21.49 48-48V48c0-26.51-21.49-48-48-48zM362 464H54a6 6 0 0 1-6-6V150a6 6 0 0 1 6-6h42v224c0 26.51 21.49 48 48 48h224v42a6 6 0 0 1-6 6zm96-96H150a6 6 0 0 1-6-6V54a6 6 0 0 1 6-6h308a6 6 0 0 1 6 6v308a6 6 0 0 1-6 6z\"><\/path>\n                <\/svg>\t\t\t\t\t\t<img decoding=\"async\" src=\"https:\/\/www.ivanredaelli.it\/wp-content\/plugins\/instagram-feed\/img\/placeholder.png\" alt=\"Sposi in pista! \u26f7\ufe0f\ud83d\udc70 Chi l\u2019ha detto che l\u2019abito bianco non va d\u2019accordo con gli sci? \nCon una coppia cosi, la marcia nuziale pu\u00f2 essere sostituita con il rumore delle lamine sulla neve!! Super bride and groom!! \ud83d\udc4f \n\nPart 1 \n\n#skiwedding #winterwedding #sposisullaneve #sposisuglisci \u200b#matrimonioinmontagna\n\n@skiareavalchiavenna\n@valchiavennaturismo\n@teamadventuremadesimo\n@dirtybootsandmessyhair\n@junebugweddings\n@martinaborghiii\" aria-hidden=\"true\" title=\"\">\n\t\t<\/a>\n\t<\/div>\n<\/div><div class=\"sbi_item sbi_type_carousel sbi_new sbi_transition\"\n\tid=\"sbi_17976623483797909\" data-date=\"1767784627\">\n\t<div class=\"sbi_photo_wrap\">\n\t\t<a class=\"sbi_photo\" href=\"https:\/\/www.instagram.com\/p\/DTNR1I9gjcM\/\" target=\"_blank\" rel=\"noopener nofollow\" data-full-res=\"https:\/\/scontent-mxp1-1.cdninstagram.com\/v\/t51.82787-15\/612419011_18550391212038032_5619430348440462383_n.webp?stp=dst-jpg_e35_tt6&#038;_nc_cat=103&#038;ccb=7-5&#038;_nc_sid=18de74&#038;efg=eyJlZmdfdGFnIjoiQ0FST1VTRUxfSVRFTS5iZXN0X2ltYWdlX3VybGdlbi5DMyJ9&#038;_nc_ohc=EQiZhtRKBugQ7kNvwGkbKEc&#038;_nc_oc=Adpsaw-2uKZdU090tjiN99Vo8hbkbZMy9l_JcwqGkZM0tY5lMMzb1BkmfYDH0tQBeRo&#038;_nc_zt=23&#038;_nc_ht=scontent-mxp1-1.cdninstagram.com&#038;edm=AM6HXa8EAAAA&#038;_nc_gid=m1wzdt77N8aeYJq08TxmNQ&#038;oh=00_Af7d3ugoaUEa_qTlhTPWOiQx_PSatweQnbzWkNqSaykSkA&#038;oe=69FA727D\" data-img-src-set=\"{&quot;d&quot;:&quot;https:\\\/\\\/scontent-mxp1-1.cdninstagram.com\\\/v\\\/t51.82787-15\\\/612419011_18550391212038032_5619430348440462383_n.webp?stp=dst-jpg_e35_tt6&amp;_nc_cat=103&amp;ccb=7-5&amp;_nc_sid=18de74&amp;efg=eyJlZmdfdGFnIjoiQ0FST1VTRUxfSVRFTS5iZXN0X2ltYWdlX3VybGdlbi5DMyJ9&amp;_nc_ohc=EQiZhtRKBugQ7kNvwGkbKEc&amp;_nc_oc=Adpsaw-2uKZdU090tjiN99Vo8hbkbZMy9l_JcwqGkZM0tY5lMMzb1BkmfYDH0tQBeRo&amp;_nc_zt=23&amp;_nc_ht=scontent-mxp1-1.cdninstagram.com&amp;edm=AM6HXa8EAAAA&amp;_nc_gid=m1wzdt77N8aeYJq08TxmNQ&amp;oh=00_Af7d3ugoaUEa_qTlhTPWOiQx_PSatweQnbzWkNqSaykSkA&amp;oe=69FA727D&quot;,&quot;150&quot;:&quot;https:\\\/\\\/scontent-mxp1-1.cdninstagram.com\\\/v\\\/t51.82787-15\\\/612419011_18550391212038032_5619430348440462383_n.webp?stp=dst-jpg_e35_tt6&amp;_nc_cat=103&amp;ccb=7-5&amp;_nc_sid=18de74&amp;efg=eyJlZmdfdGFnIjoiQ0FST1VTRUxfSVRFTS5iZXN0X2ltYWdlX3VybGdlbi5DMyJ9&amp;_nc_ohc=EQiZhtRKBugQ7kNvwGkbKEc&amp;_nc_oc=Adpsaw-2uKZdU090tjiN99Vo8hbkbZMy9l_JcwqGkZM0tY5lMMzb1BkmfYDH0tQBeRo&amp;_nc_zt=23&amp;_nc_ht=scontent-mxp1-1.cdninstagram.com&amp;edm=AM6HXa8EAAAA&amp;_nc_gid=m1wzdt77N8aeYJq08TxmNQ&amp;oh=00_Af7d3ugoaUEa_qTlhTPWOiQx_PSatweQnbzWkNqSaykSkA&amp;oe=69FA727D&quot;,&quot;320&quot;:&quot;https:\\\/\\\/www.ivanredaelli.it\\\/wp-content\\\/uploads\\\/sb-instagram-feed-images\\\/612419011_18550391212038032_5619430348440462383_nlow.webp&quot;,&quot;640&quot;:&quot;https:\\\/\\\/www.ivanredaelli.it\\\/wp-content\\\/uploads\\\/sb-instagram-feed-images\\\/612419011_18550391212038032_5619430348440462383_nfull.webp&quot;}\">\n\t\t\t<span class=\"sbi-screenreader\">Beautiful wedding at Villa Revel Parravicini in Co<\/span>\n\t\t\t<svg class=\"svg-inline--fa fa-clone fa-w-16 sbi_lightbox_carousel_icon\" aria-hidden=\"true\" aria-label=\"Clone\" data-fa-pro\u0192cessed=\"\" data-prefix=\"far\" data-icon=\"clone\" role=\"img\" xmlns=\"http:\/\/www.w3.org\/2000\/svg\" viewBox=\"0 0 512 512\">\n                    <path fill=\"currentColor\" d=\"M464 0H144c-26.51 0-48 21.49-48 48v48H48c-26.51 0-48 21.49-48 48v320c0 26.51 21.49 48 48 48h320c26.51 0 48-21.49 48-48v-48h48c26.51 0 48-21.49 48-48V48c0-26.51-21.49-48-48-48zM362 464H54a6 6 0 0 1-6-6V150a6 6 0 0 1 6-6h42v224c0 26.51 21.49 48 48 48h224v42a6 6 0 0 1-6 6zm96-96H150a6 6 0 0 1-6-6V54a6 6 0 0 1 6-6h308a6 6 0 0 1 6 6v308a6 6 0 0 1-6 6z\"><\/path>\n                <\/svg>\t\t\t\t\t\t<img decoding=\"async\" src=\"https:\/\/www.ivanredaelli.it\/wp-content\/plugins\/instagram-feed\/img\/placeholder.png\" alt=\"Beautiful wedding at Villa Revel Parravicini in Como! \ud83d\ude0a\n.\nwww.ivanredaelli.it \n.\n#villarevelparravicini #como #weddinglakecomo #lakecomo #weddingphotographer\" aria-hidden=\"true\" title=\"\">\n\t\t<\/a>\n\t<\/div>\n<\/div><div class=\"sbi_item sbi_type_carousel sbi_new sbi_transition\"\n\tid=\"sbi_17855719695528705\" data-date=\"1764865770\">\n\t<div class=\"sbi_photo_wrap\">\n\t\t<a class=\"sbi_photo\" href=\"https:\/\/www.instagram.com\/p\/DR2SjVrAtrr\/\" target=\"_blank\" rel=\"noopener nofollow\" data-full-res=\"https:\/\/scontent-mxp2-1.cdninstagram.com\/v\/t51.82787-15\/589440364_18544329664038032_2537095815352957402_n.webp?stp=dst-jpg_e35_tt6&#038;_nc_cat=110&#038;ccb=7-5&#038;_nc_sid=18de74&#038;efg=eyJlZmdfdGFnIjoiQ0FST1VTRUxfSVRFTS5iZXN0X2ltYWdlX3VybGdlbi5DMyJ9&#038;_nc_ohc=HgL1Vepu320Q7kNvwGG2VlK&#038;_nc_oc=AdrxCd4nv5X4R4ETh4J1FwDrUUgj0twNCq6HNV2ZVVVUrwgFSqht9hyIgOXWwWwHjZg&#038;_nc_zt=23&#038;_nc_ht=scontent-mxp2-1.cdninstagram.com&#038;edm=AM6HXa8EAAAA&#038;_nc_gid=m1wzdt77N8aeYJq08TxmNQ&#038;oh=00_Af7iExMJDrPhUnugia8gHdiPHz2rDGkW0XIn2knFrYpI5w&#038;oe=69FA4A2B\" data-img-src-set=\"{&quot;d&quot;:&quot;https:\\\/\\\/scontent-mxp2-1.cdninstagram.com\\\/v\\\/t51.82787-15\\\/589440364_18544329664038032_2537095815352957402_n.webp?stp=dst-jpg_e35_tt6&amp;_nc_cat=110&amp;ccb=7-5&amp;_nc_sid=18de74&amp;efg=eyJlZmdfdGFnIjoiQ0FST1VTRUxfSVRFTS5iZXN0X2ltYWdlX3VybGdlbi5DMyJ9&amp;_nc_ohc=HgL1Vepu320Q7kNvwGG2VlK&amp;_nc_oc=AdrxCd4nv5X4R4ETh4J1FwDrUUgj0twNCq6HNV2ZVVVUrwgFSqht9hyIgOXWwWwHjZg&amp;_nc_zt=23&amp;_nc_ht=scontent-mxp2-1.cdninstagram.com&amp;edm=AM6HXa8EAAAA&amp;_nc_gid=m1wzdt77N8aeYJq08TxmNQ&amp;oh=00_Af7iExMJDrPhUnugia8gHdiPHz2rDGkW0XIn2knFrYpI5w&amp;oe=69FA4A2B&quot;,&quot;150&quot;:&quot;https:\\\/\\\/scontent-mxp2-1.cdninstagram.com\\\/v\\\/t51.82787-15\\\/589440364_18544329664038032_2537095815352957402_n.webp?stp=dst-jpg_e35_tt6&amp;_nc_cat=110&amp;ccb=7-5&amp;_nc_sid=18de74&amp;efg=eyJlZmdfdGFnIjoiQ0FST1VTRUxfSVRFTS5iZXN0X2ltYWdlX3VybGdlbi5DMyJ9&amp;_nc_ohc=HgL1Vepu320Q7kNvwGG2VlK&amp;_nc_oc=AdrxCd4nv5X4R4ETh4J1FwDrUUgj0twNCq6HNV2ZVVVUrwgFSqht9hyIgOXWwWwHjZg&amp;_nc_zt=23&amp;_nc_ht=scontent-mxp2-1.cdninstagram.com&amp;edm=AM6HXa8EAAAA&amp;_nc_gid=m1wzdt77N8aeYJq08TxmNQ&amp;oh=00_Af7iExMJDrPhUnugia8gHdiPHz2rDGkW0XIn2knFrYpI5w&amp;oe=69FA4A2B&quot;,&quot;320&quot;:&quot;https:\\\/\\\/www.ivanredaelli.it\\\/wp-content\\\/uploads\\\/sb-instagram-feed-images\\\/589440364_18544329664038032_2537095815352957402_nlow.webp&quot;,&quot;640&quot;:&quot;https:\\\/\\\/www.ivanredaelli.it\\\/wp-content\\\/uploads\\\/sb-instagram-feed-images\\\/589440364_18544329664038032_2537095815352957402_nfull.webp&quot;}\">\n\t\t\t<span class=\"sbi-screenreader\">Beautiful couple and beautiful location! \ud83e\udd19\n#villac<\/span>\n\t\t\t<svg class=\"svg-inline--fa fa-clone fa-w-16 sbi_lightbox_carousel_icon\" aria-hidden=\"true\" aria-label=\"Clone\" data-fa-pro\u0192cessed=\"\" data-prefix=\"far\" data-icon=\"clone\" role=\"img\" xmlns=\"http:\/\/www.w3.org\/2000\/svg\" viewBox=\"0 0 512 512\">\n                    <path fill=\"currentColor\" d=\"M464 0H144c-26.51 0-48 21.49-48 48v48H48c-26.51 0-48 21.49-48 48v320c0 26.51 21.49 48 48 48h320c26.51 0 48-21.49 48-48v-48h48c26.51 0 48-21.49 48-48V48c0-26.51-21.49-48-48-48zM362 464H54a6 6 0 0 1-6-6V150a6 6 0 0 1 6-6h42v224c0 26.51 21.49 48 48 48h224v42a6 6 0 0 1-6 6zm96-96H150a6 6 0 0 1-6-6V54a6 6 0 0 1 6-6h308a6 6 0 0 1 6 6v308a6 6 0 0 1-6 6z\"><\/path>\n                <\/svg>\t\t\t\t\t\t<img decoding=\"async\" src=\"https:\/\/www.ivanredaelli.it\/wp-content\/plugins\/instagram-feed\/img\/placeholder.png\" alt=\"Beautiful couple and beautiful location! \ud83e\udd19\n#villacastelbarcopindemonterezzonico \n.\nwww.ivanredaelli.it\n.\n#villacastelbarcopr #weddinglakecomo #lakecomo weddingphotographer #weddingphotographer #weddingphotography #fineartwedding #romanticwedding #elegantwedding #weddinginspiration #brideandgroom #justmarried #weddingportrait #weddingmoments #weddingday #loveauthentic #timelesswedding #luxuryweddingphotographer #destinationweddingphotographer #weddingstoryteller\" aria-hidden=\"true\" title=\"\">\n\t\t<\/a>\n\t<\/div>\n<\/div><div class=\"sbi_item sbi_type_carousel sbi_new sbi_transition\"\n\tid=\"sbi_17854722930571962\" data-date=\"1764086600\">\n\t<div class=\"sbi_photo_wrap\">\n\t\t<a class=\"sbi_photo\" href=\"https:\/\/www.instagram.com\/p\/DRfEZ3fghQ9\/\" target=\"_blank\" rel=\"noopener nofollow\" data-full-res=\"https:\/\/scontent-mxp2-1.cdninstagram.com\/v\/t51.82787-15\/586888761_18542850910038032_6463417900615306077_n.webp?stp=dst-jpg_e35_tt6&#038;_nc_cat=111&#038;ccb=7-5&#038;_nc_sid=18de74&#038;efg=eyJlZmdfdGFnIjoiQ0FST1VTRUxfSVRFTS5iZXN0X2ltYWdlX3VybGdlbi5DMyJ9&#038;_nc_ohc=elHWshXSZMgQ7kNvwHoNkqk&#038;_nc_oc=AdrKCPzUbGd8wesj7Gf3I_fcBxJGenGKRSxNVb2w1kmXUfBoxSKbRSqs1djd6Ph_CA8&#038;_nc_zt=23&#038;_nc_ht=scontent-mxp2-1.cdninstagram.com&#038;edm=AM6HXa8EAAAA&#038;_nc_gid=m1wzdt77N8aeYJq08TxmNQ&#038;oh=00_Af7_hw4E0_j8gWty5TQuoP9nUG94R71Dd6mjjXuhi3QMEg&#038;oe=69FA56A2\" data-img-src-set=\"{&quot;d&quot;:&quot;https:\\\/\\\/scontent-mxp2-1.cdninstagram.com\\\/v\\\/t51.82787-15\\\/586888761_18542850910038032_6463417900615306077_n.webp?stp=dst-jpg_e35_tt6&amp;_nc_cat=111&amp;ccb=7-5&amp;_nc_sid=18de74&amp;efg=eyJlZmdfdGFnIjoiQ0FST1VTRUxfSVRFTS5iZXN0X2ltYWdlX3VybGdlbi5DMyJ9&amp;_nc_ohc=elHWshXSZMgQ7kNvwHoNkqk&amp;_nc_oc=AdrKCPzUbGd8wesj7Gf3I_fcBxJGenGKRSxNVb2w1kmXUfBoxSKbRSqs1djd6Ph_CA8&amp;_nc_zt=23&amp;_nc_ht=scontent-mxp2-1.cdninstagram.com&amp;edm=AM6HXa8EAAAA&amp;_nc_gid=m1wzdt77N8aeYJq08TxmNQ&amp;oh=00_Af7_hw4E0_j8gWty5TQuoP9nUG94R71Dd6mjjXuhi3QMEg&amp;oe=69FA56A2&quot;,&quot;150&quot;:&quot;https:\\\/\\\/scontent-mxp2-1.cdninstagram.com\\\/v\\\/t51.82787-15\\\/586888761_18542850910038032_6463417900615306077_n.webp?stp=dst-jpg_e35_tt6&amp;_nc_cat=111&amp;ccb=7-5&amp;_nc_sid=18de74&amp;efg=eyJlZmdfdGFnIjoiQ0FST1VTRUxfSVRFTS5iZXN0X2ltYWdlX3VybGdlbi5DMyJ9&amp;_nc_ohc=elHWshXSZMgQ7kNvwHoNkqk&amp;_nc_oc=AdrKCPzUbGd8wesj7Gf3I_fcBxJGenGKRSxNVb2w1kmXUfBoxSKbRSqs1djd6Ph_CA8&amp;_nc_zt=23&amp;_nc_ht=scontent-mxp2-1.cdninstagram.com&amp;edm=AM6HXa8EAAAA&amp;_nc_gid=m1wzdt77N8aeYJq08TxmNQ&amp;oh=00_Af7_hw4E0_j8gWty5TQuoP9nUG94R71Dd6mjjXuhi3QMEg&amp;oe=69FA56A2&quot;,&quot;320&quot;:&quot;https:\\\/\\\/www.ivanredaelli.it\\\/wp-content\\\/uploads\\\/sb-instagram-feed-images\\\/586888761_18542850910038032_6463417900615306077_nlow.webp&quot;,&quot;640&quot;:&quot;https:\\\/\\\/www.ivanredaelli.it\\\/wp-content\\\/uploads\\\/sb-instagram-feed-images\\\/586888761_18542850910038032_6463417900615306077_nfull.webp&quot;}\">\n\t\t\t<span class=\"sbi-screenreader\">A very beautiful wedding at Villa Mattioli! C&amp;A we<\/span>\n\t\t\t<svg class=\"svg-inline--fa fa-clone fa-w-16 sbi_lightbox_carousel_icon\" aria-hidden=\"true\" aria-label=\"Clone\" data-fa-pro\u0192cessed=\"\" data-prefix=\"far\" data-icon=\"clone\" role=\"img\" xmlns=\"http:\/\/www.w3.org\/2000\/svg\" viewBox=\"0 0 512 512\">\n                    <path fill=\"currentColor\" d=\"M464 0H144c-26.51 0-48 21.49-48 48v48H48c-26.51 0-48 21.49-48 48v320c0 26.51 21.49 48 48 48h320c26.51 0 48-21.49 48-48v-48h48c26.51 0 48-21.49 48-48V48c0-26.51-21.49-48-48-48zM362 464H54a6 6 0 0 1-6-6V150a6 6 0 0 1 6-6h42v224c0 26.51 21.49 48 48 48h224v42a6 6 0 0 1-6 6zm96-96H150a6 6 0 0 1-6-6V54a6 6 0 0 1 6-6h308a6 6 0 0 1 6 6v308a6 6 0 0 1-6 6z\"><\/path>\n                <\/svg>\t\t\t\t\t\t<img decoding=\"async\" src=\"https:\/\/www.ivanredaelli.it\/wp-content\/plugins\/instagram-feed\/img\/placeholder.png\" alt=\"A very beautiful wedding at Villa Mattioli! C&amp;A wedding day! \u2764\ufe0f\n.\nwww.ivanredaelli.it \n.\n#villamattioli #dimoredelgusto #weddinglakecomo #weddingphotographer #weddingphotographer #weddingphotography #fineartwedding #romanticwedding #elegantwedding #weddinginspiration #brideandgroom #justmarried #weddingportrait #weddingmoments #weddingday #loveauthentic #timelesswedding #destinationweddingphotographer #weddingstoryteller\" aria-hidden=\"true\" title=\"\">\n\t\t<\/a>\n\t<\/div>\n<\/div><div class=\"sbi_item sbi_type_carousel sbi_new sbi_transition\"\n\tid=\"sbi_17928463683113527\" data-date=\"1762520603\">\n\t<div class=\"sbi_photo_wrap\">\n\t\t<a class=\"sbi_photo\" href=\"https:\/\/www.instagram.com\/p\/DQwZgF7Alz8\/\" target=\"_blank\" rel=\"noopener nofollow\" data-full-res=\"https:\/\/scontent-mxp1-1.cdninstagram.com\/v\/t51.82787-15\/573683421_18537774412038032_5605785108189778824_n.webp?stp=dst-jpg_e35_tt6&#038;_nc_cat=102&#038;ccb=7-5&#038;_nc_sid=18de74&#038;efg=eyJlZmdfdGFnIjoiQ0FST1VTRUxfSVRFTS5iZXN0X2ltYWdlX3VybGdlbi5DMyJ9&#038;_nc_ohc=aMoykSU8hwYQ7kNvwE6YNeM&#038;_nc_oc=AdrjFwwp8yetk-Xd1NAZ1R8h_asYqURkdtm_Y9oiLB0xxuVisSWhlZH6bYR-3XYF3nw&#038;_nc_zt=23&#038;_nc_ht=scontent-mxp1-1.cdninstagram.com&#038;edm=AM6HXa8EAAAA&#038;_nc_gid=m1wzdt77N8aeYJq08TxmNQ&#038;oh=00_Af6Mzx4PZglgsVxIZfPZ0okPP9XlGkjvmOd4UL8YUFUzhQ&#038;oe=69FA6FEA\" data-img-src-set=\"{&quot;d&quot;:&quot;https:\\\/\\\/scontent-mxp1-1.cdninstagram.com\\\/v\\\/t51.82787-15\\\/573683421_18537774412038032_5605785108189778824_n.webp?stp=dst-jpg_e35_tt6&amp;_nc_cat=102&amp;ccb=7-5&amp;_nc_sid=18de74&amp;efg=eyJlZmdfdGFnIjoiQ0FST1VTRUxfSVRFTS5iZXN0X2ltYWdlX3VybGdlbi5DMyJ9&amp;_nc_ohc=aMoykSU8hwYQ7kNvwE6YNeM&amp;_nc_oc=AdrjFwwp8yetk-Xd1NAZ1R8h_asYqURkdtm_Y9oiLB0xxuVisSWhlZH6bYR-3XYF3nw&amp;_nc_zt=23&amp;_nc_ht=scontent-mxp1-1.cdninstagram.com&amp;edm=AM6HXa8EAAAA&amp;_nc_gid=m1wzdt77N8aeYJq08TxmNQ&amp;oh=00_Af6Mzx4PZglgsVxIZfPZ0okPP9XlGkjvmOd4UL8YUFUzhQ&amp;oe=69FA6FEA&quot;,&quot;150&quot;:&quot;https:\\\/\\\/scontent-mxp1-1.cdninstagram.com\\\/v\\\/t51.82787-15\\\/573683421_18537774412038032_5605785108189778824_n.webp?stp=dst-jpg_e35_tt6&amp;_nc_cat=102&amp;ccb=7-5&amp;_nc_sid=18de74&amp;efg=eyJlZmdfdGFnIjoiQ0FST1VTRUxfSVRFTS5iZXN0X2ltYWdlX3VybGdlbi5DMyJ9&amp;_nc_ohc=aMoykSU8hwYQ7kNvwE6YNeM&amp;_nc_oc=AdrjFwwp8yetk-Xd1NAZ1R8h_asYqURkdtm_Y9oiLB0xxuVisSWhlZH6bYR-3XYF3nw&amp;_nc_zt=23&amp;_nc_ht=scontent-mxp1-1.cdninstagram.com&amp;edm=AM6HXa8EAAAA&amp;_nc_gid=m1wzdt77N8aeYJq08TxmNQ&amp;oh=00_Af6Mzx4PZglgsVxIZfPZ0okPP9XlGkjvmOd4UL8YUFUzhQ&amp;oe=69FA6FEA&quot;,&quot;320&quot;:&quot;https:\\\/\\\/www.ivanredaelli.it\\\/wp-content\\\/uploads\\\/sb-instagram-feed-images\\\/573683421_18537774412038032_5605785108189778824_nlow.webp&quot;,&quot;640&quot;:&quot;https:\\\/\\\/www.ivanredaelli.it\\\/wp-content\\\/uploads\\\/sb-instagram-feed-images\\\/573683421_18537774412038032_5605785108189778824_nfull.webp&quot;}\">\n\t\t\t<span class=\"sbi-screenreader\">A beautiful wedding at La Madonnina di Barni. A tr<\/span>\n\t\t\t<svg class=\"svg-inline--fa fa-clone fa-w-16 sbi_lightbox_carousel_icon\" aria-hidden=\"true\" aria-label=\"Clone\" data-fa-pro\u0192cessed=\"\" data-prefix=\"far\" data-icon=\"clone\" role=\"img\" xmlns=\"http:\/\/www.w3.org\/2000\/svg\" viewBox=\"0 0 512 512\">\n                    <path fill=\"currentColor\" d=\"M464 0H144c-26.51 0-48 21.49-48 48v48H48c-26.51 0-48 21.49-48 48v320c0 26.51 21.49 48 48 48h320c26.51 0 48-21.49 48-48v-48h48c26.51 0 48-21.49 48-48V48c0-26.51-21.49-48-48-48zM362 464H54a6 6 0 0 1-6-6V150a6 6 0 0 1 6-6h42v224c0 26.51 21.49 48 48 48h224v42a6 6 0 0 1-6 6zm96-96H150a6 6 0 0 1-6-6V54a6 6 0 0 1 6-6h308a6 6 0 0 1 6 6v308a6 6 0 0 1-6 6z\"><\/path>\n                <\/svg>\t\t\t\t\t\t<img decoding=\"async\" src=\"https:\/\/www.ivanredaelli.it\/wp-content\/plugins\/instagram-feed\/img\/placeholder.png\" alt=\"A beautiful wedding at La Madonnina di Barni. A truly gorgeous couple! \n.\nwww.ivanredaelli.it \n.\n@lamadonninaeventeam \n.\n#lakecomo #weddinglakecomo #lakecomoweddingphotographer #lamadonninadibarni #weddingphotographer #weddingphotography #fineartwedding #romanticwedding #elegantwedding #weddinginspiration #brideandgroom #justmarried #weddingportrait #weddingmoments #weddingday #loveauthentic #timelesswedding #luxuryweddingphotographer #destinationweddingphotographer #weddingstoryteller\" aria-hidden=\"true\" title=\"\">\n\t\t<\/a>\n\t<\/div>\n<\/div><div class=\"sbi_item sbi_type_carousel sbi_new sbi_transition\"\n\tid=\"sbi_17850556284584284\" data-date=\"1762437809\">\n\t<div class=\"sbi_photo_wrap\">\n\t\t<a class=\"sbi_photo\" href=\"https:\/\/www.instagram.com\/p\/DQt7lZSArfh\/\" target=\"_blank\" rel=\"noopener nofollow\" data-full-res=\"https:\/\/scontent-mxp2-1.cdninstagram.com\/v\/t51.82787-15\/573637257_18537527866038032_8727052348751211653_n.webp?stp=dst-jpg_e35_tt6&#038;_nc_cat=101&#038;ccb=7-5&#038;_nc_sid=18de74&#038;efg=eyJlZmdfdGFnIjoiQ0FST1VTRUxfSVRFTS5iZXN0X2ltYWdlX3VybGdlbi5DMyJ9&#038;_nc_ohc=zaLtdD0kAOwQ7kNvwHZAiaZ&#038;_nc_oc=AdpruntCOkPfI9YixHL3k8EWbgfAC9AciGM64EI35mXRyn7_f3_GYFrIz7IA2RXRkdE&#038;_nc_zt=23&#038;_nc_ht=scontent-mxp2-1.cdninstagram.com&#038;edm=AM6HXa8EAAAA&#038;_nc_gid=m1wzdt77N8aeYJq08TxmNQ&#038;oh=00_Af6PziOBlBgwI3RaV1iSBu8us1lFjmInh8vKXnk6k6eGEw&#038;oe=69FA6684\" data-img-src-set=\"{&quot;d&quot;:&quot;https:\\\/\\\/scontent-mxp2-1.cdninstagram.com\\\/v\\\/t51.82787-15\\\/573637257_18537527866038032_8727052348751211653_n.webp?stp=dst-jpg_e35_tt6&amp;_nc_cat=101&amp;ccb=7-5&amp;_nc_sid=18de74&amp;efg=eyJlZmdfdGFnIjoiQ0FST1VTRUxfSVRFTS5iZXN0X2ltYWdlX3VybGdlbi5DMyJ9&amp;_nc_ohc=zaLtdD0kAOwQ7kNvwHZAiaZ&amp;_nc_oc=AdpruntCOkPfI9YixHL3k8EWbgfAC9AciGM64EI35mXRyn7_f3_GYFrIz7IA2RXRkdE&amp;_nc_zt=23&amp;_nc_ht=scontent-mxp2-1.cdninstagram.com&amp;edm=AM6HXa8EAAAA&amp;_nc_gid=m1wzdt77N8aeYJq08TxmNQ&amp;oh=00_Af6PziOBlBgwI3RaV1iSBu8us1lFjmInh8vKXnk6k6eGEw&amp;oe=69FA6684&quot;,&quot;150&quot;:&quot;https:\\\/\\\/scontent-mxp2-1.cdninstagram.com\\\/v\\\/t51.82787-15\\\/573637257_18537527866038032_8727052348751211653_n.webp?stp=dst-jpg_e35_tt6&amp;_nc_cat=101&amp;ccb=7-5&amp;_nc_sid=18de74&amp;efg=eyJlZmdfdGFnIjoiQ0FST1VTRUxfSVRFTS5iZXN0X2ltYWdlX3VybGdlbi5DMyJ9&amp;_nc_ohc=zaLtdD0kAOwQ7kNvwHZAiaZ&amp;_nc_oc=AdpruntCOkPfI9YixHL3k8EWbgfAC9AciGM64EI35mXRyn7_f3_GYFrIz7IA2RXRkdE&amp;_nc_zt=23&amp;_nc_ht=scontent-mxp2-1.cdninstagram.com&amp;edm=AM6HXa8EAAAA&amp;_nc_gid=m1wzdt77N8aeYJq08TxmNQ&amp;oh=00_Af6PziOBlBgwI3RaV1iSBu8us1lFjmInh8vKXnk6k6eGEw&amp;oe=69FA6684&quot;,&quot;320&quot;:&quot;https:\\\/\\\/www.ivanredaelli.it\\\/wp-content\\\/uploads\\\/sb-instagram-feed-images\\\/573637257_18537527866038032_8727052348751211653_nlow.webp&quot;,&quot;640&quot;:&quot;https:\\\/\\\/www.ivanredaelli.it\\\/wp-content\\\/uploads\\\/sb-instagram-feed-images\\\/573637257_18537527866038032_8727052348751211653_nfull.webp&quot;}\">\n\t\t\t<span class=\"sbi-screenreader\">A beautiful wedding! Boat photoshoot on Lake Como <\/span>\n\t\t\t<svg class=\"svg-inline--fa fa-clone fa-w-16 sbi_lightbox_carousel_icon\" aria-hidden=\"true\" aria-label=\"Clone\" data-fa-pro\u0192cessed=\"\" data-prefix=\"far\" data-icon=\"clone\" role=\"img\" xmlns=\"http:\/\/www.w3.org\/2000\/svg\" viewBox=\"0 0 512 512\">\n                    <path fill=\"currentColor\" d=\"M464 0H144c-26.51 0-48 21.49-48 48v48H48c-26.51 0-48 21.49-48 48v320c0 26.51 21.49 48 48 48h320c26.51 0 48-21.49 48-48v-48h48c26.51 0 48-21.49 48-48V48c0-26.51-21.49-48-48-48zM362 464H54a6 6 0 0 1-6-6V150a6 6 0 0 1 6-6h42v224c0 26.51 21.49 48 48 48h224v42a6 6 0 0 1-6 6zm96-96H150a6 6 0 0 1-6-6V54a6 6 0 0 1 6-6h308a6 6 0 0 1 6 6v308a6 6 0 0 1-6 6z\"><\/path>\n                <\/svg>\t\t\t\t\t\t<img decoding=\"async\" src=\"https:\/\/www.ivanredaelli.it\/wp-content\/plugins\/instagram-feed\/img\/placeholder.png\" alt=\"A beautiful wedding! Boat photoshoot on Lake Como close to Villa Cassinella, Villa del Balbianello and reception at the Madonnina di Barni in the next post... \ud83d\ude09\n.\nwww.ivanredaelli.it\n.\n@lamadonninaeventeam\n.\n#lakecomo #lamadonninadibarni #weddingphotographer #weddinglakecomo #weddingphotographer #weddingphotography #fineartwedding #romanticwedding #elegantwedding #weddinginspiration #brideandgroom #justmarried #weddingmoments #weddingday #loveauthentic #timelesswedding #villadelbalbianello #villacassinella #destinationweddingphotographer #weddingstoryteller\" aria-hidden=\"true\" title=\"\">\n\t\t<\/a>\n\t<\/div>\n<\/div><div class=\"sbi_item sbi_type_carousel sbi_new sbi_transition\"\n\tid=\"sbi_18088771819859888\" data-date=\"1760006930\">\n\t<div class=\"sbi_photo_wrap\">\n\t\t<a class=\"sbi_photo\" href=\"https:\/\/www.instagram.com\/p\/DPlfDT3gjGC\/\" target=\"_blank\" rel=\"noopener nofollow\" data-full-res=\"https:\/\/scontent-mxp2-1.cdninstagram.com\/v\/t51.82787-15\/561084098_18531681844038032_2023942366150216232_n.webp?stp=dst-jpg_e35_tt6&#038;_nc_cat=104&#038;ccb=7-5&#038;_nc_sid=18de74&#038;efg=eyJlZmdfdGFnIjoiQ0FST1VTRUxfSVRFTS5iZXN0X2ltYWdlX3VybGdlbi5DMyJ9&#038;_nc_ohc=XXb1wP31TwsQ7kNvwHAiQfI&#038;_nc_oc=Adp01onjCDX3aQfeJRmUJLjxhBN_vouZHvDGtMZjsZfS0ZUbq_IKfMzDPlyLAl_bSd8&#038;_nc_zt=23&#038;_nc_ht=scontent-mxp2-1.cdninstagram.com&#038;edm=AM6HXa8EAAAA&#038;_nc_gid=stzgnULTmJoRoM7o3WuqhA&#038;oh=00_Af7sDa2EDTTzwYKmk6ZcO5VjbVxG0CNDwz5BXn_hrydAfA&#038;oe=69FA70E6\" data-img-src-set=\"{&quot;d&quot;:&quot;https:\\\/\\\/scontent-mxp2-1.cdninstagram.com\\\/v\\\/t51.82787-15\\\/561084098_18531681844038032_2023942366150216232_n.webp?stp=dst-jpg_e35_tt6&amp;_nc_cat=104&amp;ccb=7-5&amp;_nc_sid=18de74&amp;efg=eyJlZmdfdGFnIjoiQ0FST1VTRUxfSVRFTS5iZXN0X2ltYWdlX3VybGdlbi5DMyJ9&amp;_nc_ohc=XXb1wP31TwsQ7kNvwHAiQfI&amp;_nc_oc=Adp01onjCDX3aQfeJRmUJLjxhBN_vouZHvDGtMZjsZfS0ZUbq_IKfMzDPlyLAl_bSd8&amp;_nc_zt=23&amp;_nc_ht=scontent-mxp2-1.cdninstagram.com&amp;edm=AM6HXa8EAAAA&amp;_nc_gid=stzgnULTmJoRoM7o3WuqhA&amp;oh=00_Af7sDa2EDTTzwYKmk6ZcO5VjbVxG0CNDwz5BXn_hrydAfA&amp;oe=69FA70E6&quot;,&quot;150&quot;:&quot;https:\\\/\\\/scontent-mxp2-1.cdninstagram.com\\\/v\\\/t51.82787-15\\\/561084098_18531681844038032_2023942366150216232_n.webp?stp=dst-jpg_e35_tt6&amp;_nc_cat=104&amp;ccb=7-5&amp;_nc_sid=18de74&amp;efg=eyJlZmdfdGFnIjoiQ0FST1VTRUxfSVRFTS5iZXN0X2ltYWdlX3VybGdlbi5DMyJ9&amp;_nc_ohc=XXb1wP31TwsQ7kNvwHAiQfI&amp;_nc_oc=Adp01onjCDX3aQfeJRmUJLjxhBN_vouZHvDGtMZjsZfS0ZUbq_IKfMzDPlyLAl_bSd8&amp;_nc_zt=23&amp;_nc_ht=scontent-mxp2-1.cdninstagram.com&amp;edm=AM6HXa8EAAAA&amp;_nc_gid=stzgnULTmJoRoM7o3WuqhA&amp;oh=00_Af7sDa2EDTTzwYKmk6ZcO5VjbVxG0CNDwz5BXn_hrydAfA&amp;oe=69FA70E6&quot;,&quot;320&quot;:&quot;https:\\\/\\\/www.ivanredaelli.it\\\/wp-content\\\/uploads\\\/sb-instagram-feed-images\\\/561084098_18531681844038032_2023942366150216232_nlow.webp&quot;,&quot;640&quot;:&quot;https:\\\/\\\/www.ivanredaelli.it\\\/wp-content\\\/uploads\\\/sb-instagram-feed-images\\\/561084098_18531681844038032_2023942366150216232_nfull.webp&quot;}\">\n\t\t\t<span class=\"sbi-screenreader\">Wedding at Villa Rubuni Redaelli! My Villa\ud83d\ude09\n.\nwww.<\/span>\n\t\t\t<svg class=\"svg-inline--fa fa-clone fa-w-16 sbi_lightbox_carousel_icon\" aria-hidden=\"true\" aria-label=\"Clone\" data-fa-pro\u0192cessed=\"\" data-prefix=\"far\" data-icon=\"clone\" role=\"img\" xmlns=\"http:\/\/www.w3.org\/2000\/svg\" viewBox=\"0 0 512 512\">\n                    <path fill=\"currentColor\" d=\"M464 0H144c-26.51 0-48 21.49-48 48v48H48c-26.51 0-48 21.49-48 48v320c0 26.51 21.49 48 48 48h320c26.51 0 48-21.49 48-48v-48h48c26.51 0 48-21.49 48-48V48c0-26.51-21.49-48-48-48zM362 464H54a6 6 0 0 1-6-6V150a6 6 0 0 1 6-6h42v224c0 26.51 21.49 48 48 48h224v42a6 6 0 0 1-6 6zm96-96H150a6 6 0 0 1-6-6V54a6 6 0 0 1 6-6h308a6 6 0 0 1 6 6v308a6 6 0 0 1-6 6z\"><\/path>\n                <\/svg>\t\t\t\t\t\t<img decoding=\"async\" src=\"https:\/\/www.ivanredaelli.it\/wp-content\/plugins\/instagram-feed\/img\/placeholder.png\" alt=\"Wedding at Villa Rubuni Redaelli! My Villa\ud83d\ude09\n.\nwww.ivanredaelli.it\n.\n#lakecomo #lakecomowedding #villarubiniredaelli #weddingphotographer #weddingphotography #fineartwedding #romanticwedding #elegantwedding #weddinginspiration #brideandgroom #justmarried #weddingportrait #weddingmoments #fotografomatrimonio #weddingday #loveauthentic #timelesswedding #luxuryweddingphotographer #destinationweddingphotographer #weddingstoryteller\" aria-hidden=\"true\" title=\"\">\n\t\t<\/a>\n\t<\/div>\n<\/div><div class=\"sbi_item sbi_type_carousel sbi_new sbi_transition\"\n\tid=\"sbi_17875452429423827\" data-date=\"1759148378\">\n\t<div class=\"sbi_photo_wrap\">\n\t\t<a class=\"sbi_photo\" href=\"https:\/\/www.instagram.com\/p\/DPL5fiVAsfp\/\" target=\"_blank\" rel=\"noopener nofollow\" data-full-res=\"https:\/\/scontent-mxp2-1.cdninstagram.com\/v\/t51.82787-15\/556887791_18529637935038032_1198011849595244443_n.webp?stp=dst-jpg_e35_tt6&#038;_nc_cat=105&#038;ccb=7-5&#038;_nc_sid=18de74&#038;efg=eyJlZmdfdGFnIjoiQ0FST1VTRUxfSVRFTS5iZXN0X2ltYWdlX3VybGdlbi5DMyJ9&#038;_nc_ohc=xX1E23ckRRkQ7kNvwEDeXYL&#038;_nc_oc=Ado7I62fFHA6i2SlOrn2JKWyuTqlGj8TC6tgQQYPKPziia9RoizK2EdMC-FXqcU5GUM&#038;_nc_zt=23&#038;_nc_ht=scontent-mxp2-1.cdninstagram.com&#038;edm=AM6HXa8EAAAA&#038;_nc_gid=stzgnULTmJoRoM7o3WuqhA&#038;oh=00_Af6KU0Z5Twy1kGbQHZFSWtG_FlbB7HNKMTipTUoBKGRNsg&#038;oe=69FA4C27\" data-img-src-set=\"{&quot;d&quot;:&quot;https:\\\/\\\/scontent-mxp2-1.cdninstagram.com\\\/v\\\/t51.82787-15\\\/556887791_18529637935038032_1198011849595244443_n.webp?stp=dst-jpg_e35_tt6&amp;_nc_cat=105&amp;ccb=7-5&amp;_nc_sid=18de74&amp;efg=eyJlZmdfdGFnIjoiQ0FST1VTRUxfSVRFTS5iZXN0X2ltYWdlX3VybGdlbi5DMyJ9&amp;_nc_ohc=xX1E23ckRRkQ7kNvwEDeXYL&amp;_nc_oc=Ado7I62fFHA6i2SlOrn2JKWyuTqlGj8TC6tgQQYPKPziia9RoizK2EdMC-FXqcU5GUM&amp;_nc_zt=23&amp;_nc_ht=scontent-mxp2-1.cdninstagram.com&amp;edm=AM6HXa8EAAAA&amp;_nc_gid=stzgnULTmJoRoM7o3WuqhA&amp;oh=00_Af6KU0Z5Twy1kGbQHZFSWtG_FlbB7HNKMTipTUoBKGRNsg&amp;oe=69FA4C27&quot;,&quot;150&quot;:&quot;https:\\\/\\\/scontent-mxp2-1.cdninstagram.com\\\/v\\\/t51.82787-15\\\/556887791_18529637935038032_1198011849595244443_n.webp?stp=dst-jpg_e35_tt6&amp;_nc_cat=105&amp;ccb=7-5&amp;_nc_sid=18de74&amp;efg=eyJlZmdfdGFnIjoiQ0FST1VTRUxfSVRFTS5iZXN0X2ltYWdlX3VybGdlbi5DMyJ9&amp;_nc_ohc=xX1E23ckRRkQ7kNvwEDeXYL&amp;_nc_oc=Ado7I62fFHA6i2SlOrn2JKWyuTqlGj8TC6tgQQYPKPziia9RoizK2EdMC-FXqcU5GUM&amp;_nc_zt=23&amp;_nc_ht=scontent-mxp2-1.cdninstagram.com&amp;edm=AM6HXa8EAAAA&amp;_nc_gid=stzgnULTmJoRoM7o3WuqhA&amp;oh=00_Af6KU0Z5Twy1kGbQHZFSWtG_FlbB7HNKMTipTUoBKGRNsg&amp;oe=69FA4C27&quot;,&quot;320&quot;:&quot;https:\\\/\\\/www.ivanredaelli.it\\\/wp-content\\\/uploads\\\/sb-instagram-feed-images\\\/556887791_18529637935038032_1198011849595244443_nlow.webp&quot;,&quot;640&quot;:&quot;https:\\\/\\\/www.ivanredaelli.it\\\/wp-content\\\/uploads\\\/sb-instagram-feed-images\\\/556887791_18529637935038032_1198011849595244443_nfull.webp&quot;}\">\n\t\t\t<span class=\"sbi-screenreader\">A very beautiful and emotional wedding at the Mado<\/span>\n\t\t\t<svg class=\"svg-inline--fa fa-clone fa-w-16 sbi_lightbox_carousel_icon\" aria-hidden=\"true\" aria-label=\"Clone\" data-fa-pro\u0192cessed=\"\" data-prefix=\"far\" data-icon=\"clone\" role=\"img\" xmlns=\"http:\/\/www.w3.org\/2000\/svg\" viewBox=\"0 0 512 512\">\n                    <path fill=\"currentColor\" d=\"M464 0H144c-26.51 0-48 21.49-48 48v48H48c-26.51 0-48 21.49-48 48v320c0 26.51 21.49 48 48 48h320c26.51 0 48-21.49 48-48v-48h48c26.51 0 48-21.49 48-48V48c0-26.51-21.49-48-48-48zM362 464H54a6 6 0 0 1-6-6V150a6 6 0 0 1 6-6h42v224c0 26.51 21.49 48 48 48h224v42a6 6 0 0 1-6 6zm96-96H150a6 6 0 0 1-6-6V54a6 6 0 0 1 6-6h308a6 6 0 0 1 6 6v308a6 6 0 0 1-6 6z\"><\/path>\n                <\/svg>\t\t\t\t\t\t<img decoding=\"async\" src=\"https:\/\/www.ivanredaelli.it\/wp-content\/plugins\/instagram-feed\/img\/placeholder.png\" alt=\"A very beautiful and emotional wedding at the Madonnina di Barni! \n.\nwww.ivanredaelli.it\n.\n#lakecomo #lakecomoweddingphotographer #lakecomowedding #weddingphotography #fineartwedding #romanticwedding #elegantwedding #weddinginspiration #brideandgroom #justmarried #weddingportrait #weddingmoments #fotografomatrimonio #weddingday #loveauthentic #timelesswedding #weddingstoryteller\" aria-hidden=\"true\" title=\"\">\n\t\t<\/a>\n\t<\/div>\n<\/div><div class=\"sbi_item sbi_type_carousel sbi_new sbi_transition\"\n\tid=\"sbi_18029439554514139\" data-date=\"1758728562\">\n\t<div class=\"sbi_photo_wrap\">\n\t\t<a class=\"sbi_photo\" href=\"https:\/\/www.instagram.com\/p\/DO_Ywd7gvfj\/\" target=\"_blank\" rel=\"noopener nofollow\" data-full-res=\"https:\/\/scontent-mxp1-1.cdninstagram.com\/v\/t51.82787-15\/552821645_18528793858038032_8221267947536694265_n.webp?stp=dst-jpg_e35_tt6&#038;_nc_cat=107&#038;ccb=7-5&#038;_nc_sid=18de74&#038;efg=eyJlZmdfdGFnIjoiQ0FST1VTRUxfSVRFTS5iZXN0X2ltYWdlX3VybGdlbi5DMyJ9&#038;_nc_ohc=ausxQMz-Ms0Q7kNvwExWVVu&#038;_nc_oc=AdrwRuD6lC6ByKYZ70ycb2RluLfZ61mOrzQL-PGGwuY49htJ5MlbKiIcEh2nY9w62B8&#038;_nc_zt=23&#038;_nc_ht=scontent-mxp1-1.cdninstagram.com&#038;edm=AM6HXa8EAAAA&#038;_nc_gid=stzgnULTmJoRoM7o3WuqhA&#038;oh=00_Af48_wZFwVr8ugsvwZe95Iy5J3Dk8mMaZpQbUsvDqMWUXg&#038;oe=69FA4ECB\" data-img-src-set=\"{&quot;d&quot;:&quot;https:\\\/\\\/scontent-mxp1-1.cdninstagram.com\\\/v\\\/t51.82787-15\\\/552821645_18528793858038032_8221267947536694265_n.webp?stp=dst-jpg_e35_tt6&amp;_nc_cat=107&amp;ccb=7-5&amp;_nc_sid=18de74&amp;efg=eyJlZmdfdGFnIjoiQ0FST1VTRUxfSVRFTS5iZXN0X2ltYWdlX3VybGdlbi5DMyJ9&amp;_nc_ohc=ausxQMz-Ms0Q7kNvwExWVVu&amp;_nc_oc=AdrwRuD6lC6ByKYZ70ycb2RluLfZ61mOrzQL-PGGwuY49htJ5MlbKiIcEh2nY9w62B8&amp;_nc_zt=23&amp;_nc_ht=scontent-mxp1-1.cdninstagram.com&amp;edm=AM6HXa8EAAAA&amp;_nc_gid=stzgnULTmJoRoM7o3WuqhA&amp;oh=00_Af48_wZFwVr8ugsvwZe95Iy5J3Dk8mMaZpQbUsvDqMWUXg&amp;oe=69FA4ECB&quot;,&quot;150&quot;:&quot;https:\\\/\\\/scontent-mxp1-1.cdninstagram.com\\\/v\\\/t51.82787-15\\\/552821645_18528793858038032_8221267947536694265_n.webp?stp=dst-jpg_e35_tt6&amp;_nc_cat=107&amp;ccb=7-5&amp;_nc_sid=18de74&amp;efg=eyJlZmdfdGFnIjoiQ0FST1VTRUxfSVRFTS5iZXN0X2ltYWdlX3VybGdlbi5DMyJ9&amp;_nc_ohc=ausxQMz-Ms0Q7kNvwExWVVu&amp;_nc_oc=AdrwRuD6lC6ByKYZ70ycb2RluLfZ61mOrzQL-PGGwuY49htJ5MlbKiIcEh2nY9w62B8&amp;_nc_zt=23&amp;_nc_ht=scontent-mxp1-1.cdninstagram.com&amp;edm=AM6HXa8EAAAA&amp;_nc_gid=stzgnULTmJoRoM7o3WuqhA&amp;oh=00_Af48_wZFwVr8ugsvwZe95Iy5J3Dk8mMaZpQbUsvDqMWUXg&amp;oe=69FA4ECB&quot;,&quot;320&quot;:&quot;https:\\\/\\\/www.ivanredaelli.it\\\/wp-content\\\/uploads\\\/sb-instagram-feed-images\\\/552821645_18528793858038032_8221267947536694265_nlow.webp&quot;,&quot;640&quot;:&quot;https:\\\/\\\/www.ivanredaelli.it\\\/wp-content\\\/uploads\\\/sb-instagram-feed-images\\\/552821645_18528793858038032_8221267947536694265_nfull.webp&quot;}\">\n\t\t\t<span class=\"sbi-screenreader\">A beautiful wedding in Torre San Marco on lake Gar<\/span>\n\t\t\t<svg class=\"svg-inline--fa fa-clone fa-w-16 sbi_lightbox_carousel_icon\" aria-hidden=\"true\" aria-label=\"Clone\" data-fa-pro\u0192cessed=\"\" data-prefix=\"far\" data-icon=\"clone\" role=\"img\" xmlns=\"http:\/\/www.w3.org\/2000\/svg\" viewBox=\"0 0 512 512\">\n                    <path fill=\"currentColor\" d=\"M464 0H144c-26.51 0-48 21.49-48 48v48H48c-26.51 0-48 21.49-48 48v320c0 26.51 21.49 48 48 48h320c26.51 0 48-21.49 48-48v-48h48c26.51 0 48-21.49 48-48V48c0-26.51-21.49-48-48-48zM362 464H54a6 6 0 0 1-6-6V150a6 6 0 0 1 6-6h42v224c0 26.51 21.49 48 48 48h224v42a6 6 0 0 1-6 6zm96-96H150a6 6 0 0 1-6-6V54a6 6 0 0 1 6-6h308a6 6 0 0 1 6 6v308a6 6 0 0 1-6 6z\"><\/path>\n                <\/svg>\t\t\t\t\t\t<img decoding=\"async\" src=\"https:\/\/www.ivanredaelli.it\/wp-content\/plugins\/instagram-feed\/img\/placeholder.png\" alt=\"A beautiful wedding in Torre San Marco on lake Garda! A&amp;N \n.\nwww.ivanredaelli.it\n.\nWp. @weddings_at_lake_garda \n.\n#weddingphotographer #weddingphotography #fineartwedding #romanticwedding #elegantwedding #weddinginspiration #brideandgroom #justmarried #weddingportrait #weddingmoments #lakegarda #fotografomatrimonio #weddingday #loveauthentic #timelesswedding #luxuryweddingphotographer #destinationweddingphotographer #weddingstoryteller\" aria-hidden=\"true\" title=\"\">\n\t\t<\/a>\n\t<\/div>\n<\/div><div class=\"sbi_item sbi_type_carousel sbi_new sbi_transition\"\n\tid=\"sbi_18497071864067167\" data-date=\"1757592302\">\n\t<div class=\"sbi_photo_wrap\">\n\t\t<a class=\"sbi_photo\" href=\"https:\/\/www.instagram.com\/p\/DOdhg2qArwj\/\" target=\"_blank\" rel=\"noopener nofollow\" data-full-res=\"https:\/\/scontent-mxp1-1.cdninstagram.com\/v\/t51.82787-15\/544803440_18526443460038032_6282766704413597040_n.webp?stp=dst-jpg_e35_tt6&#038;_nc_cat=106&#038;ccb=7-5&#038;_nc_sid=18de74&#038;efg=eyJlZmdfdGFnIjoiQ0FST1VTRUxfSVRFTS5iZXN0X2ltYWdlX3VybGdlbi5DMyJ9&#038;_nc_ohc=B7TYrfIAWmoQ7kNvwHAEbdU&#038;_nc_oc=AdpLyAbsLHtjWi685zxFh0vsOpSBz1usqzggGIaMJabVE9Q7IkLCLC1sMOmlga86j4k&#038;_nc_zt=23&#038;_nc_ht=scontent-mxp1-1.cdninstagram.com&#038;edm=AM6HXa8EAAAA&#038;_nc_gid=stzgnULTmJoRoM7o3WuqhA&#038;oh=00_Af65egiYywCCTsBzwnTjwZ7Me1mj5K9q1A74Nu38NyrNAg&#038;oe=69FA52D3\" data-img-src-set=\"{&quot;d&quot;:&quot;https:\\\/\\\/scontent-mxp1-1.cdninstagram.com\\\/v\\\/t51.82787-15\\\/544803440_18526443460038032_6282766704413597040_n.webp?stp=dst-jpg_e35_tt6&amp;_nc_cat=106&amp;ccb=7-5&amp;_nc_sid=18de74&amp;efg=eyJlZmdfdGFnIjoiQ0FST1VTRUxfSVRFTS5iZXN0X2ltYWdlX3VybGdlbi5DMyJ9&amp;_nc_ohc=B7TYrfIAWmoQ7kNvwHAEbdU&amp;_nc_oc=AdpLyAbsLHtjWi685zxFh0vsOpSBz1usqzggGIaMJabVE9Q7IkLCLC1sMOmlga86j4k&amp;_nc_zt=23&amp;_nc_ht=scontent-mxp1-1.cdninstagram.com&amp;edm=AM6HXa8EAAAA&amp;_nc_gid=stzgnULTmJoRoM7o3WuqhA&amp;oh=00_Af65egiYywCCTsBzwnTjwZ7Me1mj5K9q1A74Nu38NyrNAg&amp;oe=69FA52D3&quot;,&quot;150&quot;:&quot;https:\\\/\\\/scontent-mxp1-1.cdninstagram.com\\\/v\\\/t51.82787-15\\\/544803440_18526443460038032_6282766704413597040_n.webp?stp=dst-jpg_e35_tt6&amp;_nc_cat=106&amp;ccb=7-5&amp;_nc_sid=18de74&amp;efg=eyJlZmdfdGFnIjoiQ0FST1VTRUxfSVRFTS5iZXN0X2ltYWdlX3VybGdlbi5DMyJ9&amp;_nc_ohc=B7TYrfIAWmoQ7kNvwHAEbdU&amp;_nc_oc=AdpLyAbsLHtjWi685zxFh0vsOpSBz1usqzggGIaMJabVE9Q7IkLCLC1sMOmlga86j4k&amp;_nc_zt=23&amp;_nc_ht=scontent-mxp1-1.cdninstagram.com&amp;edm=AM6HXa8EAAAA&amp;_nc_gid=stzgnULTmJoRoM7o3WuqhA&amp;oh=00_Af65egiYywCCTsBzwnTjwZ7Me1mj5K9q1A74Nu38NyrNAg&amp;oe=69FA52D3&quot;,&quot;320&quot;:&quot;https:\\\/\\\/www.ivanredaelli.it\\\/wp-content\\\/uploads\\\/sb-instagram-feed-images\\\/544803440_18526443460038032_6282766704413597040_nlow.webp&quot;,&quot;640&quot;:&quot;https:\\\/\\\/www.ivanredaelli.it\\\/wp-content\\\/uploads\\\/sb-instagram-feed-images\\\/544803440_18526443460038032_6282766704413597040_nfull.webp&quot;}\">\n\t\t\t<span class=\"sbi-screenreader\">A beautiful wedding on lake Como! A boat photoshoo<\/span>\n\t\t\t<svg class=\"svg-inline--fa fa-clone fa-w-16 sbi_lightbox_carousel_icon\" aria-hidden=\"true\" aria-label=\"Clone\" data-fa-pro\u0192cessed=\"\" data-prefix=\"far\" data-icon=\"clone\" role=\"img\" xmlns=\"http:\/\/www.w3.org\/2000\/svg\" viewBox=\"0 0 512 512\">\n                    <path fill=\"currentColor\" d=\"M464 0H144c-26.51 0-48 21.49-48 48v48H48c-26.51 0-48 21.49-48 48v320c0 26.51 21.49 48 48 48h320c26.51 0 48-21.49 48-48v-48h48c26.51 0 48-21.49 48-48V48c0-26.51-21.49-48-48-48zM362 464H54a6 6 0 0 1-6-6V150a6 6 0 0 1 6-6h42v224c0 26.51 21.49 48 48 48h224v42a6 6 0 0 1-6 6zm96-96H150a6 6 0 0 1-6-6V54a6 6 0 0 1 6-6h308a6 6 0 0 1 6 6v308a6 6 0 0 1-6 6z\"><\/path>\n                <\/svg>\t\t\t\t\t\t<img decoding=\"async\" src=\"https:\/\/www.ivanredaelli.it\/wp-content\/plugins\/instagram-feed\/img\/placeholder.png\" alt=\"A beautiful wedding on lake Como! A boat photoshoot from Como to Bellagio, passing by Villa del Balbianello!\n.\nwww.ivanredaelli.it\n.\n#lakecomo #lakecomowedding #photoshoot #villadelbalbianello #weddingdetails #bridestyle #weddingflatlay #fineartdetails #weddingrings #bridalshoes #weddingdecor #weddingstyling #editorialwedding #weddinginspo #timelessdetails #romanticstyle #italianweddingstyle #matrimonioelegante #bridedetails #italianweddingphotographer\" aria-hidden=\"true\" title=\"\">\n\t\t<\/a>\n\t<\/div>\n<\/div>\t<\/div>\n\n\t<div id=\"sbi_load\" >\n\n\t\n\t\n<\/div>\n\t\t<span class=\"sbi_resized_image_data\" data-feed-id=\"*1\"\n\t\t  data-resized=\"{&quot;18074225677795572&quot;:{&quot;id&quot;:&quot;523326780_18517042897038032_5136605226273518292_n&quot;,&quot;ratio&quot;:&quot;0.80&quot;,&quot;sizes&quot;:{&quot;full&quot;:640,&quot;low&quot;:320,&quot;thumb&quot;:150},&quot;extension&quot;:&quot;.webp&quot;},&quot;17917899477017082&quot;:{&quot;id&quot;:&quot;524394131_18517244185038032_3350554931111218341_n&quot;,&quot;ratio&quot;:&quot;0.80&quot;,&quot;sizes&quot;:{&quot;full&quot;:640,&quot;low&quot;:320,&quot;thumb&quot;:150},&quot;extension&quot;:&quot;.webp&quot;},&quot;18077528266923422&quot;:{&quot;id&quot;:&quot;524909234_18518377870038032_8423703639246394915_n&quot;,&quot;ratio&quot;:&quot;0.80&quot;,&quot;sizes&quot;:{&quot;full&quot;:640,&quot;low&quot;:320,&quot;thumb&quot;:150},&quot;extension&quot;:&quot;.webp&quot;},&quot;18295809505301815&quot;:{&quot;id&quot;:&quot;540006964_18523052257038032_2851089824876888250_n&quot;,&quot;ratio&quot;:&quot;0.80&quot;,&quot;sizes&quot;:{&quot;full&quot;:640,&quot;low&quot;:320,&quot;thumb&quot;:150},&quot;extension&quot;:&quot;.webp&quot;},&quot;18068057482968425&quot;:{&quot;id&quot;:&quot;541533250_18524697115038032_1956370457443578320_n&quot;,&quot;ratio&quot;:&quot;0.75&quot;,&quot;sizes&quot;:{&quot;full&quot;:640,&quot;low&quot;:320,&quot;thumb&quot;:150},&quot;extension&quot;:&quot;.webp&quot;},&quot;18497071864067167&quot;:{&quot;id&quot;:&quot;544803440_18526443460038032_6282766704413597040_n&quot;,&quot;ratio&quot;:&quot;0.80&quot;,&quot;sizes&quot;:{&quot;full&quot;:640,&quot;low&quot;:320,&quot;thumb&quot;:150},&quot;extension&quot;:&quot;.webp&quot;},&quot;18029439554514139&quot;:{&quot;id&quot;:&quot;552821645_18528793858038032_8221267947536694265_n&quot;,&quot;ratio&quot;:&quot;0.80&quot;,&quot;sizes&quot;:{&quot;full&quot;:640,&quot;low&quot;:320,&quot;thumb&quot;:150},&quot;extension&quot;:&quot;.webp&quot;},&quot;17875452429423827&quot;:{&quot;id&quot;:&quot;556887791_18529637935038032_1198011849595244443_n&quot;,&quot;ratio&quot;:&quot;0.80&quot;,&quot;sizes&quot;:{&quot;full&quot;:640,&quot;low&quot;:320,&quot;thumb&quot;:150},&quot;extension&quot;:&quot;.webp&quot;},&quot;18088771819859888&quot;:{&quot;id&quot;:&quot;561084098_18531681844038032_2023942366150216232_n&quot;,&quot;ratio&quot;:&quot;0.80&quot;,&quot;sizes&quot;:{&quot;full&quot;:640,&quot;low&quot;:320,&quot;thumb&quot;:150},&quot;extension&quot;:&quot;.webp&quot;},&quot;17850556284584284&quot;:{&quot;id&quot;:&quot;573637257_18537527866038032_8727052348751211653_n&quot;,&quot;ratio&quot;:&quot;0.80&quot;,&quot;sizes&quot;:{&quot;full&quot;:640,&quot;low&quot;:320,&quot;thumb&quot;:150},&quot;extension&quot;:&quot;.webp&quot;},&quot;17928463683113527&quot;:{&quot;id&quot;:&quot;573683421_18537774412038032_5605785108189778824_n&quot;,&quot;ratio&quot;:&quot;0.75&quot;,&quot;sizes&quot;:{&quot;full&quot;:640,&quot;low&quot;:320,&quot;thumb&quot;:150},&quot;extension&quot;:&quot;.webp&quot;},&quot;17854722930571962&quot;:{&quot;id&quot;:&quot;586888761_18542850910038032_6463417900615306077_n&quot;,&quot;ratio&quot;:&quot;0.75&quot;,&quot;sizes&quot;:{&quot;full&quot;:640,&quot;low&quot;:320,&quot;thumb&quot;:150},&quot;extension&quot;:&quot;.webp&quot;},&quot;17855719695528705&quot;:{&quot;id&quot;:&quot;589440364_18544329664038032_2537095815352957402_n&quot;,&quot;ratio&quot;:&quot;0.75&quot;,&quot;sizes&quot;:{&quot;full&quot;:640,&quot;low&quot;:320,&quot;thumb&quot;:150},&quot;extension&quot;:&quot;.webp&quot;},&quot;17976623483797909&quot;:{&quot;id&quot;:&quot;612419011_18550391212038032_5619430348440462383_n&quot;,&quot;ratio&quot;:&quot;0.75&quot;,&quot;sizes&quot;:{&quot;full&quot;:640,&quot;low&quot;:320,&quot;thumb&quot;:150},&quot;extension&quot;:&quot;.webp&quot;},&quot;18421399294141427&quot;:{&quot;id&quot;:&quot;641221591_18566499757038032_3211226960194346088_n&quot;,&quot;ratio&quot;:&quot;0.75&quot;,&quot;sizes&quot;:{&quot;full&quot;:640,&quot;low&quot;:320,&quot;thumb&quot;:150},&quot;extension&quot;:&quot;.webp&quot;},&quot;18378576757094963&quot;:{&quot;id&quot;:&quot;632640326_18566498311038032_416681173017815370_n&quot;,&quot;ratio&quot;:&quot;0.75&quot;,&quot;sizes&quot;:{&quot;full&quot;:640,&quot;low&quot;:320,&quot;thumb&quot;:150},&quot;extension&quot;:&quot;.webp&quot;},&quot;18372222454167906&quot;:{&quot;id&quot;:&quot;675444643_18580706482038032_179131584116554368_n&quot;,&quot;ratio&quot;:&quot;0.75&quot;,&quot;sizes&quot;:{&quot;full&quot;:640,&quot;low&quot;:320,&quot;thumb&quot;:150},&quot;extension&quot;:&quot;.webp&quot;}}\">\n\t<\/span>\n\t<\/div>\n\n\t<style type=\"text\/css\">\n\t\t\t\t\t\t#sb_instagram .sbi_follow_btn a:hover,\n\t\t#sb_instagram .sbi_follow_btn a:focus {\n\t\t\toutline: none;\n\t\t\tbox-shadow: inset 0 0 10px 20px#737373;\n\t\t}\n\n\t\t\t<\/style>\n\t\t\t\t\t<\/div>\n\t\t\t\t<\/div>\n\t\t\t\t\t<\/div>\n\t\t<\/div>\n\t\t\t\t\t<\/div>\n\t\t<\/section>\n\t\t\t\t<section class=\"elementor-section elementor-top-section elementor-element elementor-element-02efb17 elementor-section-full_width elementor-hidden-desktop elementor-hidden-tablet elementor-section-height-default elementor-section-height-default\" data-id=\"02efb17\" data-element_type=\"section\" data-e-type=\"section\" data-settings=\"{&quot;background_background&quot;:&quot;classic&quot;}\">\n\t\t\t\t\t\t<div class=\"elementor-container elementor-column-gap-default\">\n\t\t\t\t\t<div class=\"elementor-column elementor-col-100 elementor-top-column elementor-element elementor-element-0e24794\" data-id=\"0e24794\" data-element_type=\"column\" data-e-type=\"column\" data-settings=\"{&quot;background_background&quot;:&quot;classic&quot;}\">\n\t\t\t<div class=\"elementor-widget-wrap elementor-element-populated\">\n\t\t\t\t\t\t<div class=\"elementor-element elementor-element-044cd95 elementor-tablet-align-center elementor-align-center elementor-widget__width-initial animated-slow elementor-hidden-desktop elementor-hidden-tablet elementor-invisible elementor-widget elementor-widget-button\" data-id=\"044cd95\" data-element_type=\"widget\" data-e-type=\"widget\" data-settings=\"{&quot;_animation&quot;:&quot;headShake&quot;}\" data-widget_type=\"button.default\">\n\t\t\t\t\t\t\t\t\t\t<a class=\"elementor-button elementor-button-link elementor-size-sm elementor-animation-shrink\" href=\"https:\/\/www.instagram.com\/ivanredaelli_photographer\/\" target=\"_blank\" rel=\"noopener\">\n\t\t\t\t\t\t<span class=\"elementor-button-content-wrapper\">\n\t\t\t\t\t\t\t\t\t<span class=\"elementor-button-text\">Follow me on instagram<\/span>\n\t\t\t\t\t<\/span>\n\t\t\t\t\t<\/a>\n\t\t\t\t\t\t\t\t<\/div>\n\t\t\t\t\t<\/div>\n\t\t<\/div>\n\t\t\t\t\t<\/div>\n\t\t<\/section>\n\t\t\t\t<section class=\"elementor-section elementor-top-section elementor-element elementor-element-802e5b6 elementor-hidden-desktop elementor-hidden-tablet elementor-section-boxed elementor-section-height-default elementor-section-height-default\" data-id=\"802e5b6\" data-element_type=\"section\" data-e-type=\"section\">\n\t\t\t\t\t\t<div class=\"elementor-container elementor-column-gap-default\">\n\t\t\t\t\t<div class=\"elementor-column elementor-col-100 elementor-top-column elementor-element elementor-element-cafe568\" data-id=\"cafe568\" data-element_type=\"column\" data-e-type=\"column\">\n\t\t\t<div class=\"elementor-widget-wrap elementor-element-populated\">\n\t\t\t\t\t\t<div class=\"elementor-element elementor-element-0d23888 elementor-hidden-desktop elementor-hidden-tablet elementor-widget elementor-widget-image\" data-id=\"0d23888\" data-element_type=\"widget\" data-e-type=\"widget\" data-widget_type=\"image.default\">\n\t\t\t\t\t\t\t\t\t\t\t\t\t\t\t<img loading=\"lazy\" decoding=\"async\" width=\"350\" height=\"139\" src=\"https:\/\/www.ivanredaelli.it\/wp-content\/uploads\/2025\/05\/Div.jpg\" class=\"attachment-medium_large size-medium_large wp-image-13124\" alt=\"\" srcset=\"https:\/\/www.ivanredaelli.it\/wp-content\/uploads\/2025\/05\/Div.jpg 350w, https:\/\/www.ivanredaelli.it\/wp-content\/uploads\/2025\/05\/Div-300x119.jpg 300w\" sizes=\"(max-width: 350px) 100vw, 350px\" title=\"\">\t\t\t\t\t\t\t\t\t\t\t\t\t\t\t<\/div>\n\t\t\t\t\t<\/div>\n\t\t<\/div>\n\t\t\t\t\t<\/div>\n\t\t<\/section>\n\t\t\t\t<section class=\"elementor-section elementor-top-section elementor-element elementor-element-addf38f elementor-hidden-tablet elementor-reverse-mobile elementor-hidden-mobile elementor-section-boxed elementor-section-height-default elementor-section-height-default\" data-id=\"addf38f\" data-element_type=\"section\" data-e-type=\"section\">\n\t\t\t\t\t\t<div class=\"elementor-container elementor-column-gap-default\">\n\t\t\t\t\t<div class=\"elementor-column elementor-col-100 elementor-top-column elementor-element elementor-element-1ef5b7d\" data-id=\"1ef5b7d\" data-element_type=\"column\" data-e-type=\"column\">\n\t\t\t<div class=\"elementor-widget-wrap elementor-element-populated\">\n\t\t\t\t\t\t<div class=\"elementor-element elementor-element-0523016 elementor-widget elementor-widget-image\" data-id=\"0523016\" data-element_type=\"widget\" data-e-type=\"widget\" data-widget_type=\"image.default\">\n\t\t\t\t\t\t\t\t\t\t\t\t\t\t\t<img loading=\"lazy\" decoding=\"async\" width=\"350\" height=\"139\" src=\"https:\/\/www.ivanredaelli.it\/wp-content\/uploads\/2025\/05\/Div.jpg\" class=\"attachment-large size-large wp-image-13124\" alt=\"\" srcset=\"https:\/\/www.ivanredaelli.it\/wp-content\/uploads\/2025\/05\/Div.jpg 350w, https:\/\/www.ivanredaelli.it\/wp-content\/uploads\/2025\/05\/Div-300x119.jpg 300w\" sizes=\"(max-width: 350px) 100vw, 350px\" title=\"\">\t\t\t\t\t\t\t\t\t\t\t\t\t\t\t<\/div>\n\t\t\t\t\t<\/div>\n\t\t<\/div>\n\t\t\t\t\t<\/div>\n\t\t<\/section>\n\t\t\t\t<section class=\"elementor-section elementor-top-section elementor-element elementor-element-4bddcec elementor-section-full_width elementor-hidden-mobile elementor-section-height-default elementor-section-height-default\" data-id=\"4bddcec\" data-element_type=\"section\" data-e-type=\"section\">\n\t\t\t\t\t\t<div class=\"elementor-container elementor-column-gap-default\">\n\t\t\t\t\t<div class=\"elementor-column elementor-col-100 elementor-top-column elementor-element elementor-element-1bac20a\" data-id=\"1bac20a\" data-element_type=\"column\" data-e-type=\"column\">\n\t\t\t<div class=\"elementor-widget-wrap elementor-element-populated\">\n\t\t\t\t\t\t<div class=\"elementor-element elementor-element-5cc9161 elementor-widget elementor-widget-text-editor\" data-id=\"5cc9161\" data-element_type=\"widget\" data-e-type=\"widget\" data-widget_type=\"text-editor.default\">\n\t\t\t\t\t\t\t\t\t<p>About me<\/p>\t\t\t\t\t\t\t\t<\/div>\n\t\t\t\t\t<\/div>\n\t\t<\/div>\n\t\t\t\t\t<\/div>\n\t\t<\/section>\n\t\t\t\t<section class=\"elementor-section elementor-top-section elementor-element elementor-element-97cdedf elementor-section-full_width elementor-section-height-default elementor-section-height-default\" data-id=\"97cdedf\" data-element_type=\"section\" data-e-type=\"section\">\n\t\t\t\t\t\t<div class=\"elementor-container elementor-column-gap-default\">\n\t\t\t\t\t<div class=\"elementor-column elementor-col-100 elementor-top-column elementor-element elementor-element-644b3c2\" data-id=\"644b3c2\" data-element_type=\"column\" data-e-type=\"column\">\n\t\t\t<div class=\"elementor-widget-wrap elementor-element-populated\">\n\t\t\t\t\t\t<div class=\"elementor-element elementor-element-3456498 elementor-widget elementor-widget-shortcode\" data-id=\"3456498\" data-element_type=\"widget\" data-e-type=\"widget\" data-widget_type=\"shortcode.default\">\n\t\t\t\t\t\t\t<div class=\"elementor-shortcode\"> <pre class=\"ti-widget\" style=\"display: none\"><template id=\"trustindex-google-widget-html\"><div class=\" ti-widget  ti-goog ti-disable-font ti-show-rating-text ti-review-text-mode-readmore ti-text-align-left\" data-no-translation=\"true\" data-time-locale=\"%d %s fa|oggi|giorno|giorni|settimana|settimane|mese|mesi|anno|anni\" data-plugin-version=\"13.2.7\" data-layout-id=\"5\" data-layout-category=\"slider\" data-set-id=\"light-background\" data-pid=\"\" data-language=\"it\" data-close-locale=\"Vicino\" data-review-target-width=\"275\" data-css-version=\"2\" data-reply-by-locale=\"Risposta dal proprietario\" data-only-rating-locale=\"Questo utente ha lasciato solo una valutazione.\" data-pager-autoplay-timeout=\"6\"> <div class=\"ti-widget-container ti-col-4\"> <div class=\"ti-footer ti-footer-grid source-Google\"> <div class=\"ti-fade-container\"> <div class=\"ti-rating-text\"> <strong class=\"ti-rating ti-rating-large\"> ECCELLENTE <\/strong> <\/div> <span class=\"ti-stars star-lg\"><trustindex-image class=\"ti-star\" data-imgurl=\"https:\/\/cdn.trustindex.io\/assets\/platform\/Google\/star\/f.svg\" alt=\"Google\" width=\"17\" height=\"17\" loading=\"lazy\"><\/trustindex-image><trustindex-image class=\"ti-star\" data-imgurl=\"https:\/\/cdn.trustindex.io\/assets\/platform\/Google\/star\/f.svg\" alt=\"Google\" width=\"17\" height=\"17\" loading=\"lazy\"><\/trustindex-image><trustindex-image class=\"ti-star\" data-imgurl=\"https:\/\/cdn.trustindex.io\/assets\/platform\/Google\/star\/f.svg\" alt=\"Google\" width=\"17\" height=\"17\" loading=\"lazy\"><\/trustindex-image><trustindex-image class=\"ti-star\" data-imgurl=\"https:\/\/cdn.trustindex.io\/assets\/platform\/Google\/star\/f.svg\" alt=\"Google\" width=\"17\" height=\"17\" loading=\"lazy\"><\/trustindex-image><trustindex-image class=\"ti-star\" data-imgurl=\"https:\/\/cdn.trustindex.io\/assets\/platform\/Google\/star\/f.svg\" alt=\"Google\" width=\"17\" height=\"17\" loading=\"lazy\"><\/trustindex-image><\/span> <div class=\"ti-rating-text\"> <span class=\"nowrap\">In base a <strong>42 recensioni<\/strong><\/span> <\/div> <div class=\"ti-large-logo\"> <div class=\"ti-v-center\"> <trustindex-image class=\"ti-logo-fb\" data-imgurl=\"https:\/\/cdn.trustindex.io\/assets\/platform\/Google\/logo.svg\" width=\"150\" height=\"25\" loading=\"lazy\" alt=\"Google\"><\/trustindex-image> <\/div> <\/div> <\/div> <\/div> <div class=\"ti-reviews-container\"> <div class=\"ti-controls\"> <div class=\"ti-next\" aria-label=\"Prossima recensione\" role=\"button\" tabindex=\"0\"><\/div> <div class=\"ti-prev\" aria-label=\"Recensione precedente\" role=\"button\" tabindex=\"0\"><\/div> <\/div> <div class=\"ti-reviews-container-wrapper\">  <div data-empty=\"0\" data-time=\"1742860800\" class=\"ti-review-item source-Google ti-image-layout-thumbnail\" data-id=\"cfcd208495d565ef66e7dff9f98764da\"> <div class=\"ti-inner\"> <div class=\"ti-review-header\"> <div class=\"ti-platform-icon ti-with-tooltip\"> <span class=\"ti-tooltip\">Pubblicato su <\/span> <trustindex-image data-imgurl=\"https:\/\/cdn.trustindex.io\/assets\/platform\/Google\/icon.svg\" alt=\"\" width=\"20\" height=\"20\" loading=\"lazy\"><\/trustindex-image> <\/div> <div class=\"ti-profile-img\"> <trustindex-image data-imgurl=\"https:\/\/lh3.googleusercontent.com\/a\/ACg8ocJ2Bp2Zma3I4ZQYwEBV-Gx70FtuH4-DV3XcgulvIxaZKOggsg=w40-h40-c-rp-mo-br100\" alt=\"Giulia Baserga profile picture\" loading=\"lazy\"><\/trustindex-image> <\/div> <div class=\"ti-profile-details\"> <div class=\"ti-name\"> Giulia Baserga <\/div> <div class=\"ti-date\"><\/div> <\/div> <\/div> <span class=\"ti-stars\"><trustindex-image class=\"ti-star\" data-imgurl=\"https:\/\/cdn.trustindex.io\/assets\/platform\/Google\/star\/f.svg\" alt=\"Google\" width=\"17\" height=\"17\" loading=\"lazy\"><\/trustindex-image><trustindex-image class=\"ti-star\" data-imgurl=\"https:\/\/cdn.trustindex.io\/assets\/platform\/Google\/star\/f.svg\" alt=\"Google\" width=\"17\" height=\"17\" loading=\"lazy\"><\/trustindex-image><trustindex-image class=\"ti-star\" data-imgurl=\"https:\/\/cdn.trustindex.io\/assets\/platform\/Google\/star\/f.svg\" alt=\"Google\" width=\"17\" height=\"17\" loading=\"lazy\"><\/trustindex-image><trustindex-image class=\"ti-star\" data-imgurl=\"https:\/\/cdn.trustindex.io\/assets\/platform\/Google\/star\/f.svg\" alt=\"Google\" width=\"17\" height=\"17\" loading=\"lazy\"><\/trustindex-image><trustindex-image class=\"ti-star\" data-imgurl=\"https:\/\/cdn.trustindex.io\/assets\/platform\/Google\/star\/f.svg\" alt=\"Google\" width=\"17\" height=\"17\" loading=\"lazy\"><\/trustindex-image><span class=\"ti-verified-review ti-verified-platform\"><span class=\"ti-verified-tooltip\">Trustindex verifica che la fonte originale della recensione sia Google.<\/span><\/span><\/span> <div class=\"ti-review-text-container ti-review-content\"><!-- R-CONTENT -->Ho ricevuto in regalo un corso di 5 lezioni online con Ivan, che \u00e8 davvero professionale, disponibile e simpatico. Le sue spiegazioni sono molto chiare, questione non scontata non essendo il mio corso in presenza. Ho potuto apprendere le basi della fotografia per iniziare a fare pratica in autonomia. Davvero consigliato!<!-- R-CONTENT --><\/div> <span class=\"ti-read-more\" data-container=\".ti-review-content\" data-collapse-text=\"Nascondere\" data-open-text=\"Leggi di pi\u00f9\"><\/span> <\/div> <\/div>  <div data-empty=\"0\" data-time=\"1737331200\" class=\"ti-review-item source-Google ti-image-layout-thumbnail\" data-id=\"cfcd208495d565ef66e7dff9f98764da\"> <div class=\"ti-inner\"> <div class=\"ti-review-header\"> <div class=\"ti-platform-icon ti-with-tooltip\"> <span class=\"ti-tooltip\">Pubblicato su <\/span> <trustindex-image data-imgurl=\"https:\/\/cdn.trustindex.io\/assets\/platform\/Google\/icon.svg\" alt=\"\" width=\"20\" height=\"20\" loading=\"lazy\"><\/trustindex-image> <\/div> <div class=\"ti-profile-img\"> <trustindex-image data-imgurl=\"https:\/\/lh3.googleusercontent.com\/a-\/ALV-UjVrIgAinkWBU23_1MYUEu1KB7GjSPn27f2m91fSC467nSSiku4=w40-h40-c-rp-mo-br100\" alt=\"Alessandra rocca profile picture\" loading=\"lazy\"><\/trustindex-image> <\/div> <div class=\"ti-profile-details\"> <div class=\"ti-name\"> Alessandra rocca <\/div> <div class=\"ti-date\"><\/div> <\/div> <\/div> <span class=\"ti-stars\"><trustindex-image class=\"ti-star\" data-imgurl=\"https:\/\/cdn.trustindex.io\/assets\/platform\/Google\/star\/f.svg\" alt=\"Google\" width=\"17\" height=\"17\" loading=\"lazy\"><\/trustindex-image><trustindex-image class=\"ti-star\" data-imgurl=\"https:\/\/cdn.trustindex.io\/assets\/platform\/Google\/star\/f.svg\" alt=\"Google\" width=\"17\" height=\"17\" loading=\"lazy\"><\/trustindex-image><trustindex-image class=\"ti-star\" data-imgurl=\"https:\/\/cdn.trustindex.io\/assets\/platform\/Google\/star\/f.svg\" alt=\"Google\" width=\"17\" height=\"17\" loading=\"lazy\"><\/trustindex-image><trustindex-image class=\"ti-star\" data-imgurl=\"https:\/\/cdn.trustindex.io\/assets\/platform\/Google\/star\/f.svg\" alt=\"Google\" width=\"17\" height=\"17\" loading=\"lazy\"><\/trustindex-image><trustindex-image class=\"ti-star\" data-imgurl=\"https:\/\/cdn.trustindex.io\/assets\/platform\/Google\/star\/f.svg\" alt=\"Google\" width=\"17\" height=\"17\" loading=\"lazy\"><\/trustindex-image><span class=\"ti-verified-review ti-verified-platform\"><span class=\"ti-verified-tooltip\">Trustindex verifica che la fonte originale della recensione sia Google.<\/span><\/span><\/span> <div class=\"ti-review-text-container ti-review-content\"><!-- R-CONTENT -->Consiglio vivamente Ivan per la professionalit\u00e0 di alto livello e la disponibilit\u00e0. \u00c8 stato capace fin dal primo minuto durante il mio shooting di mettermi a mio agio e non dare nulla per scontato.<!-- R-CONTENT --><\/div> <span class=\"ti-read-more\" data-container=\".ti-review-content\" data-collapse-text=\"Nascondere\" data-open-text=\"Leggi di pi\u00f9\"><\/span> <\/div> <\/div>  <div data-empty=\"0\" data-time=\"1734048000\" class=\"ti-review-item source-Google ti-image-layout-thumbnail\" data-id=\"cfcd208495d565ef66e7dff9f98764da\"> <div class=\"ti-inner\"> <div class=\"ti-review-header\"> <div class=\"ti-platform-icon ti-with-tooltip\"> <span class=\"ti-tooltip\">Pubblicato su <\/span> <trustindex-image data-imgurl=\"https:\/\/cdn.trustindex.io\/assets\/platform\/Google\/icon.svg\" alt=\"\" width=\"20\" height=\"20\" loading=\"lazy\"><\/trustindex-image> <\/div> <div class=\"ti-profile-img\"> <trustindex-image data-imgurl=\"https:\/\/lh3.googleusercontent.com\/a\/ACg8ocK15d3kym3-WJOKidiQMqErfiRZ4RyJi8BzL3zkNW233Dyz6A=w40-h40-c-rp-mo-br100\" alt=\"Ivan Regazzoni profile picture\" loading=\"lazy\"><\/trustindex-image> <\/div> <div class=\"ti-profile-details\"> <div class=\"ti-name\"> Ivan Regazzoni <\/div> <div class=\"ti-date\"><\/div> <\/div> <\/div> <span class=\"ti-stars\"><trustindex-image class=\"ti-star\" data-imgurl=\"https:\/\/cdn.trustindex.io\/assets\/platform\/Google\/star\/f.svg\" alt=\"Google\" width=\"17\" height=\"17\" loading=\"lazy\"><\/trustindex-image><trustindex-image class=\"ti-star\" data-imgurl=\"https:\/\/cdn.trustindex.io\/assets\/platform\/Google\/star\/f.svg\" alt=\"Google\" width=\"17\" height=\"17\" loading=\"lazy\"><\/trustindex-image><trustindex-image class=\"ti-star\" data-imgurl=\"https:\/\/cdn.trustindex.io\/assets\/platform\/Google\/star\/f.svg\" alt=\"Google\" width=\"17\" height=\"17\" loading=\"lazy\"><\/trustindex-image><trustindex-image class=\"ti-star\" data-imgurl=\"https:\/\/cdn.trustindex.io\/assets\/platform\/Google\/star\/f.svg\" alt=\"Google\" width=\"17\" height=\"17\" loading=\"lazy\"><\/trustindex-image><trustindex-image class=\"ti-star\" data-imgurl=\"https:\/\/cdn.trustindex.io\/assets\/platform\/Google\/star\/f.svg\" alt=\"Google\" width=\"17\" height=\"17\" loading=\"lazy\"><\/trustindex-image><span class=\"ti-verified-review ti-verified-platform\"><span class=\"ti-verified-tooltip\">Trustindex verifica che la fonte originale della recensione sia Google.<\/span><\/span><\/span> <div class=\"ti-review-text-container ti-review-content\"><!-- R-CONTENT -->Volevo dedicare due parole a Ivan in quanto con lui ho fatto un corso one-to-one dedicato alla post-produzione. Be che dire, un professionista a 360\u00b0, lavora sui dettagli in maniera maniacale per portare la foto scattata alla sua forma migliore. La seriet\u00e0, la conoscenza e la professionalit\u00e0 che mette a disposizione di chi vuole imparare \u00e8 a livelli altissimi. Una rarit\u00e0 da trovare in una sola persona! Grazie Ivan<!-- R-CONTENT --><\/div> <span class=\"ti-read-more\" data-container=\".ti-review-content\" data-collapse-text=\"Nascondere\" data-open-text=\"Leggi di pi\u00f9\"><\/span> <\/div> <\/div>  <div data-empty=\"0\" data-time=\"1731024000\" class=\"ti-review-item source-Google ti-image-layout-thumbnail\" data-id=\"cfcd208495d565ef66e7dff9f98764da\"> <div class=\"ti-inner\"> <div class=\"ti-review-header\"> <div class=\"ti-platform-icon ti-with-tooltip\"> <span class=\"ti-tooltip\">Pubblicato su <\/span> <trustindex-image data-imgurl=\"https:\/\/cdn.trustindex.io\/assets\/platform\/Google\/icon.svg\" alt=\"\" width=\"20\" height=\"20\" loading=\"lazy\"><\/trustindex-image> <\/div> <div class=\"ti-profile-img\"> <trustindex-image data-imgurl=\"https:\/\/lh3.googleusercontent.com\/a\/ACg8ocJk2SS66h4_Ecumy_zpXMOkx2Tw_9tY5aB4DIosAayAaHzP4g=w40-h40-c-rp-mo-br100\" alt=\"Sharvanjan Sivakumar profile picture\" loading=\"lazy\"><\/trustindex-image> <\/div> <div class=\"ti-profile-details\"> <div class=\"ti-name\"> Sharvanjan Sivakumar <\/div> <div class=\"ti-date\"><\/div> <\/div> <\/div> <span class=\"ti-stars\"><trustindex-image class=\"ti-star\" data-imgurl=\"https:\/\/cdn.trustindex.io\/assets\/platform\/Google\/star\/f.svg\" alt=\"Google\" width=\"17\" height=\"17\" loading=\"lazy\"><\/trustindex-image><trustindex-image class=\"ti-star\" data-imgurl=\"https:\/\/cdn.trustindex.io\/assets\/platform\/Google\/star\/f.svg\" alt=\"Google\" width=\"17\" height=\"17\" loading=\"lazy\"><\/trustindex-image><trustindex-image class=\"ti-star\" data-imgurl=\"https:\/\/cdn.trustindex.io\/assets\/platform\/Google\/star\/f.svg\" alt=\"Google\" width=\"17\" height=\"17\" loading=\"lazy\"><\/trustindex-image><trustindex-image class=\"ti-star\" data-imgurl=\"https:\/\/cdn.trustindex.io\/assets\/platform\/Google\/star\/f.svg\" alt=\"Google\" width=\"17\" height=\"17\" loading=\"lazy\"><\/trustindex-image><trustindex-image class=\"ti-star\" data-imgurl=\"https:\/\/cdn.trustindex.io\/assets\/platform\/Google\/star\/f.svg\" alt=\"Google\" width=\"17\" height=\"17\" loading=\"lazy\"><\/trustindex-image><span class=\"ti-verified-review ti-verified-platform\"><span class=\"ti-verified-tooltip\">Trustindex verifica che la fonte originale della recensione sia Google.<\/span><\/span><\/span> <div class=\"ti-review-text-container ti-review-content\"><!-- R-CONTENT -->Ivan did an exceptional job with my surprise proposal photoshoot! My fiancee and myself are based in Toronto, Canada and he did a great job communicating with me multiple times through WhatsApp as well as getting on a few video calls to hear out my proposal idea and offered ideas that I incorporated into the proposal. He also brought an assistant with him on the day of the shoot which was very helpful for us. The pictures he took were high quality and he was able to provide us the finished product within a week. I would highly recommend him for anyone looking to do a photoshoot especially in the Lake Como area as he is very familiar with the location. Thanks again Ivan for making our proposal special and a memorable one too!<!-- R-CONTENT --><\/div> <span class=\"ti-read-more\" data-container=\".ti-review-content\" data-collapse-text=\"Nascondere\" data-open-text=\"Leggi di pi\u00f9\"><\/span> <\/div> <\/div>  <div data-empty=\"0\" data-time=\"1731024000\" class=\"ti-review-item source-Google ti-image-layout-thumbnail\" data-id=\"cfcd208495d565ef66e7dff9f98764da\"> <div class=\"ti-inner\"> <div class=\"ti-review-header\"> <div class=\"ti-platform-icon ti-with-tooltip\"> <span class=\"ti-tooltip\">Pubblicato su <\/span> <trustindex-image data-imgurl=\"https:\/\/cdn.trustindex.io\/assets\/platform\/Google\/icon.svg\" alt=\"\" width=\"20\" height=\"20\" loading=\"lazy\"><\/trustindex-image> <\/div> <div class=\"ti-profile-img\"> <trustindex-image data-imgurl=\"https:\/\/lh3.googleusercontent.com\/a\/ACg8ocIVZBIje_AaC6RE2pWFfSM0tjnZD8t0R4Fg9IvKXx4AjdXtrA=w40-h40-c-rp-mo-br100\" alt=\"Alexandra Jennings profile picture\" loading=\"lazy\"><\/trustindex-image> <\/div> <div class=\"ti-profile-details\"> <div class=\"ti-name\"> Alexandra Jennings <\/div> <div class=\"ti-date\"><\/div> <\/div> <\/div> <span class=\"ti-stars\"><trustindex-image class=\"ti-star\" data-imgurl=\"https:\/\/cdn.trustindex.io\/assets\/platform\/Google\/star\/f.svg\" alt=\"Google\" width=\"17\" height=\"17\" loading=\"lazy\"><\/trustindex-image><trustindex-image class=\"ti-star\" data-imgurl=\"https:\/\/cdn.trustindex.io\/assets\/platform\/Google\/star\/f.svg\" alt=\"Google\" width=\"17\" height=\"17\" loading=\"lazy\"><\/trustindex-image><trustindex-image class=\"ti-star\" data-imgurl=\"https:\/\/cdn.trustindex.io\/assets\/platform\/Google\/star\/f.svg\" alt=\"Google\" width=\"17\" height=\"17\" loading=\"lazy\"><\/trustindex-image><trustindex-image class=\"ti-star\" data-imgurl=\"https:\/\/cdn.trustindex.io\/assets\/platform\/Google\/star\/f.svg\" alt=\"Google\" width=\"17\" height=\"17\" loading=\"lazy\"><\/trustindex-image><trustindex-image class=\"ti-star\" data-imgurl=\"https:\/\/cdn.trustindex.io\/assets\/platform\/Google\/star\/f.svg\" alt=\"Google\" width=\"17\" height=\"17\" loading=\"lazy\"><\/trustindex-image><span class=\"ti-verified-review ti-verified-platform\"><span class=\"ti-verified-tooltip\">Trustindex verifica che la fonte originale della recensione sia Google.<\/span><\/span><\/span> <div class=\"ti-review-text-container ti-review-content\"><!-- R-CONTENT -->This review is long overdue, but we had the absolute pleasure of working with Ivan for our 5th-year vow renewal in Italy, and we couldn\u2019t be more thrilled with the results! From start to finish, Ivan was not only professional and approachable, but also genuinely passionate about capturing every moment of our special day. His attention to detail and warmth made the entire experience even more memorable.\n\nThis vow renewal was a milestone for us\u2014it was the first time we had our entire immediate family together in one place, and we wanted to ensure that the memories would be captured perfectly. Ivan exceeded all of our expectations. The photos are not just beautiful, but they feel alive, full of emotion, and tell the perfect story of our celebration. We finally have pictures hung in our house that we are both happy about!\n\nThe way Ivan captured the stunning backdrop of Italy alongside our family\u2019s joy is something we\u2019ll cherish forever. We were able to relive the entire day, from the candid moments to the intimate portraits, through his lens. The attention to detail was evident, and his ability to seamlessly blend into the event while still getting the most incredible shots was impressive.\n\nIf you\u2019re looking for a photographer who can perfectly capture not just the look of your special day but the feeling as well, we highly recommend Ivan. We\u2019re beyond grateful for the stunning photos we\u2019ll treasure for the rest of our lives!<!-- R-CONTENT --><\/div> <span class=\"ti-read-more\" data-container=\".ti-review-content\" data-collapse-text=\"Nascondere\" data-open-text=\"Leggi di pi\u00f9\"><\/span> <\/div> <\/div>  <div data-empty=\"0\" data-time=\"1729900800\" class=\"ti-review-item source-Google ti-image-layout-thumbnail\" data-id=\"cfcd208495d565ef66e7dff9f98764da\"> <div class=\"ti-inner\"> <div class=\"ti-review-header\"> <div class=\"ti-platform-icon ti-with-tooltip\"> <span class=\"ti-tooltip\">Pubblicato su <\/span> <trustindex-image data-imgurl=\"https:\/\/cdn.trustindex.io\/assets\/platform\/Google\/icon.svg\" alt=\"\" width=\"20\" height=\"20\" loading=\"lazy\"><\/trustindex-image> <\/div> <div class=\"ti-profile-img\"> <trustindex-image data-imgurl=\"https:\/\/lh3.googleusercontent.com\/a\/ACg8ocKszR0juO8T-5PdxoANslLYoe5eGKkGqrU8B45FwxJumyJBsA=w40-h40-c-rp-mo-br100\" alt=\"CLAUDIA BARTESAGHI profile picture\" loading=\"lazy\"><\/trustindex-image> <\/div> <div class=\"ti-profile-details\"> <div class=\"ti-name\"> CLAUDIA BARTESAGHI <\/div> <div class=\"ti-date\"><\/div> <\/div> <\/div> <span class=\"ti-stars\"><trustindex-image class=\"ti-star\" data-imgurl=\"https:\/\/cdn.trustindex.io\/assets\/platform\/Google\/star\/f.svg\" alt=\"Google\" width=\"17\" height=\"17\" loading=\"lazy\"><\/trustindex-image><trustindex-image class=\"ti-star\" data-imgurl=\"https:\/\/cdn.trustindex.io\/assets\/platform\/Google\/star\/f.svg\" alt=\"Google\" width=\"17\" height=\"17\" loading=\"lazy\"><\/trustindex-image><trustindex-image class=\"ti-star\" data-imgurl=\"https:\/\/cdn.trustindex.io\/assets\/platform\/Google\/star\/f.svg\" alt=\"Google\" width=\"17\" height=\"17\" loading=\"lazy\"><\/trustindex-image><trustindex-image class=\"ti-star\" data-imgurl=\"https:\/\/cdn.trustindex.io\/assets\/platform\/Google\/star\/f.svg\" alt=\"Google\" width=\"17\" height=\"17\" loading=\"lazy\"><\/trustindex-image><trustindex-image class=\"ti-star\" data-imgurl=\"https:\/\/cdn.trustindex.io\/assets\/platform\/Google\/star\/f.svg\" alt=\"Google\" width=\"17\" height=\"17\" loading=\"lazy\"><\/trustindex-image><span class=\"ti-verified-review ti-verified-platform\"><span class=\"ti-verified-tooltip\">Trustindex verifica che la fonte originale della recensione sia Google.<\/span><\/span><\/span> <div class=\"ti-review-text-container ti-review-content\"><!-- R-CONTENT -->Sapevamo di affidarci ad un grande professionista e le nostre aspettative non sono state affatto deluse! Abbiamo anche scoperto una persona molto disponibile. Le foto e il video immortalano tutte le emozioni che abbiamo vissuto nel nostro giorno! Grazie mille Ivan! Claudia e Matteo<!-- R-CONTENT --><\/div> <span class=\"ti-read-more\" data-container=\".ti-review-content\" data-collapse-text=\"Nascondere\" data-open-text=\"Leggi di pi\u00f9\"><\/span> <\/div> <\/div>  <div data-empty=\"0\" data-time=\"1729123200\" class=\"ti-review-item source-Google ti-image-layout-thumbnail\" data-id=\"cfcd208495d565ef66e7dff9f98764da\"> <div class=\"ti-inner\"> <div class=\"ti-review-header\"> <div class=\"ti-platform-icon ti-with-tooltip\"> <span class=\"ti-tooltip\">Pubblicato su <\/span> <trustindex-image data-imgurl=\"https:\/\/cdn.trustindex.io\/assets\/platform\/Google\/icon.svg\" alt=\"\" width=\"20\" height=\"20\" loading=\"lazy\"><\/trustindex-image> <\/div> <div class=\"ti-profile-img\"> <trustindex-image data-imgurl=\"https:\/\/lh3.googleusercontent.com\/a-\/ALV-UjWqPxVFFBpeF2lyK3oT-U9UluVK2h07vQlf1oWjF7l2-PLi1PI=w40-h40-c-rp-mo-br100\" alt=\"Giulia Boffelli profile picture\" loading=\"lazy\"><\/trustindex-image> <\/div> <div class=\"ti-profile-details\"> <div class=\"ti-name\"> Giulia Boffelli <\/div> <div class=\"ti-date\"><\/div> <\/div> <\/div> <span class=\"ti-stars\"><trustindex-image class=\"ti-star\" data-imgurl=\"https:\/\/cdn.trustindex.io\/assets\/platform\/Google\/star\/f.svg\" alt=\"Google\" width=\"17\" height=\"17\" loading=\"lazy\"><\/trustindex-image><trustindex-image class=\"ti-star\" data-imgurl=\"https:\/\/cdn.trustindex.io\/assets\/platform\/Google\/star\/f.svg\" alt=\"Google\" width=\"17\" height=\"17\" loading=\"lazy\"><\/trustindex-image><trustindex-image class=\"ti-star\" data-imgurl=\"https:\/\/cdn.trustindex.io\/assets\/platform\/Google\/star\/f.svg\" alt=\"Google\" width=\"17\" height=\"17\" loading=\"lazy\"><\/trustindex-image><trustindex-image class=\"ti-star\" data-imgurl=\"https:\/\/cdn.trustindex.io\/assets\/platform\/Google\/star\/f.svg\" alt=\"Google\" width=\"17\" height=\"17\" loading=\"lazy\"><\/trustindex-image><trustindex-image class=\"ti-star\" data-imgurl=\"https:\/\/cdn.trustindex.io\/assets\/platform\/Google\/star\/f.svg\" alt=\"Google\" width=\"17\" height=\"17\" loading=\"lazy\"><\/trustindex-image><span class=\"ti-verified-review ti-verified-platform\"><span class=\"ti-verified-tooltip\">Trustindex verifica che la fonte originale della recensione sia Google.<\/span><\/span><\/span> <div class=\"ti-review-text-container ti-review-content\"><!-- R-CONTENT -->Bravissimo e molto professionale. Mi ha fatto un servizio spontaneo proprio come volevo.\nDelle bellissime foto che custodir\u00f2 per sempre!<!-- R-CONTENT --><\/div> <span class=\"ti-read-more\" data-container=\".ti-review-content\" data-collapse-text=\"Nascondere\" data-open-text=\"Leggi di pi\u00f9\"><\/span> <\/div> <\/div>  <div data-empty=\"0\" data-time=\"1729036800\" class=\"ti-review-item source-Google ti-image-layout-thumbnail\" data-id=\"cfcd208495d565ef66e7dff9f98764da\"> <div class=\"ti-inner\"> <div class=\"ti-review-header\"> <div class=\"ti-platform-icon ti-with-tooltip\"> <span class=\"ti-tooltip\">Pubblicato su <\/span> <trustindex-image data-imgurl=\"https:\/\/cdn.trustindex.io\/assets\/platform\/Google\/icon.svg\" alt=\"\" width=\"20\" height=\"20\" loading=\"lazy\"><\/trustindex-image> <\/div> <div class=\"ti-profile-img\"> <trustindex-image data-imgurl=\"https:\/\/lh3.googleusercontent.com\/a\/ACg8ocIsWf9lQHPtEE6ixQtx4SzDpAEV_WhCXOKjGPspnTWRQWt47A=w40-h40-c-rp-mo-br100\" alt=\"Greta Zella profile picture\" loading=\"lazy\"><\/trustindex-image> <\/div> <div class=\"ti-profile-details\"> <div class=\"ti-name\"> Greta Zella <\/div> <div class=\"ti-date\"><\/div> <\/div> <\/div> <span class=\"ti-stars\"><trustindex-image class=\"ti-star\" data-imgurl=\"https:\/\/cdn.trustindex.io\/assets\/platform\/Google\/star\/f.svg\" alt=\"Google\" width=\"17\" height=\"17\" loading=\"lazy\"><\/trustindex-image><trustindex-image class=\"ti-star\" data-imgurl=\"https:\/\/cdn.trustindex.io\/assets\/platform\/Google\/star\/f.svg\" alt=\"Google\" width=\"17\" height=\"17\" loading=\"lazy\"><\/trustindex-image><trustindex-image class=\"ti-star\" data-imgurl=\"https:\/\/cdn.trustindex.io\/assets\/platform\/Google\/star\/f.svg\" alt=\"Google\" width=\"17\" height=\"17\" loading=\"lazy\"><\/trustindex-image><trustindex-image class=\"ti-star\" data-imgurl=\"https:\/\/cdn.trustindex.io\/assets\/platform\/Google\/star\/f.svg\" alt=\"Google\" width=\"17\" height=\"17\" loading=\"lazy\"><\/trustindex-image><trustindex-image class=\"ti-star\" data-imgurl=\"https:\/\/cdn.trustindex.io\/assets\/platform\/Google\/star\/f.svg\" alt=\"Google\" width=\"17\" height=\"17\" loading=\"lazy\"><\/trustindex-image><span class=\"ti-verified-review ti-verified-platform\"><span class=\"ti-verified-tooltip\">Trustindex verifica che la fonte originale della recensione sia Google.<\/span><\/span><\/span> <div class=\"ti-review-text-container ti-review-content\"><!-- R-CONTENT -->Gi\u00e0 dal primo incontro con Ivan ci siamo accorti che ha un modo di fare pacato, sereno, che infonde tranquillit\u00e0, ma sopratutto i suoi scatti sono stupendi e lui \u00e8 appassionato del suo lavoro. Ivan, Stefano e Saverio sono stati meravigliosi. La mattina del matrimonio ci hanno messo a nostro agio, compresi amici e parenti e questo ha aiutato tanto. Non potevamo trovare di meglio e non vediamo l'ora di vedere il lavoro completato ma sappiamo gi\u00e0 che sar\u00e0 meraviglioso.<!-- R-CONTENT --><\/div> <span class=\"ti-read-more\" data-container=\".ti-review-content\" data-collapse-text=\"Nascondere\" data-open-text=\"Leggi di pi\u00f9\"><\/span> <\/div> <\/div>  <div data-empty=\"0\" data-time=\"1724025600\" class=\"ti-review-item source-Google ti-image-layout-thumbnail\" data-id=\"cfcd208495d565ef66e7dff9f98764da\"> <div class=\"ti-inner\"> <div class=\"ti-review-header\"> <div class=\"ti-platform-icon ti-with-tooltip\"> <span class=\"ti-tooltip\">Pubblicato su <\/span> <trustindex-image data-imgurl=\"https:\/\/cdn.trustindex.io\/assets\/platform\/Google\/icon.svg\" alt=\"\" width=\"20\" height=\"20\" loading=\"lazy\"><\/trustindex-image> <\/div> <div class=\"ti-profile-img\"> <trustindex-image data-imgurl=\"https:\/\/lh3.googleusercontent.com\/a\/ACg8ocKov2RNqm6SINLpcQ7vksm1Gn7It5GqImPzQTclpA6ovzKfMQ=w40-h40-c-rp-mo-ba3-br100\" alt=\"Tiffany Bates profile picture\" loading=\"lazy\"><\/trustindex-image> <\/div> <div class=\"ti-profile-details\"> <div class=\"ti-name\"> Tiffany Bates <\/div> <div class=\"ti-date\"><\/div> <\/div> <\/div> <span class=\"ti-stars\"><trustindex-image class=\"ti-star\" data-imgurl=\"https:\/\/cdn.trustindex.io\/assets\/platform\/Google\/star\/f.svg\" alt=\"Google\" width=\"17\" height=\"17\" loading=\"lazy\"><\/trustindex-image><trustindex-image class=\"ti-star\" data-imgurl=\"https:\/\/cdn.trustindex.io\/assets\/platform\/Google\/star\/f.svg\" alt=\"Google\" width=\"17\" height=\"17\" loading=\"lazy\"><\/trustindex-image><trustindex-image class=\"ti-star\" data-imgurl=\"https:\/\/cdn.trustindex.io\/assets\/platform\/Google\/star\/f.svg\" alt=\"Google\" width=\"17\" height=\"17\" loading=\"lazy\"><\/trustindex-image><trustindex-image class=\"ti-star\" data-imgurl=\"https:\/\/cdn.trustindex.io\/assets\/platform\/Google\/star\/f.svg\" alt=\"Google\" width=\"17\" height=\"17\" loading=\"lazy\"><\/trustindex-image><trustindex-image class=\"ti-star\" data-imgurl=\"https:\/\/cdn.trustindex.io\/assets\/platform\/Google\/star\/f.svg\" alt=\"Google\" width=\"17\" height=\"17\" loading=\"lazy\"><\/trustindex-image><span class=\"ti-verified-review ti-verified-platform\"><span class=\"ti-verified-tooltip\">Trustindex verifica che la fonte originale della recensione sia Google.<\/span><\/span><\/span> <div class=\"ti-review-text-container ti-review-content\"><!-- R-CONTENT -->Second to none photographer. Ivan &amp; Fabi captured our wedding perfectly in September 2023. We look back at the photos in awe.\n\nThank you for making our day so special \ud83e\udd70<!-- R-CONTENT --><\/div> <span class=\"ti-read-more\" data-container=\".ti-review-content\" data-collapse-text=\"Nascondere\" data-open-text=\"Leggi di pi\u00f9\"><\/span> <\/div> <\/div>  <\/div> <div class=\"ti-controls-line\"> <div class=\"dot\"><\/div> <\/div>   <\/div> <\/div> <\/div> <\/template><\/pre><div data-src=\"https:\/\/cdn.trustindex.io\/loader.js?wp-widget\" data-template-id=\"trustindex-google-widget-html\" data-css-url=\"https:\/\/www.ivanredaelli.it\/wp-content\/uploads\/trustindex-google-widget.css?1766063953\"><\/div> <\/div>\n\t\t\t\t\t\t<\/div>\n\t\t\t\t\t<\/div>\n\t\t<\/div>\n\t\t\t\t\t<\/div>\n\t\t<\/section>\n\t\t\t\t<section class=\"elementor-section elementor-top-section elementor-element elementor-element-87cba07 elementor-section-full_width elementor-section-height-default elementor-section-height-default\" data-id=\"87cba07\" data-element_type=\"section\" data-e-type=\"section\">\n\t\t\t\t\t\t<div class=\"elementor-container elementor-column-gap-default\">\n\t\t\t\t\t<div class=\"elementor-column elementor-col-100 elementor-top-column elementor-element elementor-element-a84bc99\" data-id=\"a84bc99\" data-element_type=\"column\" data-e-type=\"column\">\n\t\t\t<div class=\"elementor-widget-wrap elementor-element-populated\">\n\t\t\t\t\t\t<div class=\"elementor-element elementor-element-92c8777 elementor-widget-divider--view-line elementor-widget elementor-widget-divider\" data-id=\"92c8777\" data-element_type=\"widget\" data-e-type=\"widget\" data-widget_type=\"divider.default\">\n\t\t\t\t\t\t\t<div class=\"elementor-divider\">\n\t\t\t<span class=\"elementor-divider-separator\">\n\t\t\t\t\t\t<\/span>\n\t\t<\/div>\n\t\t\t\t\t\t<\/div>\n\t\t\t\t\t<\/div>\n\t\t<\/div>\n\t\t\t\t\t<\/div>\n\t\t<\/section>\n\t\t\t\t<section class=\"elementor-section elementor-top-section elementor-element elementor-element-b08f1cd elementor-hidden-desktop elementor-hidden-tablet elementor-section-boxed elementor-section-height-default elementor-section-height-default\" data-id=\"b08f1cd\" data-element_type=\"section\" data-e-type=\"section\">\n\t\t\t\t\t\t<div class=\"elementor-container elementor-column-gap-default\">\n\t\t\t\t\t<div class=\"elementor-column elementor-col-100 elementor-top-column elementor-element elementor-element-c555f41\" data-id=\"c555f41\" data-element_type=\"column\" data-e-type=\"column\">\n\t\t\t<div class=\"elementor-widget-wrap elementor-element-populated\">\n\t\t\t\t\t\t<div class=\"elementor-element elementor-element-f3b0870 elementor-widget elementor-widget-heading\" data-id=\"f3b0870\" data-element_type=\"widget\" data-e-type=\"widget\" data-widget_type=\"heading.default\">\n\t\t\t\t\t<p class=\"elementor-heading-title elementor-size-default\">Partners<\/p>\t\t\t\t<\/div>\n\t\t\t\t\t<\/div>\n\t\t<\/div>\n\t\t\t\t\t<\/div>\n\t\t<\/section>\n\t\t\t\t<section class=\"elementor-section elementor-top-section elementor-element elementor-element-6133cc8 elementor-section-full_width elementor-hidden-mobile elementor-section-height-default elementor-section-height-default\" data-id=\"6133cc8\" data-element_type=\"section\" data-e-type=\"section\">\n\t\t\t\t\t\t<div class=\"elementor-container elementor-column-gap-default\">\n\t\t\t\t\t<div class=\"elementor-column elementor-col-100 elementor-top-column elementor-element elementor-element-ff23f36\" data-id=\"ff23f36\" data-element_type=\"column\" data-e-type=\"column\">\n\t\t\t<div class=\"elementor-widget-wrap elementor-element-populated\">\n\t\t\t\t\t\t<div class=\"elementor-element elementor-element-9ae7320 elementor-widget elementor-widget-text-editor\" data-id=\"9ae7320\" data-element_type=\"widget\" data-e-type=\"widget\" data-widget_type=\"text-editor.default\">\n\t\t\t\t\t\t\t\t\t<p>Partners<\/p>\t\t\t\t\t\t\t\t<\/div>\n\t\t\t\t\t<\/div>\n\t\t<\/div>\n\t\t\t\t\t<\/div>\n\t\t<\/section>\n\t\t\t\t<section class=\"elementor-section elementor-top-section elementor-element elementor-element-49dfde02 elementor-section-content-middle elementor-hidden-desktop elementor-hidden-tablet elementor-section-boxed elementor-section-height-default elementor-section-height-default\" data-id=\"49dfde02\" data-element_type=\"section\" data-e-type=\"section\">\n\t\t\t\t\t\t<div class=\"elementor-container elementor-column-gap-no\">\n\t\t\t\t\t<div class=\"elementor-column elementor-col-100 elementor-top-column elementor-element elementor-element-563a5b01\" data-id=\"563a5b01\" data-element_type=\"column\" data-e-type=\"column\">\n\t\t\t<div class=\"elementor-widget-wrap elementor-element-populated\">\n\t\t\t\t\t\t<section class=\"elementor-section elementor-inner-section elementor-element elementor-element-7dc32441 elementor-section-boxed elementor-section-height-default elementor-section-height-default\" data-id=\"7dc32441\" data-element_type=\"section\" data-e-type=\"section\">\n\t\t\t\t\t\t<div class=\"elementor-container elementor-column-gap-default\">\n\t\t\t\t\t<div class=\"elementor-column elementor-col-16 elementor-inner-column elementor-element elementor-element-537b496\" data-id=\"537b496\" data-element_type=\"column\" data-e-type=\"column\" data-settings=\"{&quot;background_background&quot;:&quot;classic&quot;}\">\n\t\t\t<div class=\"elementor-widget-wrap elementor-element-populated\">\n\t\t\t\t\t\t<div class=\"elementor-element elementor-element-34c47d6 elementor-widget elementor-widget-image\" data-id=\"34c47d6\" data-element_type=\"widget\" data-e-type=\"widget\" data-widget_type=\"image.default\">\n\t\t\t\t\t\t\t\t\t\t\t\t\t\t\t\t<a href=\"https:\/\/wezoree.com\/\" target=\"_blank\" rel=\"noopener\">\n\t\t\t\t\t\t\t<img loading=\"lazy\" decoding=\"async\" width=\"300\" height=\"300\" src=\"https:\/\/www.ivanredaelli.it\/wp-content\/uploads\/2026\/02\/Logo-Werooze.jpg\" class=\"elementor-animation-grow attachment-medium size-medium wp-image-18516\" alt=\"\" srcset=\"https:\/\/www.ivanredaelli.it\/wp-content\/uploads\/2026\/02\/Logo-Werooze.jpg 300w, https:\/\/www.ivanredaelli.it\/wp-content\/uploads\/2026\/02\/Logo-Werooze-150x150.jpg 150w\" sizes=\"(max-width: 300px) 100vw, 300px\" title=\"\">\t\t\t\t\t\t\t\t<\/a>\n\t\t\t\t\t\t\t\t\t\t\t\t\t\t\t<\/div>\n\t\t\t\t\t<\/div>\n\t\t<\/div>\n\t\t\t\t<div class=\"elementor-column elementor-col-16 elementor-inner-column elementor-element elementor-element-1fcc2c28\" data-id=\"1fcc2c28\" data-element_type=\"column\" data-e-type=\"column\" data-settings=\"{&quot;background_background&quot;:&quot;classic&quot;}\">\n\t\t\t<div class=\"elementor-widget-wrap elementor-element-populated\">\n\t\t\t\t\t\t<div class=\"elementor-element elementor-element-6fa56a6a elementor-widget elementor-widget-image\" data-id=\"6fa56a6a\" data-element_type=\"widget\" data-e-type=\"widget\" data-widget_type=\"image.default\">\n\t\t\t\t\t\t\t\t\t\t\t\t\t\t\t\t<a href=\"https:\/\/www.matrimonio.com\/fotografo-matrimonio\/ivan-redaelli-fotografo--e169172\" target=\"_blank\" rel=\"noopener\">\n\t\t\t\t\t\t\t<img loading=\"lazy\" decoding=\"async\" width=\"287\" height=\"300\" src=\"https:\/\/www.ivanredaelli.it\/wp-content\/uploads\/2026\/01\/Logo-matrimonio.com_-1-287x300.jpg\" class=\"elementor-animation-grow attachment-medium size-medium wp-image-15660\" alt=\"\" srcset=\"https:\/\/www.ivanredaelli.it\/wp-content\/uploads\/2026\/01\/Logo-matrimonio.com_-1-287x300.jpg 287w, https:\/\/www.ivanredaelli.it\/wp-content\/uploads\/2026\/01\/Logo-matrimonio.com_-1.jpg 545w\" sizes=\"(max-width: 287px) 100vw, 287px\" title=\"\">\t\t\t\t\t\t\t\t<\/a>\n\t\t\t\t\t\t\t\t\t\t\t\t\t\t\t<\/div>\n\t\t\t\t\t<\/div>\n\t\t<\/div>\n\t\t\t\t<div class=\"elementor-column elementor-col-16 elementor-inner-column elementor-element elementor-element-65e1797\" data-id=\"65e1797\" data-element_type=\"column\" data-e-type=\"column\" data-settings=\"{&quot;background_background&quot;:&quot;classic&quot;}\">\n\t\t\t<div class=\"elementor-widget-wrap elementor-element-populated\">\n\t\t\t\t\t\t<div class=\"elementor-element elementor-element-b5c084c elementor-widget-mobile__width-initial elementor-widget elementor-widget-image\" data-id=\"b5c084c\" data-element_type=\"widget\" data-e-type=\"widget\" data-widget_type=\"image.default\">\n\t\t\t\t\t\t\t\t\t\t\t\t\t\t\t\t<a href=\"https:\/\/mywed.com\/it\/photographer\/ivanredaelli\/\" target=\"_blank\" rel=\"noopener\">\n\t\t\t\t\t\t\t<img loading=\"lazy\" decoding=\"async\" width=\"245\" height=\"300\" src=\"https:\/\/www.ivanredaelli.it\/wp-content\/uploads\/2019\/04\/vertical-black-okL-245x300.png\" class=\"elementor-animation-grow attachment-medium size-medium wp-image-9978\" alt=\"My Wed\" srcset=\"https:\/\/www.ivanredaelli.it\/wp-content\/uploads\/2019\/04\/vertical-black-okL-245x300.png 245w, https:\/\/www.ivanredaelli.it\/wp-content\/uploads\/2019\/04\/vertical-black-okL-768x939.png 768w, https:\/\/www.ivanredaelli.it\/wp-content\/uploads\/2019\/04\/vertical-black-okL.png 823w\" sizes=\"(max-width: 245px) 100vw, 245px\" title=\"\">\t\t\t\t\t\t\t\t<\/a>\n\t\t\t\t\t\t\t\t\t\t\t\t\t\t\t<\/div>\n\t\t\t\t\t<\/div>\n\t\t<\/div>\n\t\t\t\t<div class=\"elementor-column elementor-col-16 elementor-inner-column elementor-element elementor-element-ffeaf0d\" data-id=\"ffeaf0d\" data-element_type=\"column\" data-e-type=\"column\" data-settings=\"{&quot;background_background&quot;:&quot;classic&quot;}\">\n\t\t\t<div class=\"elementor-widget-wrap elementor-element-populated\">\n\t\t\t\t\t\t<div class=\"elementor-element elementor-element-8e7bffc elementor-widget-mobile__width-initial elementor-widget elementor-widget-image\" data-id=\"8e7bffc\" data-element_type=\"widget\" data-e-type=\"widget\" data-widget_type=\"image.default\">\n\t\t\t\t\t\t\t\t\t\t\t\t\t\t\t\t<a href=\"https:\/\/www.zankyou.it\/f\/ivan-redaelli-646417\" target=\"_blank\" rel=\"noopener\">\n\t\t\t\t\t\t\t<img loading=\"lazy\" decoding=\"async\" width=\"300\" height=\"205\" src=\"https:\/\/www.ivanredaelli.it\/wp-content\/uploads\/2019\/05\/logo-zankyou-300x205.png\" class=\"elementor-animation-grow attachment-medium size-medium wp-image-10488\" alt=\"Zankyou\" srcset=\"https:\/\/www.ivanredaelli.it\/wp-content\/uploads\/2019\/05\/logo-zankyou-300x205.png 300w, https:\/\/www.ivanredaelli.it\/wp-content\/uploads\/2019\/05\/logo-zankyou.png 440w\" sizes=\"(max-width: 300px) 100vw, 300px\" title=\"\">\t\t\t\t\t\t\t\t<\/a>\n\t\t\t\t\t\t\t\t\t\t\t\t\t\t\t<\/div>\n\t\t\t\t\t<\/div>\n\t\t<\/div>\n\t\t\t\t<div class=\"elementor-column elementor-col-16 elementor-inner-column elementor-element elementor-element-fedc9ed\" data-id=\"fedc9ed\" data-element_type=\"column\" data-e-type=\"column\" data-settings=\"{&quot;background_background&quot;:&quot;classic&quot;}\">\n\t\t\t<div class=\"elementor-widget-wrap elementor-element-populated\">\n\t\t\t\t\t\t<div class=\"elementor-element elementor-element-757a74e elementor-widget-mobile__width-initial elementor-widget elementor-widget-image\" data-id=\"757a74e\" data-element_type=\"widget\" data-e-type=\"widget\" data-widget_type=\"image.default\">\n\t\t\t\t\t\t\t\t\t\t\t\t\t\t\t\t<a href=\"https:\/\/www.fotocolombo.it\/shop\/\" target=\"_blank\" rel=\"noopener\">\n\t\t\t\t\t\t\t<img loading=\"lazy\" decoding=\"async\" width=\"300\" height=\"132\" src=\"https:\/\/www.ivanredaelli.it\/wp-content\/uploads\/2020\/01\/download-300x132.png\" class=\"elementor-animation-grow attachment-medium size-medium wp-image-10638\" alt=\"Fotocolombo\" srcset=\"https:\/\/www.ivanredaelli.it\/wp-content\/uploads\/2020\/01\/download-300x132.png 300w, https:\/\/www.ivanredaelli.it\/wp-content\/uploads\/2020\/01\/download.png 339w\" sizes=\"(max-width: 300px) 100vw, 300px\" title=\"\">\t\t\t\t\t\t\t\t<\/a>\n\t\t\t\t\t\t\t\t\t\t\t\t\t\t\t<\/div>\n\t\t\t\t\t<\/div>\n\t\t<\/div>\n\t\t\t\t<div class=\"elementor-column elementor-col-16 elementor-inner-column elementor-element elementor-element-6e061f1\" data-id=\"6e061f1\" data-element_type=\"column\" data-e-type=\"column\" data-settings=\"{&quot;background_background&quot;:&quot;classic&quot;}\">\n\t\t\t<div class=\"elementor-widget-wrap elementor-element-populated\">\n\t\t\t\t\t\t<div class=\"elementor-element elementor-element-d26df2d elementor-widget-mobile__width-initial elementor-widget elementor-widget-image\" data-id=\"d26df2d\" data-element_type=\"widget\" data-e-type=\"widget\" data-widget_type=\"image.default\">\n\t\t\t\t\t\t\t\t\t\t\t\t\t\t\t\t<a href=\"https:\/\/yourpersonalcaptain.com\/\" target=\"_blank\" rel=\"noopener\">\n\t\t\t\t\t\t\t<img loading=\"lazy\" decoding=\"async\" width=\"300\" height=\"127\" src=\"https:\/\/www.ivanredaelli.it\/wp-content\/uploads\/2026\/01\/ypc_logo-white-1-1-300x127.png\" class=\"elementor-animation-grow attachment-medium size-medium wp-image-15662\" alt=\"\" srcset=\"https:\/\/www.ivanredaelli.it\/wp-content\/uploads\/2026\/01\/ypc_logo-white-1-1-300x127.png 300w, https:\/\/www.ivanredaelli.it\/wp-content\/uploads\/2026\/01\/ypc_logo-white-1-1-768x326.png 768w, https:\/\/www.ivanredaelli.it\/wp-content\/uploads\/2026\/01\/ypc_logo-white-1-1.png 1000w\" sizes=\"(max-width: 300px) 100vw, 300px\" title=\"\">\t\t\t\t\t\t\t\t<\/a>\n\t\t\t\t\t\t\t\t\t\t\t\t\t\t\t<\/div>\n\t\t\t\t\t<\/div>\n\t\t<\/div>\n\t\t\t\t\t<\/div>\n\t\t<\/section>\n\t\t\t\t\t<\/div>\n\t\t<\/div>\n\t\t\t\t\t<\/div>\n\t\t<\/section>\n\t\t\t\t<section class=\"elementor-section elementor-top-section elementor-element elementor-element-16ea9e4 elementor-hidden-mobile elementor-section-boxed elementor-section-height-default elementor-section-height-default\" data-id=\"16ea9e4\" data-element_type=\"section\" data-e-type=\"section\">\n\t\t\t\t\t\t<div class=\"elementor-container elementor-column-gap-default\">\n\t\t\t\t\t<div class=\"elementor-column elementor-col-20 elementor-top-column elementor-element elementor-element-dffb9ac\" data-id=\"dffb9ac\" data-element_type=\"column\" data-e-type=\"column\">\n\t\t\t<div class=\"elementor-widget-wrap elementor-element-populated\">\n\t\t\t\t\t\t<div class=\"elementor-element elementor-element-d312045 elementor-widget-mobile__width-initial elementor-widget elementor-widget-image\" data-id=\"d312045\" data-element_type=\"widget\" data-e-type=\"widget\" data-widget_type=\"image.default\">\n\t\t\t\t\t\t\t\t\t\t\t\t\t\t\t\t<a href=\"https:\/\/wezoree.com\/\" target=\"_blank\" rel=\"noopener\">\n\t\t\t\t\t\t\t<img loading=\"lazy\" decoding=\"async\" width=\"300\" height=\"300\" src=\"https:\/\/www.ivanredaelli.it\/wp-content\/uploads\/2026\/02\/Logo-Werooze.jpg\" class=\"elementor-animation-grow attachment-full size-full wp-image-18516\" alt=\"\" srcset=\"https:\/\/www.ivanredaelli.it\/wp-content\/uploads\/2026\/02\/Logo-Werooze.jpg 300w, https:\/\/www.ivanredaelli.it\/wp-content\/uploads\/2026\/02\/Logo-Werooze-150x150.jpg 150w\" sizes=\"(max-width: 300px) 100vw, 300px\" title=\"\">\t\t\t\t\t\t\t\t<\/a>\n\t\t\t\t\t\t\t\t\t\t\t\t\t\t\t<\/div>\n\t\t\t\t\t<\/div>\n\t\t<\/div>\n\t\t\t\t<div class=\"elementor-column elementor-col-20 elementor-top-column elementor-element elementor-element-3153f63\" data-id=\"3153f63\" data-element_type=\"column\" data-e-type=\"column\">\n\t\t\t<div class=\"elementor-widget-wrap elementor-element-populated\">\n\t\t\t\t\t\t<div class=\"elementor-element elementor-element-7de080e elementor-widget-mobile__width-initial elementor-widget elementor-widget-image\" data-id=\"7de080e\" data-element_type=\"widget\" data-e-type=\"widget\" data-widget_type=\"image.default\">\n\t\t\t\t\t\t\t\t\t\t\t\t\t\t\t\t<a href=\"https:\/\/www.matrimonio.com\/fotografo-matrimonio\/ivan-redaelli-fotografo--e169172\" target=\"_blank\" rel=\"noopener\">\n\t\t\t\t\t\t\t<img loading=\"lazy\" decoding=\"async\" width=\"545\" height=\"569\" src=\"https:\/\/www.ivanredaelli.it\/wp-content\/uploads\/2026\/01\/Logo-matrimonio.com_-1.jpg\" class=\"elementor-animation-grow attachment-full size-full wp-image-15660\" alt=\"\" srcset=\"https:\/\/www.ivanredaelli.it\/wp-content\/uploads\/2026\/01\/Logo-matrimonio.com_-1.jpg 545w, https:\/\/www.ivanredaelli.it\/wp-content\/uploads\/2026\/01\/Logo-matrimonio.com_-1-287x300.jpg 287w\" sizes=\"(max-width: 545px) 100vw, 545px\" title=\"\">\t\t\t\t\t\t\t\t<\/a>\n\t\t\t\t\t\t\t\t\t\t\t\t\t\t\t<\/div>\n\t\t\t\t\t<\/div>\n\t\t<\/div>\n\t\t\t\t<div class=\"elementor-column elementor-col-20 elementor-top-column elementor-element elementor-element-65e290e\" data-id=\"65e290e\" data-element_type=\"column\" data-e-type=\"column\">\n\t\t\t<div class=\"elementor-widget-wrap elementor-element-populated\">\n\t\t\t\t\t\t<div class=\"elementor-element elementor-element-75f356a elementor-widget elementor-widget-image\" data-id=\"75f356a\" data-element_type=\"widget\" data-e-type=\"widget\" data-widget_type=\"image.default\">\n\t\t\t\t\t\t\t\t\t\t\t\t\t\t\t\t<a href=\"https:\/\/mywed.com\/it\/photographer\/ivanredaelli\/\" target=\"_blank\" rel=\"noopener\">\n\t\t\t\t\t\t\t<img loading=\"lazy\" decoding=\"async\" width=\"245\" height=\"300\" src=\"https:\/\/www.ivanredaelli.it\/wp-content\/uploads\/2019\/04\/vertical-black-okL-245x300.png\" class=\"elementor-animation-grow attachment-medium size-medium wp-image-9978\" alt=\"My Wed\" srcset=\"https:\/\/www.ivanredaelli.it\/wp-content\/uploads\/2019\/04\/vertical-black-okL-245x300.png 245w, https:\/\/www.ivanredaelli.it\/wp-content\/uploads\/2019\/04\/vertical-black-okL-768x939.png 768w, https:\/\/www.ivanredaelli.it\/wp-content\/uploads\/2019\/04\/vertical-black-okL.png 823w\" sizes=\"(max-width: 245px) 100vw, 245px\" title=\"\">\t\t\t\t\t\t\t\t<\/a>\n\t\t\t\t\t\t\t\t\t\t\t\t\t\t\t<\/div>\n\t\t\t\t\t<\/div>\n\t\t<\/div>\n\t\t\t\t<div class=\"elementor-column elementor-col-20 elementor-top-column elementor-element elementor-element-86d343d\" data-id=\"86d343d\" data-element_type=\"column\" data-e-type=\"column\">\n\t\t\t<div class=\"elementor-widget-wrap elementor-element-populated\">\n\t\t\t\t\t\t<div class=\"elementor-element elementor-element-ec0722e elementor-widget elementor-widget-image\" data-id=\"ec0722e\" data-element_type=\"widget\" data-e-type=\"widget\" data-widget_type=\"image.default\">\n\t\t\t\t\t\t\t\t\t\t\t\t\t\t\t\t<a href=\"https:\/\/www.fotocolombo.it\/shop\/\" target=\"_blank\" rel=\"noopener\">\n\t\t\t\t\t\t\t<img loading=\"lazy\" decoding=\"async\" width=\"339\" height=\"149\" src=\"https:\/\/www.ivanredaelli.it\/wp-content\/uploads\/2020\/01\/download.png\" class=\"elementor-animation-grow attachment-full size-full wp-image-10638\" alt=\"Fotocolombo\" srcset=\"https:\/\/www.ivanredaelli.it\/wp-content\/uploads\/2020\/01\/download.png 339w, https:\/\/www.ivanredaelli.it\/wp-content\/uploads\/2020\/01\/download-300x132.png 300w\" sizes=\"(max-width: 339px) 100vw, 339px\" title=\"\">\t\t\t\t\t\t\t\t<\/a>\n\t\t\t\t\t\t\t\t\t\t\t\t\t\t\t<\/div>\n\t\t\t\t\t<\/div>\n\t\t<\/div>\n\t\t\t\t<div class=\"elementor-column elementor-col-20 elementor-top-column elementor-element elementor-element-f5bffd0\" data-id=\"f5bffd0\" data-element_type=\"column\" data-e-type=\"column\">\n\t\t\t<div class=\"elementor-widget-wrap elementor-element-populated\">\n\t\t\t\t\t\t<div class=\"elementor-element elementor-element-59e4de4 elementor-widget elementor-widget-image\" data-id=\"59e4de4\" data-element_type=\"widget\" data-e-type=\"widget\" data-widget_type=\"image.default\">\n\t\t\t\t\t\t\t\t\t\t\t\t\t\t\t\t<a href=\"https:\/\/yourpersonalcaptain.com\/\" target=\"_blank\" rel=\"noopener\">\n\t\t\t\t\t\t\t<img loading=\"lazy\" decoding=\"async\" width=\"1000\" height=\"424\" src=\"https:\/\/www.ivanredaelli.it\/wp-content\/uploads\/2026\/01\/ypc_logo-white-1-1.png\" class=\"elementor-animation-grow attachment-full size-full wp-image-15662\" alt=\"\" srcset=\"https:\/\/www.ivanredaelli.it\/wp-content\/uploads\/2026\/01\/ypc_logo-white-1-1.png 1000w, https:\/\/www.ivanredaelli.it\/wp-content\/uploads\/2026\/01\/ypc_logo-white-1-1-300x127.png 300w, https:\/\/www.ivanredaelli.it\/wp-content\/uploads\/2026\/01\/ypc_logo-white-1-1-768x326.png 768w\" sizes=\"(max-width: 1000px) 100vw, 1000px\" title=\"\">\t\t\t\t\t\t\t\t<\/a>\n\t\t\t\t\t\t\t\t\t\t\t\t\t\t\t<\/div>\n\t\t\t\t\t<\/div>\n\t\t<\/div>\n\t\t\t\t\t<\/div>\n\t\t<\/section>\n\t\t\t\t<section class=\"elementor-section elementor-top-section elementor-element elementor-element-802b48d elementor-section-boxed elementor-section-height-default elementor-section-height-default\" data-id=\"802b48d\" data-element_type=\"section\" data-e-type=\"section\">\n\t\t\t\t\t\t<div class=\"elementor-container elementor-column-gap-default\">\n\t\t\t\t\t<div class=\"elementor-column elementor-col-100 elementor-top-column elementor-element elementor-element-a67ee6d\" data-id=\"a67ee6d\" data-element_type=\"column\" data-e-type=\"column\">\n\t\t\t<div class=\"elementor-widget-wrap elementor-element-populated\">\n\t\t\t\t\t\t<div class=\"elementor-element elementor-element-85d59b4 elementor-widget elementor-widget-spacer\" data-id=\"85d59b4\" data-element_type=\"widget\" data-e-type=\"widget\" data-widget_type=\"spacer.default\">\n\t\t\t\t\t\t\t<div class=\"elementor-spacer\">\n\t\t\t<div class=\"elementor-spacer-inner\"><\/div>\n\t\t<\/div>\n\t\t\t\t\t\t<\/div>\n\t\t\t\t\t<\/div>\n\t\t<\/div>\n\t\t\t\t\t<\/div>\n\t\t<\/section>\n\t\t\t\t<\/div>\n\t\t","protected":false},"excerpt":{"rendered":"<p>Lake Como and lake garda wedding photographer Welcome, my name is Ivan Redaelli and I am a lake Como wedding photographer. I really like telling true stories and capturing sincere and unique emotions through my photographs. The main goal for me, as an event photographer, is to capture unique, spontaneous, unpredictable moments of the highlights [&hellip;]<\/p>\n","protected":false},"author":3,"featured_media":11899,"parent":0,"menu_order":1,"comment_status":"closed","ping_status":"closed","template":"","meta":{"footnotes":""},"class_list":["post-12393","page","type-page","status-publish","has-post-thumbnail","hentry"],"_links":{"self":[{"href":"https:\/\/www.ivanredaelli.it\/en\/wp-json\/wp\/v2\/pages\/12393","targetHints":{"allow":["GET"]}}],"collection":[{"href":"https:\/\/www.ivanredaelli.it\/en\/wp-json\/wp\/v2\/pages"}],"about":[{"href":"https:\/\/www.ivanredaelli.it\/en\/wp-json\/wp\/v2\/types\/page"}],"author":[{"embeddable":true,"href":"https:\/\/www.ivanredaelli.it\/en\/wp-json\/wp\/v2\/users\/3"}],"replies":[{"embeddable":true,"href":"https:\/\/www.ivanredaelli.it\/en\/wp-json\/wp\/v2\/comments?post=12393"}],"version-history":[{"count":241,"href":"https:\/\/www.ivanredaelli.it\/en\/wp-json\/wp\/v2\/pages\/12393\/revisions"}],"predecessor-version":[{"id":18599,"href":"https:\/\/www.ivanredaelli.it\/en\/wp-json\/wp\/v2\/pages\/12393\/revisions\/18599"}],"wp:featuredmedia":[{"embeddable":true,"href":"https:\/\/www.ivanredaelli.it\/en\/wp-json\/wp\/v2\/media\/11899"}],"wp:attachment":[{"href":"https:\/\/www.ivanredaelli.it\/en\/wp-json\/wp\/v2\/media?parent=12393"}],"curies":[{"name":"wp","href":"https:\/\/api.w.org\/{rel}","templated":true}]}}